{"id":2510,"date":"2024-04-29T20:17:43","date_gmt":"2024-04-29T18:17:43","guid":{"rendered":"https:\/\/arfolk.bzh\/boutique\/barok-barok_festnoz\/"},"modified":"2025-12-11T10:22:41","modified_gmt":"2025-12-11T09:22:41","slug":"barok-barok_festnoz","status":"publish","type":"product","link":"https:\/\/arfolk.bzh\/br\/boutique\/barok-barok_festnoz\/","title":{"rendered":"Barok &#8211; Fest noz !"},"content":{"rendered":"<p>N\u00e9 en 2017 de l\u2019envie du duo Le Lu\/Le Moal de se r\u00e9inventer, le groupe Barok est l\u2019association originale d\u2019un saxophoniste (Lomig le Lu), d\u2019un accord\u00e9oniste (Gwenva\u00ebl le Moal), d\u2019un violoniste (Ka\u00efs Rhaddouf), d\u2019un contrebassiste (Ludovic Kernin) et d\u2019un percussionniste (Alan le Bozec), 5 membres aux influences diverses.<\/p>\n<p>V\u00e9ritable r\u00e9v\u00e9lation dans le monde du fest-noz, cette nouvelle formule s\u2019est vu offrir la possibilit\u00e9 de pr\u00e9senter son travail sur des sc\u00e8nes telles que le festival interceltique de Lorient, le festival de Kleg, le festival Roue Waroc\u2019h. La musique propos\u00e9e est l\u2019aboutissement d\u2019une ann\u00e9e enti\u00e8re de r\u00e9flexion et de travail autour d\u2019un r\u00e9pertoire in\u00e9dit. Celui-ci fait bien \u00e9videmment la part belle \u00e0 la danse bretonne mais permet \u00e9galement \u00e0 celui qui le d\u00e9couvre de s\u2019\u00e9vader et de r\u00eaver \u00e0 travers des compositions et arrangements fortement influenc\u00e9s par le jazz et la musique baroque.<\/p>\n<p><iframe loading=\"lazy\" title=\"Barok - Fest noz !\" width=\"1080\" height=\"608\" src=\"https:\/\/www.youtube.com\/embed\/videoseries?list=PLQMZD0e8YHDKSVtda1DzUp4ldKMjtgpjR\"  allow=\"accelerometer; autoplay; clipboard-write; encrypted-media; gyroscope; picture-in-picture; web-share\" referrerpolicy=\"strict-origin-when-cross-origin\" allowfullscreen><\/iframe><\/p>\n<p><strong>Tracklist de \u00a0\u00bb Fest-noz \u00a0\u00bb :<\/strong><\/p>\n<ol>\n<li><strong>Menued ur gwenedad e Eisenach (Rid\u00e9e 6 temps)<\/strong><\/li>\n<li><strong>Galantiz ar c&rsquo;havotenn : Ton kenta\ufb01 (Gavotte)<\/strong><\/li>\n<li><strong>Galantiz ar c&rsquo;havotenn : Bal (Gavotte)<\/strong><\/li>\n<li><strong>Galantiz ar c&rsquo;havotenn : Ton diwezha\ufb01 (Gavotte)<\/strong><\/li>\n<li><strong>Les pies se pavanent (Rond de Saint-Vincent)<\/strong><\/li>\n<li><strong>Marche pour la c\u00e9r\u00e9monie des Turques (Marche)<\/strong><\/li>\n<li><strong>Barrez ar roue Fa\u00f1ch : Ton berr (Plinn)<\/strong><\/li>\n<li><strong>Barrez ar roue Fa\u00f1ch : Bal (Plinn)<\/strong><\/li>\n<li><strong>Barrez ar roue Fa\u00f1ch : Ton hir (Plinn)<\/strong><\/li>\n<li><strong>Ar c&rsquo;hanariez ag a faote dezha\ufb01 bout \u00e9l ur skrev (Kas a-barh)<\/strong><\/li>\n<li><strong>Da\u00f1s-tro ar saozon e Kenekan (Kost ar c&rsquo;hoad)<\/strong><\/li>\n<li><strong>J&rsquo;ai fugu\u00e9 de Plessala : Premier rond de Loud\u00e9ac<\/strong><\/li>\n<li><strong>Les loups des Margourroux : Baleu (Loud\u00e9ac)<\/strong><\/li>\n<li><strong>En arrivant \u00e0 Loud\u00e9ac : Deuxi\u00e8me rond (Loud\u00e9ac)<\/strong><\/li>\n<li><strong>Le tout petit bonhomme: Riqueni\u00e9e (Loud\u00e9ac)<\/strong><\/li>\n<li><strong>Jibidi ur pri\ufb01s kornogiz (Scottish)<\/strong><\/li>\n<\/ol>","protected":false},"excerpt":{"rendered":"<p>\u00ab\u00a0Fest noz !\u00a0\u00bb est le premier album de l&rsquo;une des derni\u00e8res r\u00e9v\u00e9lations du monde de la danse populaire en Bretagne : Barok.<\/p>\n<p>Entour\u00e9s pour l&rsquo;occasion de monstres sacr\u00e9s de la musique en Bretagne (Sylvain Barou, Ronan Pellen, Herv\u00e9 Le Lu et Willy Pichard), les compositions sont arrang\u00e9es autour des influences contemporaines des cinq instrumentistes du groupe.<\/p>\n<p>Ecoutez en streaming : <a href=\"https:\/\/fanlink.tv\/wc2T\"><strong>https:\/\/fanlink.tv\/wc2T<\/strong><\/a><\/p>","protected":false},"featured_media":2248,"template":"","meta":{"_acf_changed":false,"_et_pb_use_builder":"","_et_pb_old_content":"","_et_gb_content_width":""},"product_brand":[],"false":[44],"product_tag":[],"disponible_a_la_vente":[38],"langue":[75],"style":[76],"supports":[86],"class_list":{"0":"post-2510","1":"product","2":"type-product","3":"status-publish","4":"has-post-thumbnail","6":"product_cat-barok","7":"disponible_a_la_vente-disponible-a-la-vente","8":"langue-instrumental","9":"style-fest-noz","10":"supports-cd","12":"first","13":"instock","14":"purchasable","15":"product-type-simple"},"acf":[],"yoast_head":"<!-- This site is optimized with the Yoast SEO Premium plugin v24.0 (Yoast SEO v27.3) - https:\/\/yoast.com\/product\/yoast-seo-premium-wordpress\/ -->\n<title>Album de Barok - Fest noz !<\/title>\n<meta name=\"description\" content=\"Retrouvez le premier album de Barok - Fest noz. Commandez directement en ligne sur arfolk.bzh, le label discographique breton.\" \/>\n<meta name=\"robots\" content=\"index, follow, max-snippet:-1, max-image-preview:large, max-video-preview:-1\" \/>\n<link rel=\"canonical\" href=\"https:\/\/arfolk.bzh\/br\/boutique\/barok-barok_festnoz\/\" \/>\n<script type=\"application\/ld+json\" class=\"yoast-schema-graph\">{\"@context\":\"https:\\\/\\\/schema.org\",\"@graph\":[{\"@type\":\"WebPage\",\"@id\":\"https:\\\/\\\/arfolk.bzh\\\/boutique\\\/barok-barok_festnoz\\\/\",\"url\":\"https:\\\/\\\/arfolk.bzh\\\/boutique\\\/barok-barok_festnoz\\\/\",\"name\":\"Album de Barok - Fest noz !\",\"isPartOf\":{\"@id\":\"https:\\\/\\\/arfolk.bzh\\\/#website\"},\"primaryImageOfPage\":{\"@id\":\"https:\\\/\\\/arfolk.bzh\\\/boutique\\\/barok-barok_festnoz\\\/#primaryimage\"},\"image\":{\"@id\":\"https:\\\/\\\/arfolk.bzh\\\/boutique\\\/barok-barok_festnoz\\\/#primaryimage\"},\"thumbnailUrl\":\"https:\\\/\\\/arfolk.bzh\\\/wp-content\\\/uploads\\\/2024\\\/04\\\/barok_festnoz-scaled.jpg\",\"datePublished\":\"2024-04-29T18:17:43+00:00\",\"dateModified\":\"2025-12-11T09:22:41+00:00\",\"description\":\"Retrouvez le premier album de Barok - Fest noz. Commandez directement en ligne sur arfolk.bzh, le label discographique breton.\",\"breadcrumb\":{\"@id\":\"https:\\\/\\\/arfolk.bzh\\\/boutique\\\/barok-barok_festnoz\\\/#breadcrumb\"},\"inLanguage\":\"br-FR\",\"potentialAction\":[{\"@type\":\"ReadAction\",\"target\":[\"https:\\\/\\\/arfolk.bzh\\\/boutique\\\/barok-barok_festnoz\\\/\"]}]},{\"@type\":\"ImageObject\",\"inLanguage\":\"br-FR\",\"@id\":\"https:\\\/\\\/arfolk.bzh\\\/boutique\\\/barok-barok_festnoz\\\/#primaryimage\",\"url\":\"https:\\\/\\\/arfolk.bzh\\\/wp-content\\\/uploads\\\/2024\\\/04\\\/barok_festnoz-scaled.jpg\",\"contentUrl\":\"https:\\\/\\\/arfolk.bzh\\\/wp-content\\\/uploads\\\/2024\\\/04\\\/barok_festnoz-scaled.jpg\",\"width\":2560,\"height\":2560,\"caption\":\"barok festnoz\"},{\"@type\":\"BreadcrumbList\",\"@id\":\"https:\\\/\\\/arfolk.bzh\\\/boutique\\\/barok-barok_festnoz\\\/#breadcrumb\",\"itemListElement\":[{\"@type\":\"ListItem\",\"position\":1,\"name\":\"Accueil\",\"item\":\"https:\\\/\\\/arfolk.bzh\\\/\"},{\"@type\":\"ListItem\",\"position\":2,\"name\":\"Boutique\",\"item\":\"https:\\\/\\\/arfolk.bzh\\\/boutique\\\/\"},{\"@type\":\"ListItem\",\"position\":3,\"name\":\"Barok &#8211; Fest noz !\"}]},{\"@type\":\"WebSite\",\"@id\":\"https:\\\/\\\/arfolk.bzh\\\/#website\",\"url\":\"https:\\\/\\\/arfolk.bzh\\\/\",\"name\":\"Arfolk\",\"description\":\"Label discographique sp\u00e9cialis\u00e9 dans la musique bretonne\",\"publisher\":{\"@id\":\"https:\\\/\\\/arfolk.bzh\\\/#organization\"},\"potentialAction\":[{\"@type\":\"SearchAction\",\"target\":{\"@type\":\"EntryPoint\",\"urlTemplate\":\"https:\\\/\\\/arfolk.bzh\\\/?s={search_term_string}\"},\"query-input\":{\"@type\":\"PropertyValueSpecification\",\"valueRequired\":true,\"valueName\":\"search_term_string\"}}],\"inLanguage\":\"br-FR\"},{\"@type\":\"Organization\",\"@id\":\"https:\\\/\\\/arfolk.bzh\\\/#organization\",\"name\":\"Arfolk\",\"alternateName\":\"Le label de la musique bretonne\",\"url\":\"https:\\\/\\\/arfolk.bzh\\\/\",\"logo\":{\"@type\":\"ImageObject\",\"inLanguage\":\"br-FR\",\"@id\":\"https:\\\/\\\/arfolk.bzh\\\/#\\\/schema\\\/logo\\\/image\\\/\",\"url\":\"https:\\\/\\\/arfolk.bzh\\\/wp-content\\\/uploads\\\/2023\\\/11\\\/cropped-logo-label-de-musique-breton-arfolf-vignette.webp\",\"contentUrl\":\"https:\\\/\\\/arfolk.bzh\\\/wp-content\\\/uploads\\\/2023\\\/11\\\/cropped-logo-label-de-musique-breton-arfolf-vignette.webp\",\"width\":512,\"height\":512,\"caption\":\"Arfolk\"},\"image\":{\"@id\":\"https:\\\/\\\/arfolk.bzh\\\/#\\\/schema\\\/logo\\\/image\\\/\"},\"sameAs\":[\"https:\\\/\\\/www.facebook.com\\\/Arfolkmusik\",\"https:\\\/\\\/www.instagram.com\\\/arfolkmusik\\\/\"]}]}<\/script>\n<!-- \/ Yoast SEO Premium plugin. -->","yoast_head_json":{"title":"Album de Barok - Fest noz !","description":"Retrouvez le premier album de Barok - Fest noz. Commandez directement en ligne sur arfolk.bzh, le label discographique breton.","robots":{"index":"index","follow":"follow","max-snippet":"max-snippet:-1","max-image-preview":"max-image-preview:large","max-video-preview":"max-video-preview:-1"},"canonical":"https:\/\/arfolk.bzh\/br\/boutique\/barok-barok_festnoz\/","schema":{"@context":"https:\/\/schema.org","@graph":[{"@type":"WebPage","@id":"https:\/\/arfolk.bzh\/boutique\/barok-barok_festnoz\/","url":"https:\/\/arfolk.bzh\/boutique\/barok-barok_festnoz\/","name":"Album de Barok - Fest noz !","isPartOf":{"@id":"https:\/\/arfolk.bzh\/#website"},"primaryImageOfPage":{"@id":"https:\/\/arfolk.bzh\/boutique\/barok-barok_festnoz\/#primaryimage"},"image":{"@id":"https:\/\/arfolk.bzh\/boutique\/barok-barok_festnoz\/#primaryimage"},"thumbnailUrl":"https:\/\/arfolk.bzh\/wp-content\/uploads\/2024\/04\/barok_festnoz-scaled.jpg","datePublished":"2024-04-29T18:17:43+00:00","dateModified":"2025-12-11T09:22:41+00:00","description":"Retrouvez le premier album de Barok - Fest noz. Commandez directement en ligne sur arfolk.bzh, le label discographique breton.","breadcrumb":{"@id":"https:\/\/arfolk.bzh\/boutique\/barok-barok_festnoz\/#breadcrumb"},"inLanguage":"br-FR","potentialAction":[{"@type":"ReadAction","target":["https:\/\/arfolk.bzh\/boutique\/barok-barok_festnoz\/"]}]},{"@type":"ImageObject","inLanguage":"br-FR","@id":"https:\/\/arfolk.bzh\/boutique\/barok-barok_festnoz\/#primaryimage","url":"https:\/\/arfolk.bzh\/wp-content\/uploads\/2024\/04\/barok_festnoz-scaled.jpg","contentUrl":"https:\/\/arfolk.bzh\/wp-content\/uploads\/2024\/04\/barok_festnoz-scaled.jpg","width":2560,"height":2560,"caption":"barok festnoz"},{"@type":"BreadcrumbList","@id":"https:\/\/arfolk.bzh\/boutique\/barok-barok_festnoz\/#breadcrumb","itemListElement":[{"@type":"ListItem","position":1,"name":"Accueil","item":"https:\/\/arfolk.bzh\/"},{"@type":"ListItem","position":2,"name":"Boutique","item":"https:\/\/arfolk.bzh\/boutique\/"},{"@type":"ListItem","position":3,"name":"Barok &#8211; Fest noz !"}]},{"@type":"WebSite","@id":"https:\/\/arfolk.bzh\/#website","url":"https:\/\/arfolk.bzh\/","name":"Arfolk","description":"Label discographique sp\u00e9cialis\u00e9 dans la musique bretonne","publisher":{"@id":"https:\/\/arfolk.bzh\/#organization"},"potentialAction":[{"@type":"SearchAction","target":{"@type":"EntryPoint","urlTemplate":"https:\/\/arfolk.bzh\/?s={search_term_string}"},"query-input":{"@type":"PropertyValueSpecification","valueRequired":true,"valueName":"search_term_string"}}],"inLanguage":"br-FR"},{"@type":"Organization","@id":"https:\/\/arfolk.bzh\/#organization","name":"Arfolk","alternateName":"Le label de la musique bretonne","url":"https:\/\/arfolk.bzh\/","logo":{"@type":"ImageObject","inLanguage":"br-FR","@id":"https:\/\/arfolk.bzh\/#\/schema\/logo\/image\/","url":"https:\/\/arfolk.bzh\/wp-content\/uploads\/2023\/11\/cropped-logo-label-de-musique-breton-arfolf-vignette.webp","contentUrl":"https:\/\/arfolk.bzh\/wp-content\/uploads\/2023\/11\/cropped-logo-label-de-musique-breton-arfolf-vignette.webp","width":512,"height":512,"caption":"Arfolk"},"image":{"@id":"https:\/\/arfolk.bzh\/#\/schema\/logo\/image\/"},"sameAs":["https:\/\/www.facebook.com\/Arfolkmusik","https:\/\/www.instagram.com\/arfolkmusik\/"]}]}},"jetpack_sharing_enabled":true,"_links":{"self":[{"href":"https:\/\/arfolk.bzh\/br\/wp-json\/wp\/v2\/product\/2510","targetHints":{"allow":["GET"]}}],"collection":[{"href":"https:\/\/arfolk.bzh\/br\/wp-json\/wp\/v2\/product"}],"about":[{"href":"https:\/\/arfolk.bzh\/br\/wp-json\/wp\/v2\/types\/product"}],"wp:featuredmedia":[{"embeddable":true,"href":"https:\/\/arfolk.bzh\/br\/wp-json\/wp\/v2\/media\/2248"}],"wp:attachment":[{"href":"https:\/\/arfolk.bzh\/br\/wp-json\/wp\/v2\/media?parent=2510"}],"wp:term":[{"taxonomy":"product_brand","embeddable":true,"href":"https:\/\/arfolk.bzh\/br\/wp-json\/wp\/v2\/product_brand?post=2510"},{"taxonomy":"product_cat","embeddable":true,"href":"https:\/\/arfolk.bzh\/br\/wp-json\/wp\/v2\/false?post=2510"},{"taxonomy":"product_tag","embeddable":true,"href":"https:\/\/arfolk.bzh\/br\/wp-json\/wp\/v2\/product_tag?post=2510"},{"taxonomy":"disponible_a_la_vente","embeddable":true,"href":"https:\/\/arfolk.bzh\/br\/wp-json\/wp\/v2\/disponible_a_la_vente?post=2510"},{"taxonomy":"langue","embeddable":true,"href":"https:\/\/arfolk.bzh\/br\/wp-json\/wp\/v2\/langue?post=2510"},{"taxonomy":"style","embeddable":true,"href":"https:\/\/arfolk.bzh\/br\/wp-json\/wp\/v2\/style?post=2510"},{"taxonomy":"supports","embeddable":true,"href":"https:\/\/arfolk.bzh\/br\/wp-json\/wp\/v2\/supports?post=2510"}],"curies":[{"name":"wp","href":"https:\/\/api.w.org\/{rel}","templated":true}]}}