{"id":2533,"date":"2015-11-15T20:17:56","date_gmt":"2015-11-15T19:17:56","guid":{"rendered":"https:\/\/arfolk.bzh\/boutique\/denez-ul-liorzh-vurzhudus\/"},"modified":"2026-03-02T15:40:10","modified_gmt":"2026-03-02T14:40:10","slug":"denez-ul-liorzh-vurzhudus","status":"publish","type":"product","link":"https:\/\/arfolk.bzh\/br\/boutique\/denez-ul-liorzh-vurzhudus\/","title":{"rendered":"Denez &#8211; Ul liorzh vurzhudus"},"content":{"rendered":"<p><strong>Denez, accompagn\u00e9 par sept instrumentistes appartenant \u00e0 des univers musicaux diff\u00e9rents : musiques du monde, jazz actuel, classique ( de chambre et r\u00e9p\u00e9titive) invente une musique<\/strong> <strong>originale.<\/strong><br \/>\nLe Binio\u00f9 Kozh \u00e9change avec un quatuor \u00e0 cordes, le Saxophone soprano dialogue avec le Duduk et le Piano s&rsquo;harmonise avec les Tablas.<\/p>\n<p>Une musique puissante, m\u00e9tiss\u00e9e et universelle, unanimement salu\u00e9e par la critique :<\/p>\n<ul>\n<li>\u00ab\u00a0Le roi de la musique bretonne\u00a0\u00bb Le Figaro<\/li>\n<li>\u00ab\u00a0Le plus grand chanteur breton est de retour (&#8230;) un album de compositions savamment construit.\u00a0\u00bb Ouest-France<\/li>\n<li>\u00ab\u00a0Enigmatique et inspirant.\u00a0\u00bb T\u00e9l\u00e9rama<\/li>\n<li>\u00ab\u00a0La voix de Prigent, \u00e0 la fois puissante et souple, est v\u00e9ritablement fascinante.\u00a0\u00bb Le Nouvel Obs<\/li>\n<li>\u00ab\u00a0Un album de toute beaut\u00e9.\u00a0\u00bb Le T\u00e9l\u00e9gramme<\/li>\n<li>\u00ab\u00a0Une balade musicale envo\u00fbtante et magique.\u00a0\u00bb Grands Reportages<\/li>\n<\/ul>\n<p><iframe loading=\"lazy\" title=\"Denez - An Enchanting Garden (Ul Liorzh Vurzhudus)\" width=\"1080\" height=\"608\" src=\"https:\/\/www.youtube.com\/embed\/videoseries?list=PLQMZD0e8YHDLbQjPd8iOBFU-3nZRBfG0H\"  allow=\"accelerometer; autoplay; clipboard-write; encrypted-media; gyroscope; picture-in-picture; web-share\" referrerpolicy=\"strict-origin-when-cross-origin\" allowfullscreen><\/iframe><\/p>\n<p><strong>Tracklist de \u00a0\u00bb Ul liorzh vurzhudus \u00ab\u00a0:<\/strong><\/p>\n<ol>\n<li><span class=\"pol3\" style=\"color: #39342f;\">Kredi\u00f1 &lsquo;raen<\/span><\/li>\n<li><span class=\"pol3\" style=\"color: #39342f;\">Beajet &lsquo;m Eus<\/span><\/li>\n<li><span class=\"pol3\" style=\"color: #39342f;\">An Teodo\u00f9 Fall<\/span><\/li>\n<li><span class=\"pol3\" style=\"color: #39342f;\">An Tri Amourouz<\/span><\/li>\n<li><span class=\"pol3\" style=\"color: #39342f;\">An Old Story<\/span><\/li>\n<li><span class=\"pol3\" style=\"color: #39342f;\">Pe\u00f1se Nedeleg<\/span><\/li>\n<li><span class=\"pol3\" style=\"color: #39342f;\">Eostig Kerchagrin<\/span><\/li>\n<li><span class=\"pol3\" style=\"color: #39342f;\">An Trucher Hag An Anko\u00f9<\/span><\/li>\n<li><span class=\"pol3\" style=\"color: #39342f;\">An Tri Seblant<\/span><\/li>\n<li><span class=\"pol3\" style=\"color: #39342f;\">Gwechall Gozh<\/span><\/li>\n<li><span class=\"pol3\" style=\"color: #39342f;\">Ar Binio\u00f9 Skornet<\/span><\/li>\n<li><span class=\"pol3\" style=\"color: #39342f;\">Before Dawn<\/span><\/li>\n<\/ol>\n<p><strong>Exclusivit\u00e9 Double vinyle<\/strong> !!! 4 titres explosifs \u00e9lectro-hip hop remix\u00e9 par James Digger avec la participation du c\u00e9l\u00e8bre rappeur am\u00e9ricain Masta ace<\/p>\n<ol>\n<li><strong>Beajet &lsquo;m eus remix\u00a0<\/strong><\/li>\n<li><strong>An old story remix<\/strong><\/li>\n<li><strong>An teodo\u00f9 fall remix<\/strong><\/li>\n<li><strong>Ar biniou skornet remix<\/strong><\/li>\n<\/ol>\n<p>&nbsp;<\/p>","protected":false},"excerpt":{"rendered":"<p>Onze compositions d&rsquo;une musique m\u00e9tiss\u00e9e port\u00e9e par une voix \u00e0 la fois enracin\u00e9e et universelle.<\/p>\n<p>Ecoutez en Streaming : <a href=\"https:\/\/fanlink.tv\/wcAJ\"><strong>https:\/\/fanlink.tv\/wcAJ<\/strong><\/a><\/p>","protected":false},"featured_media":2273,"template":"","meta":{"_acf_changed":false,"_et_pb_use_builder":"","_et_pb_old_content":"","_et_gb_content_width":""},"product_brand":[],"false":[35],"product_tag":[],"disponible_a_la_vente":[38],"langue":[73],"style":[77,79],"supports":[86,87],"class_list":{"0":"post-2533","1":"product","2":"type-product","3":"status-publish","4":"has-post-thumbnail","6":"product_cat-denez","7":"disponible_a_la_vente-disponible-a-la-vente","8":"langue-breton","9":"style-pop-rock-folk-punk","10":"style-traditionnel-kan-ha-diskan","11":"supports-cd","12":"supports-vinyle","14":"first","15":"instock","16":"taxable","17":"shipping-taxable","18":"purchasable","19":"product-type-simple"},"acf":[],"yoast_head":"<!-- This site is optimized with the Yoast SEO Premium plugin v24.0 (Yoast SEO v27.3) - https:\/\/yoast.com\/product\/yoast-seo-premium-wordpress\/ -->\n<title>Album de Denez - Ul liorzh vurzhudus<\/title>\n<meta name=\"description\" content=\"Retrouvez le nouvel album de Denez - Ul liorzh vurzhudus. Disponible en CD &amp; vinyle. Commandez directement en ligne sur arfolk.bzh.\" \/>\n<meta name=\"robots\" content=\"index, follow, max-snippet:-1, max-image-preview:large, max-video-preview:-1\" \/>\n<link rel=\"canonical\" href=\"https:\/\/arfolk.bzh\/br\/boutique\/denez-ul-liorzh-vurzhudus\/\" \/>\n<script type=\"application\/ld+json\" class=\"yoast-schema-graph\">{\"@context\":\"https:\\\/\\\/schema.org\",\"@graph\":[{\"@type\":\"WebPage\",\"@id\":\"https:\\\/\\\/arfolk.bzh\\\/boutique\\\/denez-ul-liorzh-vurzhudus\\\/\",\"url\":\"https:\\\/\\\/arfolk.bzh\\\/boutique\\\/denez-ul-liorzh-vurzhudus\\\/\",\"name\":\"Album de Denez - Ul liorzh vurzhudus\",\"isPartOf\":{\"@id\":\"https:\\\/\\\/arfolk.bzh\\\/#website\"},\"primaryImageOfPage\":{\"@id\":\"https:\\\/\\\/arfolk.bzh\\\/boutique\\\/denez-ul-liorzh-vurzhudus\\\/#primaryimage\"},\"image\":{\"@id\":\"https:\\\/\\\/arfolk.bzh\\\/boutique\\\/denez-ul-liorzh-vurzhudus\\\/#primaryimage\"},\"thumbnailUrl\":\"https:\\\/\\\/arfolk.bzh\\\/wp-content\\\/uploads\\\/2024\\\/04\\\/denez_ulliorzhvurzhudus-scaled.jpg\",\"datePublished\":\"2015-11-15T19:17:56+00:00\",\"dateModified\":\"2026-03-02T14:40:10+00:00\",\"description\":\"Retrouvez le nouvel album de Denez - Ul liorzh vurzhudus. Disponible en CD & vinyle. Commandez directement en ligne sur arfolk.bzh.\",\"breadcrumb\":{\"@id\":\"https:\\\/\\\/arfolk.bzh\\\/boutique\\\/denez-ul-liorzh-vurzhudus\\\/#breadcrumb\"},\"inLanguage\":\"br-FR\",\"potentialAction\":[{\"@type\":\"ReadAction\",\"target\":[\"https:\\\/\\\/arfolk.bzh\\\/boutique\\\/denez-ul-liorzh-vurzhudus\\\/\"]}]},{\"@type\":\"ImageObject\",\"inLanguage\":\"br-FR\",\"@id\":\"https:\\\/\\\/arfolk.bzh\\\/boutique\\\/denez-ul-liorzh-vurzhudus\\\/#primaryimage\",\"url\":\"https:\\\/\\\/arfolk.bzh\\\/wp-content\\\/uploads\\\/2024\\\/04\\\/denez_ulliorzhvurzhudus-scaled.jpg\",\"contentUrl\":\"https:\\\/\\\/arfolk.bzh\\\/wp-content\\\/uploads\\\/2024\\\/04\\\/denez_ulliorzhvurzhudus-scaled.jpg\",\"width\":2560,\"height\":2539,\"caption\":\"denez ulliorzhvurzhudus\"},{\"@type\":\"BreadcrumbList\",\"@id\":\"https:\\\/\\\/arfolk.bzh\\\/boutique\\\/denez-ul-liorzh-vurzhudus\\\/#breadcrumb\",\"itemListElement\":[{\"@type\":\"ListItem\",\"position\":1,\"name\":\"Accueil\",\"item\":\"https:\\\/\\\/arfolk.bzh\\\/\"},{\"@type\":\"ListItem\",\"position\":2,\"name\":\"Boutique\",\"item\":\"https:\\\/\\\/arfolk.bzh\\\/boutique\\\/\"},{\"@type\":\"ListItem\",\"position\":3,\"name\":\"Denez &#8211; Ul liorzh vurzhudus\"}]},{\"@type\":\"WebSite\",\"@id\":\"https:\\\/\\\/arfolk.bzh\\\/#website\",\"url\":\"https:\\\/\\\/arfolk.bzh\\\/\",\"name\":\"Arfolk\",\"description\":\"Label discographique sp\u00e9cialis\u00e9 dans la musique bretonne\",\"publisher\":{\"@id\":\"https:\\\/\\\/arfolk.bzh\\\/#organization\"},\"potentialAction\":[{\"@type\":\"SearchAction\",\"target\":{\"@type\":\"EntryPoint\",\"urlTemplate\":\"https:\\\/\\\/arfolk.bzh\\\/?s={search_term_string}\"},\"query-input\":{\"@type\":\"PropertyValueSpecification\",\"valueRequired\":true,\"valueName\":\"search_term_string\"}}],\"inLanguage\":\"br-FR\"},{\"@type\":\"Organization\",\"@id\":\"https:\\\/\\\/arfolk.bzh\\\/#organization\",\"name\":\"Arfolk\",\"alternateName\":\"Le label de la musique bretonne\",\"url\":\"https:\\\/\\\/arfolk.bzh\\\/\",\"logo\":{\"@type\":\"ImageObject\",\"inLanguage\":\"br-FR\",\"@id\":\"https:\\\/\\\/arfolk.bzh\\\/#\\\/schema\\\/logo\\\/image\\\/\",\"url\":\"https:\\\/\\\/arfolk.bzh\\\/wp-content\\\/uploads\\\/2023\\\/11\\\/cropped-logo-label-de-musique-breton-arfolf-vignette.webp\",\"contentUrl\":\"https:\\\/\\\/arfolk.bzh\\\/wp-content\\\/uploads\\\/2023\\\/11\\\/cropped-logo-label-de-musique-breton-arfolf-vignette.webp\",\"width\":512,\"height\":512,\"caption\":\"Arfolk\"},\"image\":{\"@id\":\"https:\\\/\\\/arfolk.bzh\\\/#\\\/schema\\\/logo\\\/image\\\/\"},\"sameAs\":[\"https:\\\/\\\/www.facebook.com\\\/Arfolkmusik\",\"https:\\\/\\\/www.instagram.com\\\/arfolkmusik\\\/\"]}]}<\/script>\n<!-- \/ Yoast SEO Premium plugin. -->","yoast_head_json":{"title":"Album de Denez - Ul liorzh vurzhudus","description":"Retrouvez le nouvel album de Denez - Ul liorzh vurzhudus. Disponible en CD & vinyle. Commandez directement en ligne sur arfolk.bzh.","robots":{"index":"index","follow":"follow","max-snippet":"max-snippet:-1","max-image-preview":"max-image-preview:large","max-video-preview":"max-video-preview:-1"},"canonical":"https:\/\/arfolk.bzh\/br\/boutique\/denez-ul-liorzh-vurzhudus\/","schema":{"@context":"https:\/\/schema.org","@graph":[{"@type":"WebPage","@id":"https:\/\/arfolk.bzh\/boutique\/denez-ul-liorzh-vurzhudus\/","url":"https:\/\/arfolk.bzh\/boutique\/denez-ul-liorzh-vurzhudus\/","name":"Album de Denez - Ul liorzh vurzhudus","isPartOf":{"@id":"https:\/\/arfolk.bzh\/#website"},"primaryImageOfPage":{"@id":"https:\/\/arfolk.bzh\/boutique\/denez-ul-liorzh-vurzhudus\/#primaryimage"},"image":{"@id":"https:\/\/arfolk.bzh\/boutique\/denez-ul-liorzh-vurzhudus\/#primaryimage"},"thumbnailUrl":"https:\/\/arfolk.bzh\/wp-content\/uploads\/2024\/04\/denez_ulliorzhvurzhudus-scaled.jpg","datePublished":"2015-11-15T19:17:56+00:00","dateModified":"2026-03-02T14:40:10+00:00","description":"Retrouvez le nouvel album de Denez - Ul liorzh vurzhudus. Disponible en CD & vinyle. Commandez directement en ligne sur arfolk.bzh.","breadcrumb":{"@id":"https:\/\/arfolk.bzh\/boutique\/denez-ul-liorzh-vurzhudus\/#breadcrumb"},"inLanguage":"br-FR","potentialAction":[{"@type":"ReadAction","target":["https:\/\/arfolk.bzh\/boutique\/denez-ul-liorzh-vurzhudus\/"]}]},{"@type":"ImageObject","inLanguage":"br-FR","@id":"https:\/\/arfolk.bzh\/boutique\/denez-ul-liorzh-vurzhudus\/#primaryimage","url":"https:\/\/arfolk.bzh\/wp-content\/uploads\/2024\/04\/denez_ulliorzhvurzhudus-scaled.jpg","contentUrl":"https:\/\/arfolk.bzh\/wp-content\/uploads\/2024\/04\/denez_ulliorzhvurzhudus-scaled.jpg","width":2560,"height":2539,"caption":"denez ulliorzhvurzhudus"},{"@type":"BreadcrumbList","@id":"https:\/\/arfolk.bzh\/boutique\/denez-ul-liorzh-vurzhudus\/#breadcrumb","itemListElement":[{"@type":"ListItem","position":1,"name":"Accueil","item":"https:\/\/arfolk.bzh\/"},{"@type":"ListItem","position":2,"name":"Boutique","item":"https:\/\/arfolk.bzh\/boutique\/"},{"@type":"ListItem","position":3,"name":"Denez &#8211; Ul liorzh vurzhudus"}]},{"@type":"WebSite","@id":"https:\/\/arfolk.bzh\/#website","url":"https:\/\/arfolk.bzh\/","name":"Arfolk","description":"Label discographique sp\u00e9cialis\u00e9 dans la musique bretonne","publisher":{"@id":"https:\/\/arfolk.bzh\/#organization"},"potentialAction":[{"@type":"SearchAction","target":{"@type":"EntryPoint","urlTemplate":"https:\/\/arfolk.bzh\/?s={search_term_string}"},"query-input":{"@type":"PropertyValueSpecification","valueRequired":true,"valueName":"search_term_string"}}],"inLanguage":"br-FR"},{"@type":"Organization","@id":"https:\/\/arfolk.bzh\/#organization","name":"Arfolk","alternateName":"Le label de la musique bretonne","url":"https:\/\/arfolk.bzh\/","logo":{"@type":"ImageObject","inLanguage":"br-FR","@id":"https:\/\/arfolk.bzh\/#\/schema\/logo\/image\/","url":"https:\/\/arfolk.bzh\/wp-content\/uploads\/2023\/11\/cropped-logo-label-de-musique-breton-arfolf-vignette.webp","contentUrl":"https:\/\/arfolk.bzh\/wp-content\/uploads\/2023\/11\/cropped-logo-label-de-musique-breton-arfolf-vignette.webp","width":512,"height":512,"caption":"Arfolk"},"image":{"@id":"https:\/\/arfolk.bzh\/#\/schema\/logo\/image\/"},"sameAs":["https:\/\/www.facebook.com\/Arfolkmusik","https:\/\/www.instagram.com\/arfolkmusik\/"]}]}},"jetpack_sharing_enabled":true,"_links":{"self":[{"href":"https:\/\/arfolk.bzh\/br\/wp-json\/wp\/v2\/product\/2533","targetHints":{"allow":["GET"]}}],"collection":[{"href":"https:\/\/arfolk.bzh\/br\/wp-json\/wp\/v2\/product"}],"about":[{"href":"https:\/\/arfolk.bzh\/br\/wp-json\/wp\/v2\/types\/product"}],"wp:featuredmedia":[{"embeddable":true,"href":"https:\/\/arfolk.bzh\/br\/wp-json\/wp\/v2\/media\/2273"}],"wp:attachment":[{"href":"https:\/\/arfolk.bzh\/br\/wp-json\/wp\/v2\/media?parent=2533"}],"wp:term":[{"taxonomy":"product_brand","embeddable":true,"href":"https:\/\/arfolk.bzh\/br\/wp-json\/wp\/v2\/product_brand?post=2533"},{"taxonomy":"product_cat","embeddable":true,"href":"https:\/\/arfolk.bzh\/br\/wp-json\/wp\/v2\/false?post=2533"},{"taxonomy":"product_tag","embeddable":true,"href":"https:\/\/arfolk.bzh\/br\/wp-json\/wp\/v2\/product_tag?post=2533"},{"taxonomy":"disponible_a_la_vente","embeddable":true,"href":"https:\/\/arfolk.bzh\/br\/wp-json\/wp\/v2\/disponible_a_la_vente?post=2533"},{"taxonomy":"langue","embeddable":true,"href":"https:\/\/arfolk.bzh\/br\/wp-json\/wp\/v2\/langue?post=2533"},{"taxonomy":"style","embeddable":true,"href":"https:\/\/arfolk.bzh\/br\/wp-json\/wp\/v2\/style?post=2533"},{"taxonomy":"supports","embeddable":true,"href":"https:\/\/arfolk.bzh\/br\/wp-json\/wp\/v2\/supports?post=2533"}],"curies":[{"name":"wp","href":"https:\/\/api.w.org\/{rel}","templated":true}]}}