{"id":2692,"date":"2021-11-15T20:19:45","date_gmt":"2021-11-15T19:19:45","guid":{"rendered":"https:\/\/arfolk.bzh\/boutique\/soig-siberil-les-sentiers-partages\/"},"modified":"2025-12-11T10:58:03","modified_gmt":"2025-12-11T09:58:03","slug":"soig-siberil-les-sentiers-partages","status":"publish","type":"product","link":"https:\/\/arfolk.bzh\/br\/boutique\/soig-siberil-les-sentiers-partages\/","title":{"rendered":"So\u00efg Sib\u00e9ril &#8211; Les Sentiers Partag\u00e9s"},"content":{"rendered":"<p><em>\u00ab Il nous manquait une aventure jamais encore partag\u00e9e, comme la r\u00e9alisation de cet album dans lequel j\u2019allais intervenir comme musicien, bien s\u00fbr, mais aussi comme arrangeur et \u00ab entremetteur \u00bb pour cr\u00e9er des rencontres et des passerelles entre la musique de So\u00efg et celle d\u2019autres artistes \u00e0 l\u2019identit\u00e9 forte. Cet album est all\u00e9 plus loin que mes esp\u00e9rances : il est plein de musique et de g\u00e9n\u00e9rosit\u00e9. L\u2019\u00e2me celtique de So\u00efg a pu rencontrer d\u2019autres \u00e2mes, qu\u2019elles soient manouches, hispaniques, jazz ou classiques, et sa guitare d\u2019autres instruments que l\u2019on n\u2019entend jamais dans la musique dite celtique et, pourtant, quand on \u00e9coute l\u2019album, tout semble tellement \u00e9vident et naturel. \u00bb<\/em><\/p>\n<p><strong>Jean-F\u00e9lix Lalanne<\/strong><\/p>\n<p><iframe loading=\"lazy\" title=\"So\u00efg Sib\u00e9ril - Les sentiers partag\u00e9s (ALBUM COMPLET)\" width=\"1080\" height=\"608\" src=\"https:\/\/www.youtube.com\/embed\/videoseries?list=PLQMZD0e8YHDJv7ZXvExLUVi8qVZ8sLPxP\"  allow=\"accelerometer; autoplay; clipboard-write; encrypted-media; gyroscope; picture-in-picture; web-share\" referrerpolicy=\"strict-origin-when-cross-origin\" allowfullscreen><\/iframe><\/p>\n<p><strong>Tracklist de \u00a0\u00bb Les sentiers partag\u00e9s \u00ab\u00a0:<\/strong><\/p>\n<ol>\n<li><strong>Les sentiers partag\u00e9s<\/strong><\/li>\n<li><strong>Le Sud<\/strong><\/li>\n<li><strong>Al lizher<\/strong><\/li>\n<li><strong>Saint Patrack<\/strong><\/li>\n<li><strong>Reeleria<\/strong><\/li>\n<li><strong>La demoiselle de la lande<\/strong><\/li>\n<li><strong>Le Korong<\/strong><\/li>\n<li><strong>Le Nord<\/strong><\/li>\n<li><strong>Balade en &lsquo;Sib\u00e9&rsquo;<\/strong><\/li>\n<li><strong>Quartier de Lune \/ Ramdam II<\/strong><\/li>\n<li><strong>Le Yeun<\/strong><\/li>\n<li><strong>Madonna&rsquo;s valse \/ A waltz for Kidou<\/strong><\/li>\n<li><strong>Les trois ch\u00eanes<\/strong><\/li>\n<li><strong>Sampa<\/strong><\/li>\n<li><strong>Au pays Fa\u00f1ch<\/strong><\/li>\n<\/ol>\n<p>&nbsp;<\/p>","protected":false},"excerpt":{"rendered":"<p class=\"ce-product-name elementor-heading-title\">So\u00efg S, Jean-F\u00e9lix Lalanne &amp; invit\u00e9s<\/p>\n<p>Ecoutez en Streaming : <strong><a href=\"https:\/\/fanlink.tv\/sp5s\">https:\/\/fanlink.tv\/sp5s<\/a><\/strong><\/p>","protected":false},"featured_media":2435,"template":"","meta":{"_acf_changed":false,"_et_pb_use_builder":"","_et_pb_old_content":"","_et_gb_content_width":""},"product_brand":[],"false":[54],"product_tag":[],"disponible_a_la_vente":[38],"langue":[75],"style":[80],"supports":[86],"class_list":{"0":"post-2692","1":"product","2":"type-product","3":"status-publish","4":"has-post-thumbnail","6":"product_cat-soig-siberil","7":"disponible_a_la_vente-disponible-a-la-vente","8":"langue-instrumental","9":"style-arfolk-klasik-jazz","10":"supports-cd","12":"first","13":"instock","14":"purchasable","15":"product-type-simple"},"acf":[],"yoast_head":"<!-- This site is optimized with the Yoast SEO Premium plugin v24.0 (Yoast SEO v27.3) - https:\/\/yoast.com\/product\/yoast-seo-premium-wordpress\/ -->\n<title>Album de So\u00efg Sib\u00e9ril - Les Sentiers Partag\u00e9s<\/title>\n<meta name=\"description\" content=\"Retrouvez le nouvel album de So\u00efg Sib\u00e9ril - les sentiers partag\u00e9s. Commandez directement en ligne sur arfolk.bzh, le label discographique breton.\" \/>\n<meta name=\"robots\" content=\"index, follow, max-snippet:-1, max-image-preview:large, max-video-preview:-1\" \/>\n<link rel=\"canonical\" href=\"https:\/\/arfolk.bzh\/br\/boutique\/soig-siberil-les-sentiers-partages\/\" \/>\n<script type=\"application\/ld+json\" class=\"yoast-schema-graph\">{\"@context\":\"https:\\\/\\\/schema.org\",\"@graph\":[{\"@type\":\"WebPage\",\"@id\":\"https:\\\/\\\/arfolk.bzh\\\/boutique\\\/soig-siberil-les-sentiers-partages\\\/\",\"url\":\"https:\\\/\\\/arfolk.bzh\\\/boutique\\\/soig-siberil-les-sentiers-partages\\\/\",\"name\":\"Album de So\u00efg Sib\u00e9ril - Les Sentiers Partag\u00e9s\",\"isPartOf\":{\"@id\":\"https:\\\/\\\/arfolk.bzh\\\/#website\"},\"primaryImageOfPage\":{\"@id\":\"https:\\\/\\\/arfolk.bzh\\\/boutique\\\/soig-siberil-les-sentiers-partages\\\/#primaryimage\"},\"image\":{\"@id\":\"https:\\\/\\\/arfolk.bzh\\\/boutique\\\/soig-siberil-les-sentiers-partages\\\/#primaryimage\"},\"thumbnailUrl\":\"https:\\\/\\\/arfolk.bzh\\\/wp-content\\\/uploads\\\/2024\\\/04\\\/soigsiberil_lessentierspartages-scaled.jpg\",\"datePublished\":\"2021-11-15T19:19:45+00:00\",\"dateModified\":\"2025-12-11T09:58:03+00:00\",\"description\":\"Retrouvez le nouvel album de So\u00efg Sib\u00e9ril - les sentiers partag\u00e9s. Commandez directement en ligne sur arfolk.bzh, le label discographique breton.\",\"breadcrumb\":{\"@id\":\"https:\\\/\\\/arfolk.bzh\\\/boutique\\\/soig-siberil-les-sentiers-partages\\\/#breadcrumb\"},\"inLanguage\":\"br-FR\",\"potentialAction\":[{\"@type\":\"ReadAction\",\"target\":[\"https:\\\/\\\/arfolk.bzh\\\/boutique\\\/soig-siberil-les-sentiers-partages\\\/\"]}]},{\"@type\":\"ImageObject\",\"inLanguage\":\"br-FR\",\"@id\":\"https:\\\/\\\/arfolk.bzh\\\/boutique\\\/soig-siberil-les-sentiers-partages\\\/#primaryimage\",\"url\":\"https:\\\/\\\/arfolk.bzh\\\/wp-content\\\/uploads\\\/2024\\\/04\\\/soigsiberil_lessentierspartages-scaled.jpg\",\"contentUrl\":\"https:\\\/\\\/arfolk.bzh\\\/wp-content\\\/uploads\\\/2024\\\/04\\\/soigsiberil_lessentierspartages-scaled.jpg\",\"width\":2560,\"height\":2560,\"caption\":\"soigsiberil lessentierspartages\"},{\"@type\":\"BreadcrumbList\",\"@id\":\"https:\\\/\\\/arfolk.bzh\\\/boutique\\\/soig-siberil-les-sentiers-partages\\\/#breadcrumb\",\"itemListElement\":[{\"@type\":\"ListItem\",\"position\":1,\"name\":\"Accueil\",\"item\":\"https:\\\/\\\/arfolk.bzh\\\/\"},{\"@type\":\"ListItem\",\"position\":2,\"name\":\"Boutique\",\"item\":\"https:\\\/\\\/arfolk.bzh\\\/boutique\\\/\"},{\"@type\":\"ListItem\",\"position\":3,\"name\":\"So\u00efg Sib\u00e9ril &#8211; Les Sentiers Partag\u00e9s\"}]},{\"@type\":\"WebSite\",\"@id\":\"https:\\\/\\\/arfolk.bzh\\\/#website\",\"url\":\"https:\\\/\\\/arfolk.bzh\\\/\",\"name\":\"Arfolk\",\"description\":\"Label discographique sp\u00e9cialis\u00e9 dans la musique bretonne\",\"publisher\":{\"@id\":\"https:\\\/\\\/arfolk.bzh\\\/#organization\"},\"potentialAction\":[{\"@type\":\"SearchAction\",\"target\":{\"@type\":\"EntryPoint\",\"urlTemplate\":\"https:\\\/\\\/arfolk.bzh\\\/?s={search_term_string}\"},\"query-input\":{\"@type\":\"PropertyValueSpecification\",\"valueRequired\":true,\"valueName\":\"search_term_string\"}}],\"inLanguage\":\"br-FR\"},{\"@type\":\"Organization\",\"@id\":\"https:\\\/\\\/arfolk.bzh\\\/#organization\",\"name\":\"Arfolk\",\"alternateName\":\"Le label de la musique bretonne\",\"url\":\"https:\\\/\\\/arfolk.bzh\\\/\",\"logo\":{\"@type\":\"ImageObject\",\"inLanguage\":\"br-FR\",\"@id\":\"https:\\\/\\\/arfolk.bzh\\\/#\\\/schema\\\/logo\\\/image\\\/\",\"url\":\"https:\\\/\\\/arfolk.bzh\\\/wp-content\\\/uploads\\\/2023\\\/11\\\/cropped-logo-label-de-musique-breton-arfolf-vignette.webp\",\"contentUrl\":\"https:\\\/\\\/arfolk.bzh\\\/wp-content\\\/uploads\\\/2023\\\/11\\\/cropped-logo-label-de-musique-breton-arfolf-vignette.webp\",\"width\":512,\"height\":512,\"caption\":\"Arfolk\"},\"image\":{\"@id\":\"https:\\\/\\\/arfolk.bzh\\\/#\\\/schema\\\/logo\\\/image\\\/\"},\"sameAs\":[\"https:\\\/\\\/www.facebook.com\\\/Arfolkmusik\",\"https:\\\/\\\/www.instagram.com\\\/arfolkmusik\\\/\"]}]}<\/script>\n<!-- \/ Yoast SEO Premium plugin. -->","yoast_head_json":{"title":"Album de So\u00efg Sib\u00e9ril - Les Sentiers Partag\u00e9s","description":"Retrouvez le nouvel album de So\u00efg Sib\u00e9ril - les sentiers partag\u00e9s. Commandez directement en ligne sur arfolk.bzh, le label discographique breton.","robots":{"index":"index","follow":"follow","max-snippet":"max-snippet:-1","max-image-preview":"max-image-preview:large","max-video-preview":"max-video-preview:-1"},"canonical":"https:\/\/arfolk.bzh\/br\/boutique\/soig-siberil-les-sentiers-partages\/","schema":{"@context":"https:\/\/schema.org","@graph":[{"@type":"WebPage","@id":"https:\/\/arfolk.bzh\/boutique\/soig-siberil-les-sentiers-partages\/","url":"https:\/\/arfolk.bzh\/boutique\/soig-siberil-les-sentiers-partages\/","name":"Album de So\u00efg Sib\u00e9ril - Les Sentiers Partag\u00e9s","isPartOf":{"@id":"https:\/\/arfolk.bzh\/#website"},"primaryImageOfPage":{"@id":"https:\/\/arfolk.bzh\/boutique\/soig-siberil-les-sentiers-partages\/#primaryimage"},"image":{"@id":"https:\/\/arfolk.bzh\/boutique\/soig-siberil-les-sentiers-partages\/#primaryimage"},"thumbnailUrl":"https:\/\/arfolk.bzh\/wp-content\/uploads\/2024\/04\/soigsiberil_lessentierspartages-scaled.jpg","datePublished":"2021-11-15T19:19:45+00:00","dateModified":"2025-12-11T09:58:03+00:00","description":"Retrouvez le nouvel album de So\u00efg Sib\u00e9ril - les sentiers partag\u00e9s. Commandez directement en ligne sur arfolk.bzh, le label discographique breton.","breadcrumb":{"@id":"https:\/\/arfolk.bzh\/boutique\/soig-siberil-les-sentiers-partages\/#breadcrumb"},"inLanguage":"br-FR","potentialAction":[{"@type":"ReadAction","target":["https:\/\/arfolk.bzh\/boutique\/soig-siberil-les-sentiers-partages\/"]}]},{"@type":"ImageObject","inLanguage":"br-FR","@id":"https:\/\/arfolk.bzh\/boutique\/soig-siberil-les-sentiers-partages\/#primaryimage","url":"https:\/\/arfolk.bzh\/wp-content\/uploads\/2024\/04\/soigsiberil_lessentierspartages-scaled.jpg","contentUrl":"https:\/\/arfolk.bzh\/wp-content\/uploads\/2024\/04\/soigsiberil_lessentierspartages-scaled.jpg","width":2560,"height":2560,"caption":"soigsiberil lessentierspartages"},{"@type":"BreadcrumbList","@id":"https:\/\/arfolk.bzh\/boutique\/soig-siberil-les-sentiers-partages\/#breadcrumb","itemListElement":[{"@type":"ListItem","position":1,"name":"Accueil","item":"https:\/\/arfolk.bzh\/"},{"@type":"ListItem","position":2,"name":"Boutique","item":"https:\/\/arfolk.bzh\/boutique\/"},{"@type":"ListItem","position":3,"name":"So\u00efg Sib\u00e9ril &#8211; Les Sentiers Partag\u00e9s"}]},{"@type":"WebSite","@id":"https:\/\/arfolk.bzh\/#website","url":"https:\/\/arfolk.bzh\/","name":"Arfolk","description":"Label discographique sp\u00e9cialis\u00e9 dans la musique bretonne","publisher":{"@id":"https:\/\/arfolk.bzh\/#organization"},"potentialAction":[{"@type":"SearchAction","target":{"@type":"EntryPoint","urlTemplate":"https:\/\/arfolk.bzh\/?s={search_term_string}"},"query-input":{"@type":"PropertyValueSpecification","valueRequired":true,"valueName":"search_term_string"}}],"inLanguage":"br-FR"},{"@type":"Organization","@id":"https:\/\/arfolk.bzh\/#organization","name":"Arfolk","alternateName":"Le label de la musique bretonne","url":"https:\/\/arfolk.bzh\/","logo":{"@type":"ImageObject","inLanguage":"br-FR","@id":"https:\/\/arfolk.bzh\/#\/schema\/logo\/image\/","url":"https:\/\/arfolk.bzh\/wp-content\/uploads\/2023\/11\/cropped-logo-label-de-musique-breton-arfolf-vignette.webp","contentUrl":"https:\/\/arfolk.bzh\/wp-content\/uploads\/2023\/11\/cropped-logo-label-de-musique-breton-arfolf-vignette.webp","width":512,"height":512,"caption":"Arfolk"},"image":{"@id":"https:\/\/arfolk.bzh\/#\/schema\/logo\/image\/"},"sameAs":["https:\/\/www.facebook.com\/Arfolkmusik","https:\/\/www.instagram.com\/arfolkmusik\/"]}]}},"jetpack_sharing_enabled":true,"_links":{"self":[{"href":"https:\/\/arfolk.bzh\/br\/wp-json\/wp\/v2\/product\/2692","targetHints":{"allow":["GET"]}}],"collection":[{"href":"https:\/\/arfolk.bzh\/br\/wp-json\/wp\/v2\/product"}],"about":[{"href":"https:\/\/arfolk.bzh\/br\/wp-json\/wp\/v2\/types\/product"}],"wp:featuredmedia":[{"embeddable":true,"href":"https:\/\/arfolk.bzh\/br\/wp-json\/wp\/v2\/media\/2435"}],"wp:attachment":[{"href":"https:\/\/arfolk.bzh\/br\/wp-json\/wp\/v2\/media?parent=2692"}],"wp:term":[{"taxonomy":"product_brand","embeddable":true,"href":"https:\/\/arfolk.bzh\/br\/wp-json\/wp\/v2\/product_brand?post=2692"},{"taxonomy":"product_cat","embeddable":true,"href":"https:\/\/arfolk.bzh\/br\/wp-json\/wp\/v2\/false?post=2692"},{"taxonomy":"product_tag","embeddable":true,"href":"https:\/\/arfolk.bzh\/br\/wp-json\/wp\/v2\/product_tag?post=2692"},{"taxonomy":"disponible_a_la_vente","embeddable":true,"href":"https:\/\/arfolk.bzh\/br\/wp-json\/wp\/v2\/disponible_a_la_vente?post=2692"},{"taxonomy":"langue","embeddable":true,"href":"https:\/\/arfolk.bzh\/br\/wp-json\/wp\/v2\/langue?post=2692"},{"taxonomy":"style","embeddable":true,"href":"https:\/\/arfolk.bzh\/br\/wp-json\/wp\/v2\/style?post=2692"},{"taxonomy":"supports","embeddable":true,"href":"https:\/\/arfolk.bzh\/br\/wp-json\/wp\/v2\/supports?post=2692"}],"curies":[{"name":"wp","href":"https:\/\/api.w.org\/{rel}","templated":true}]}}