{"id":3109,"date":"2024-11-04T12:10:47","date_gmt":"2024-11-04T11:10:47","guid":{"rendered":"https:\/\/arfolk.bzh\/?post_type=product&#038;p=3109"},"modified":"2025-12-11T10:40:31","modified_gmt":"2025-12-11T09:40:31","slug":"rozenn-talec-yannig-noguet-melezour","status":"publish","type":"product","link":"https:\/\/arfolk.bzh\/br\/boutique\/rozenn-talec-yannig-noguet-melezour\/","title":{"rendered":"Rozenn Talec &#038; Yannig Noguet &#8211; Melezour"},"content":{"rendered":"<p>D\u00e9couvrir dans la <strong><a href=\"https:\/\/youtu.be\/_x0qu4rtXWw?si=e2HqXPoLaLBoHL9N\">playlist Fest-noz<\/a><\/strong>.<\/p>\n<p><iframe loading=\"lazy\" title=\"Rozenn Talec, Yannig Noguet - Au mois de mai (Andro)\" width=\"1080\" height=\"608\" src=\"https:\/\/www.youtube.com\/embed\/_x0qu4rtXWw?feature=oembed\"  allow=\"accelerometer; autoplay; clipboard-write; encrypted-media; gyroscope; picture-in-picture; web-share\" referrerpolicy=\"strict-origin-when-cross-origin\" allowfullscreen><\/iframe><\/p>\n<p>C&rsquo;est le reflet de pr\u00e8s de quinze ann\u00e9es de collaboration que le duo bien connu de la sc\u00e8ne actuelle bretonne nous donne \u00e0 \u00e9couter dans cet album. Du satin pour l&rsquo;\u00e9l\u00e9gance, du velours pour la brillance et du lin pour le naturel. Des airs qui d\u00e9coiffent, des textes qui prennent parti. Comme \u00e0 leur habitude ils jouent entre mensonges et r\u00e9alit\u00e9, nous embarquent dans leurs souches et leurs historiettes. Ce que nous entendons d&rsquo;eux, c&rsquo;est un tandem sonore soucieux du d\u00e9tail. Yannig compose la musique et Rozenn \u00e9crit les textes. Les lignes musicales de Melezour dressent un portait enracin\u00e9 et frais de la musique bretonne vivante \u00e0 danser d&rsquo;aujourd&rsquo;hui. Devant leur miroir, ils n&rsquo;ont pas pris une ride. Des couleurs \u00e9clatantes, vives et radicales de toute beaut\u00e9 ! Ils composent \u00e0 leur image selon leurs r\u00e8gles et leur r\u00e9alit\u00e9. Malgr\u00e9 le temps qui passe, l&rsquo;\u00e9cho de Rozenn Talec et Yannig Noguet r\u00e9sonne encore plus puissant et perp\u00e9tuel. Un beau coup d&rsquo;\u00e9clat : Un miroir partenaire.<\/p>\n<ol>\n<li><strong>D\u00e9cide-toi ! (Kas a-barh)<\/strong><\/li>\n<li><strong>Ni gano bepred (Ton berr Plinn)<\/strong><\/li>\n<li><strong>Kaera\u00f1 buches (Bal plinn)<\/strong><\/li>\n<li><strong>Ni gano bepred 2 (Ton berr Plinn)<\/strong><\/li>\n<li><strong>La ris\u00e9e (Rid\u00e9e)<\/strong><\/li>\n<li><strong>Les filles de Rostrenen (M\u00e9lodie\/Fisel)<\/strong><\/li>\n<li><strong>Ar mevel (Kost ar c&rsquo;hoad)<\/strong><\/li>\n<li><strong>Au mois de Mai (Andro)<\/strong><\/li>\n<li><strong>Ma c&rsquo;hamarad avel (Ton simpl Gavotte)<\/strong><\/li>\n<li><strong>Talbenn ar bobl (Tamm Kreiz)<\/strong><\/li>\n<li><strong>Melezour (Ton doubl Gavotte)<\/strong><\/li>\n<li><strong>An holl merc&rsquo;hed a gano (Larid\u00e9-gavotte)<\/strong><\/li>\n<\/ol>\n<p>&nbsp;<\/p>","protected":false},"excerpt":{"rendered":"<p><strong>Album Cd \u00e0 commander ici!<br \/>\nSortie le 06 d\u00e9cembre 2024<\/strong><\/p>\n<p>Yannig compose la musique et Rozenn \u00e9crit les textes. Les lignes musicales de Melezour dressent un portait enracin\u00e9 et frais de la musique bretonne vivante \u00e0 danser. Production ARFOLK avec le soutien de la SCPP, du CNM et de la r\u00e9gion Bretagne<\/p>\n<p>Ecoutez en streaming : <a href=\"https:\/\/fanlink.tv\/wbbq\"><strong>https:\/\/fanlink.tv\/wbbq<\/strong><\/a><\/p>","protected":false},"featured_media":3111,"template":"","meta":{"_acf_changed":false,"_et_pb_use_builder":"","_et_pb_old_content":"","_et_gb_content_width":""},"product_brand":[],"false":[53,59],"product_tag":[],"disponible_a_la_vente":[38],"langue":[73,72],"style":[76],"supports":[86],"class_list":{"0":"post-3109","1":"product","2":"type-product","3":"status-publish","4":"has-post-thumbnail","6":"product_cat-rozenn-talec","7":"product_cat-yannig-noguet","8":"disponible_a_la_vente-disponible-a-la-vente","9":"langue-breton","10":"langue-francais","11":"style-fest-noz","12":"supports-cd","14":"first","15":"instock","16":"taxable","17":"shipping-taxable","18":"purchasable","19":"product-type-simple"},"acf":[],"yoast_head":"<!-- This site is optimized with the Yoast SEO Premium plugin v24.0 (Yoast SEO v27.3) - https:\/\/yoast.com\/product\/yoast-seo-premium-wordpress\/ -->\n<title>Rozenn Talec &amp; Yannig Noguet - Melezour<\/title>\n<meta name=\"description\" content=\"Retrouvez le nouvel album de Rozenn Talec &amp; Yannig Noguet - Melezour. Commandez directement en ligne sur arfolk.bzh, le label discographique breton.\" \/>\n<meta name=\"robots\" content=\"index, follow, max-snippet:-1, max-image-preview:large, max-video-preview:-1\" \/>\n<link rel=\"canonical\" href=\"https:\/\/arfolk.bzh\/br\/boutique\/rozenn-talec-yannig-noguet-melezour\/\" \/>\n<script type=\"application\/ld+json\" class=\"yoast-schema-graph\">{\"@context\":\"https:\\\/\\\/schema.org\",\"@graph\":[{\"@type\":\"WebPage\",\"@id\":\"https:\\\/\\\/arfolk.bzh\\\/boutique\\\/rozenn-talec-yannig-noguet-melezour\\\/\",\"url\":\"https:\\\/\\\/arfolk.bzh\\\/boutique\\\/rozenn-talec-yannig-noguet-melezour\\\/\",\"name\":\"Rozenn Talec & Yannig Noguet - Melezour\",\"isPartOf\":{\"@id\":\"https:\\\/\\\/arfolk.bzh\\\/#website\"},\"primaryImageOfPage\":{\"@id\":\"https:\\\/\\\/arfolk.bzh\\\/boutique\\\/rozenn-talec-yannig-noguet-melezour\\\/#primaryimage\"},\"image\":{\"@id\":\"https:\\\/\\\/arfolk.bzh\\\/boutique\\\/rozenn-talec-yannig-noguet-melezour\\\/#primaryimage\"},\"thumbnailUrl\":\"https:\\\/\\\/arfolk.bzh\\\/wp-content\\\/uploads\\\/2024\\\/11\\\/rozenn-talec-et-yannig-noguet-melezour-cover.webp\",\"datePublished\":\"2024-11-04T11:10:47+00:00\",\"dateModified\":\"2025-12-11T09:40:31+00:00\",\"description\":\"Retrouvez le nouvel album de Rozenn Talec & Yannig Noguet - Melezour. Commandez directement en ligne sur arfolk.bzh, le label discographique breton.\",\"breadcrumb\":{\"@id\":\"https:\\\/\\\/arfolk.bzh\\\/boutique\\\/rozenn-talec-yannig-noguet-melezour\\\/#breadcrumb\"},\"inLanguage\":\"br-FR\",\"potentialAction\":[{\"@type\":\"ReadAction\",\"target\":[\"https:\\\/\\\/arfolk.bzh\\\/boutique\\\/rozenn-talec-yannig-noguet-melezour\\\/\"]}]},{\"@type\":\"ImageObject\",\"inLanguage\":\"br-FR\",\"@id\":\"https:\\\/\\\/arfolk.bzh\\\/boutique\\\/rozenn-talec-yannig-noguet-melezour\\\/#primaryimage\",\"url\":\"https:\\\/\\\/arfolk.bzh\\\/wp-content\\\/uploads\\\/2024\\\/11\\\/rozenn-talec-et-yannig-noguet-melezour-cover.webp\",\"contentUrl\":\"https:\\\/\\\/arfolk.bzh\\\/wp-content\\\/uploads\\\/2024\\\/11\\\/rozenn-talec-et-yannig-noguet-melezour-cover.webp\",\"width\":1000,\"height\":1000,\"caption\":\"rozenn talec et yannig noguet melezour-cover\"},{\"@type\":\"BreadcrumbList\",\"@id\":\"https:\\\/\\\/arfolk.bzh\\\/boutique\\\/rozenn-talec-yannig-noguet-melezour\\\/#breadcrumb\",\"itemListElement\":[{\"@type\":\"ListItem\",\"position\":1,\"name\":\"Accueil\",\"item\":\"https:\\\/\\\/arfolk.bzh\\\/\"},{\"@type\":\"ListItem\",\"position\":2,\"name\":\"Boutique\",\"item\":\"https:\\\/\\\/arfolk.bzh\\\/boutique\\\/\"},{\"@type\":\"ListItem\",\"position\":3,\"name\":\"Rozenn Talec &#038; Yannig Noguet &#8211; Melezour\"}]},{\"@type\":\"WebSite\",\"@id\":\"https:\\\/\\\/arfolk.bzh\\\/#website\",\"url\":\"https:\\\/\\\/arfolk.bzh\\\/\",\"name\":\"Arfolk\",\"description\":\"Label discographique sp\u00e9cialis\u00e9 dans la musique bretonne\",\"publisher\":{\"@id\":\"https:\\\/\\\/arfolk.bzh\\\/#organization\"},\"potentialAction\":[{\"@type\":\"SearchAction\",\"target\":{\"@type\":\"EntryPoint\",\"urlTemplate\":\"https:\\\/\\\/arfolk.bzh\\\/?s={search_term_string}\"},\"query-input\":{\"@type\":\"PropertyValueSpecification\",\"valueRequired\":true,\"valueName\":\"search_term_string\"}}],\"inLanguage\":\"br-FR\"},{\"@type\":\"Organization\",\"@id\":\"https:\\\/\\\/arfolk.bzh\\\/#organization\",\"name\":\"Arfolk\",\"alternateName\":\"Le label de la musique bretonne\",\"url\":\"https:\\\/\\\/arfolk.bzh\\\/\",\"logo\":{\"@type\":\"ImageObject\",\"inLanguage\":\"br-FR\",\"@id\":\"https:\\\/\\\/arfolk.bzh\\\/#\\\/schema\\\/logo\\\/image\\\/\",\"url\":\"https:\\\/\\\/arfolk.bzh\\\/wp-content\\\/uploads\\\/2023\\\/11\\\/cropped-logo-label-de-musique-breton-arfolf-vignette.webp\",\"contentUrl\":\"https:\\\/\\\/arfolk.bzh\\\/wp-content\\\/uploads\\\/2023\\\/11\\\/cropped-logo-label-de-musique-breton-arfolf-vignette.webp\",\"width\":512,\"height\":512,\"caption\":\"Arfolk\"},\"image\":{\"@id\":\"https:\\\/\\\/arfolk.bzh\\\/#\\\/schema\\\/logo\\\/image\\\/\"},\"sameAs\":[\"https:\\\/\\\/www.facebook.com\\\/Arfolkmusik\",\"https:\\\/\\\/www.instagram.com\\\/arfolkmusik\\\/\"]}]}<\/script>\n<!-- \/ Yoast SEO Premium plugin. -->","yoast_head_json":{"title":"Rozenn Talec & Yannig Noguet - Melezour","description":"Retrouvez le nouvel album de Rozenn Talec & Yannig Noguet - Melezour. Commandez directement en ligne sur arfolk.bzh, le label discographique breton.","robots":{"index":"index","follow":"follow","max-snippet":"max-snippet:-1","max-image-preview":"max-image-preview:large","max-video-preview":"max-video-preview:-1"},"canonical":"https:\/\/arfolk.bzh\/br\/boutique\/rozenn-talec-yannig-noguet-melezour\/","schema":{"@context":"https:\/\/schema.org","@graph":[{"@type":"WebPage","@id":"https:\/\/arfolk.bzh\/boutique\/rozenn-talec-yannig-noguet-melezour\/","url":"https:\/\/arfolk.bzh\/boutique\/rozenn-talec-yannig-noguet-melezour\/","name":"Rozenn Talec & Yannig Noguet - Melezour","isPartOf":{"@id":"https:\/\/arfolk.bzh\/#website"},"primaryImageOfPage":{"@id":"https:\/\/arfolk.bzh\/boutique\/rozenn-talec-yannig-noguet-melezour\/#primaryimage"},"image":{"@id":"https:\/\/arfolk.bzh\/boutique\/rozenn-talec-yannig-noguet-melezour\/#primaryimage"},"thumbnailUrl":"https:\/\/arfolk.bzh\/wp-content\/uploads\/2024\/11\/rozenn-talec-et-yannig-noguet-melezour-cover.webp","datePublished":"2024-11-04T11:10:47+00:00","dateModified":"2025-12-11T09:40:31+00:00","description":"Retrouvez le nouvel album de Rozenn Talec & Yannig Noguet - Melezour. Commandez directement en ligne sur arfolk.bzh, le label discographique breton.","breadcrumb":{"@id":"https:\/\/arfolk.bzh\/boutique\/rozenn-talec-yannig-noguet-melezour\/#breadcrumb"},"inLanguage":"br-FR","potentialAction":[{"@type":"ReadAction","target":["https:\/\/arfolk.bzh\/boutique\/rozenn-talec-yannig-noguet-melezour\/"]}]},{"@type":"ImageObject","inLanguage":"br-FR","@id":"https:\/\/arfolk.bzh\/boutique\/rozenn-talec-yannig-noguet-melezour\/#primaryimage","url":"https:\/\/arfolk.bzh\/wp-content\/uploads\/2024\/11\/rozenn-talec-et-yannig-noguet-melezour-cover.webp","contentUrl":"https:\/\/arfolk.bzh\/wp-content\/uploads\/2024\/11\/rozenn-talec-et-yannig-noguet-melezour-cover.webp","width":1000,"height":1000,"caption":"rozenn talec et yannig noguet melezour-cover"},{"@type":"BreadcrumbList","@id":"https:\/\/arfolk.bzh\/boutique\/rozenn-talec-yannig-noguet-melezour\/#breadcrumb","itemListElement":[{"@type":"ListItem","position":1,"name":"Accueil","item":"https:\/\/arfolk.bzh\/"},{"@type":"ListItem","position":2,"name":"Boutique","item":"https:\/\/arfolk.bzh\/boutique\/"},{"@type":"ListItem","position":3,"name":"Rozenn Talec &#038; Yannig Noguet &#8211; Melezour"}]},{"@type":"WebSite","@id":"https:\/\/arfolk.bzh\/#website","url":"https:\/\/arfolk.bzh\/","name":"Arfolk","description":"Label discographique sp\u00e9cialis\u00e9 dans la musique bretonne","publisher":{"@id":"https:\/\/arfolk.bzh\/#organization"},"potentialAction":[{"@type":"SearchAction","target":{"@type":"EntryPoint","urlTemplate":"https:\/\/arfolk.bzh\/?s={search_term_string}"},"query-input":{"@type":"PropertyValueSpecification","valueRequired":true,"valueName":"search_term_string"}}],"inLanguage":"br-FR"},{"@type":"Organization","@id":"https:\/\/arfolk.bzh\/#organization","name":"Arfolk","alternateName":"Le label de la musique bretonne","url":"https:\/\/arfolk.bzh\/","logo":{"@type":"ImageObject","inLanguage":"br-FR","@id":"https:\/\/arfolk.bzh\/#\/schema\/logo\/image\/","url":"https:\/\/arfolk.bzh\/wp-content\/uploads\/2023\/11\/cropped-logo-label-de-musique-breton-arfolf-vignette.webp","contentUrl":"https:\/\/arfolk.bzh\/wp-content\/uploads\/2023\/11\/cropped-logo-label-de-musique-breton-arfolf-vignette.webp","width":512,"height":512,"caption":"Arfolk"},"image":{"@id":"https:\/\/arfolk.bzh\/#\/schema\/logo\/image\/"},"sameAs":["https:\/\/www.facebook.com\/Arfolkmusik","https:\/\/www.instagram.com\/arfolkmusik\/"]}]}},"jetpack_sharing_enabled":true,"_links":{"self":[{"href":"https:\/\/arfolk.bzh\/br\/wp-json\/wp\/v2\/product\/3109","targetHints":{"allow":["GET"]}}],"collection":[{"href":"https:\/\/arfolk.bzh\/br\/wp-json\/wp\/v2\/product"}],"about":[{"href":"https:\/\/arfolk.bzh\/br\/wp-json\/wp\/v2\/types\/product"}],"wp:featuredmedia":[{"embeddable":true,"href":"https:\/\/arfolk.bzh\/br\/wp-json\/wp\/v2\/media\/3111"}],"wp:attachment":[{"href":"https:\/\/arfolk.bzh\/br\/wp-json\/wp\/v2\/media?parent=3109"}],"wp:term":[{"taxonomy":"product_brand","embeddable":true,"href":"https:\/\/arfolk.bzh\/br\/wp-json\/wp\/v2\/product_brand?post=3109"},{"taxonomy":"product_cat","embeddable":true,"href":"https:\/\/arfolk.bzh\/br\/wp-json\/wp\/v2\/false?post=3109"},{"taxonomy":"product_tag","embeddable":true,"href":"https:\/\/arfolk.bzh\/br\/wp-json\/wp\/v2\/product_tag?post=3109"},{"taxonomy":"disponible_a_la_vente","embeddable":true,"href":"https:\/\/arfolk.bzh\/br\/wp-json\/wp\/v2\/disponible_a_la_vente?post=3109"},{"taxonomy":"langue","embeddable":true,"href":"https:\/\/arfolk.bzh\/br\/wp-json\/wp\/v2\/langue?post=3109"},{"taxonomy":"style","embeddable":true,"href":"https:\/\/arfolk.bzh\/br\/wp-json\/wp\/v2\/style?post=3109"},{"taxonomy":"supports","embeddable":true,"href":"https:\/\/arfolk.bzh\/br\/wp-json\/wp\/v2\/supports?post=3109"}],"curies":[{"name":"wp","href":"https:\/\/api.w.org\/{rel}","templated":true}]}}