{"id":3739,"date":"2025-05-15T15:41:12","date_gmt":"2025-05-15T13:41:12","guid":{"rendered":"https:\/\/arfolk.bzh\/?post_type=product&#038;p=3739"},"modified":"2025-12-11T10:38:38","modified_gmt":"2025-12-11T09:38:38","slug":"loened-fall-start-da-lacho","status":"publish","type":"product","link":"https:\/\/arfolk.bzh\/br\/boutique\/loened-fall-start-da-lacho\/","title":{"rendered":"LOENED FALL &#8211; Start da lac&rsquo;ho"},"content":{"rendered":"<p><iframe loading=\"lazy\" title=\"Start da lac&#039;ho\" width=\"1080\" height=\"608\" src=\"https:\/\/www.youtube.com\/embed\/videoseries?list=OLAK5uy_l4SSxduymwUD3iTfnX3ZmP0hOtwJCH6TU\"  allow=\"accelerometer; autoplay; clipboard-write; encrypted-media; gyroscope; picture-in-picture; web-share\" referrerpolicy=\"strict-origin-when-cross-origin\" allowfullscreen><\/iframe><\/p>\n<p><b>Ce nouvel album \u00e9tait tr\u00e8s attendu : plus de dix ans se sont \u00e9coul\u00e9s depuis le pr\u00e9c\u00e9dent, dix ans au cours desquels<\/b> <b>le nouveau <\/b><b><i>talabarder, <\/i><\/b><b>Ronan Le Dissez, est venu apporter sa propre expertise \u00e0 la bombarde et \u00e0 la fl\u00fbte traversi\u00e8re en bois.<\/b><\/p>\n<p><span style=\"font-weight: 400;\">Le projet d&rsquo;enregistrement a \u00e9t\u00e9 retard\u00e9 d&rsquo;abord par des probl\u00e8mes de sant\u00e9 d&rsquo;un des membres du groupe, puis par la crise du Covid. Apr\u00e8s cette derni\u00e8re, la reprise s&rsquo;est cependant faite avec un regain d&rsquo;app\u00e9tit, sur sc\u00e8ne et dans la salle, qui se refl\u00e8te dans les nouveaux morceaux de Loened Fall\u00a0: plus que jamais, il y est question de cette forme de gravit\u00e9 dans la f\u00eate, tant\u00f4t joie intime et tant\u00f4t rage lib\u00e9ratrice, marque d&rsquo;une <\/span><i><span style=\"font-weight: 400;\">da\u00f1s-tro<\/span><\/i><span style=\"font-weight: 400;\"> (ronde) r\u00e9ussie. C&rsquo;est le sens du titre de cet album, allusion au proverbe\u00a0<strong>\u00ab\u00a0<\/strong><\/span><strong><i>Al loened fall zo start da lac&rsquo;ho\u00a0<\/i><\/strong><span style=\"font-weight: 400;\"><strong>\u00bb\u00a0: les mauvaises b\u00eates sont dures \u00e0 tuer\u00a0<\/strong>\u2013 ce qu&rsquo;on dit en souriant pour f\u00e9liciter quelqu&rsquo;un de sa gu\u00e9rison ou de son endurance.\u00a0<\/span><\/p>\n<p><span style=\"font-weight: 400;\">Cette r\u00e9silience qui lui permet de c\u00e9l\u00e9brer le temps long de la musique traditionnelle, Loened Fall la doit aussi \u00e0 une \u00ab\u00a0famille\u00a0\u00bb d&rsquo;amis musiciens qui viennent r\u00e9guli\u00e8rement en renfort. <\/span><b>Il \u00e9tait tout naturel d&rsquo;inviter deux des plus constants compagnons de route \u00e0 participer \u00e0 cet album\u00a0: la chanteuse Nol\u00f9en Le Buh\u00e9 et le violoniste Pierre St\u00e9phan,<\/b><span style=\"font-weight: 400;\"> eux aussi riches de trois d\u00e9cennies d&rsquo;exp\u00e9riences tr\u00e8s diverses.\u00a0<\/span><\/p>\n<p><span style=\"font-weight: 400;\">Nol\u00f9en Le Buh\u00e9 rejoindra aussi\u00a0Marthe Vassallo pour une des deux \u00ab\u00a0reprises de souffle\u00a0\u00bb\u00a0enregistr\u00e9es, elles, en studio : <\/span><b>deux miniatures m\u00e9lodiques qui apporteront l&rsquo;une le son po\u00e9tique du Dulcitone (un rare clavier du XIXe si\u00e8cle, proche du c\u00e9lesta), et l&rsquo;autre le souffle d&rsquo;un grand sonneur au biniou, Jean Baron, \u00ab\u00a0comp\u00e8re\u00a0\u00bb de Ronan Le Dissez.<\/b><span style=\"font-weight: 400;\"> Deux plages pens\u00e9es comme ces moments, au milieu de la f\u00eate, o\u00f9 l&rsquo;on sort de la salle respirer un peu de calme et d&rsquo;air frais\u2026\u00a0avant de retourner de plus belle mouiller la chemise dans la ronde.<\/span><\/p>\n<p>Tracklist de <em>Start da lac&rsquo;ho<\/em> :<\/p>\n<ol>\n<li><strong>Ar bloavehz 1932 (1)<\/strong> &#8211; plin ton simple<\/li>\n<li><strong>Bal du Coldu<\/strong> &#8211; plin<\/li>\n<li><strong>Ar bloavezh 1932 (2)<\/strong> &#8211; plin ton double<\/li>\n<li><strong>Pa basan &lsquo;brazo ar g\u00ear-ma\u00f1<\/strong> &#8211; pourlet<\/li>\n<li><strong>A pa oen-me bihan<\/strong> &#8211; hanter-dro<\/li>\n<li><strong>Valse d&rsquo;Ana\u00eblle \/ Valse des yeux en capote de fiacre<\/strong><\/li>\n<li><strong>Etreamb-ni, bambocherion<\/strong><\/li>\n<li><strong>Distro ar martolod (1)<\/strong> &#8211; gavotte ton simple<\/li>\n<li><strong>Son ar c&rsquo;hwenn<\/strong> &#8211; bal<\/li>\n<li><strong>Distro ar martolod (2)<\/strong> &#8211; gavotte ton double<\/li>\n<li><strong>Daou avalig ruz<\/strong> &#8211; carte blanche \u00e0 Nol\u00f9en Le Buh\u00e9<\/li>\n<li><strong>Mari-Louiz Bepred<\/strong> &#8211; kost ar c&rsquo;hoad<\/li>\n<li><strong>Ja\u00f1 Bihan poulichen (1)<\/strong> &#8211; fisel ton simple<\/li>\n<li><strong>Pa vez pignet ar sonerien<\/strong> &#8211; bal fisel<\/li>\n<li><strong>Ja\u00f1 Bihan poulichen (1)<\/strong> &#8211; fisel ton double<\/li>\n<\/ol>","protected":false},"excerpt":{"rendered":"<p>Un nouvel album tr\u00e8s attendu : plus de dix ans se sont \u00e9coul\u00e9s depuis le pr\u00e9c\u00e9dent !<\/p>\n<p><b>Un enregistrement en live, comme les pr\u00e9c\u00e9dents :<\/b><span style=\"font-weight: 400;\"> l&rsquo;interaction avec les danseurs dans la salle fait partie int\u00e9grante de l&rsquo;\u00e9criture du groupe.<\/span><\/p>\n<p><span style=\"font-weight: 400;\">\u00ab <\/span><i><span style=\"font-weight: 400;\">Al loened fall zo start da lac&rsquo;ho\u00a0<\/span><\/i><span style=\"font-weight: 400;\">\u00bb : les mauvaises b\u00eates sont dures \u00e0 tuer \u2013 \u00a0un proverbe qui va tellement bien \u00e0 ce groupe \u00e9nergique qui reste un incontournable de la sc\u00e8ne bretonne !!!<\/span><\/p>\n<p>\u00c9couter en streaming : <a href=\"https:\/\/arfolk.fanlink.tv\/LfSdL\">https:\/\/arfolk.fanlink.tv\/LfSdL<\/a><\/p>","protected":false},"featured_media":3741,"template":"","meta":{"_acf_changed":false,"_et_pb_use_builder":"","_et_pb_old_content":"","_et_gb_content_width":""},"product_brand":[],"false":[94],"product_tag":[],"disponible_a_la_vente":[38],"langue":[73,75],"style":[76],"supports":[86,88],"class_list":{"0":"post-3739","1":"product","2":"type-product","3":"status-publish","4":"has-post-thumbnail","6":"product_cat-loened-fall","7":"disponible_a_la_vente-disponible-a-la-vente","8":"langue-breton","9":"langue-instrumental","10":"style-fest-noz","11":"supports-cd","12":"supports-dematerialise","14":"first","15":"instock","16":"taxable","17":"shipping-taxable","18":"purchasable","19":"product-type-simple"},"acf":[],"yoast_head":"<!-- This site is optimized with the Yoast SEO Premium plugin v24.0 (Yoast SEO v27.3) - https:\/\/yoast.com\/product\/yoast-seo-premium-wordpress\/ -->\n<title>Album de LOENED FALL - Start da lac&#039;ho<\/title>\n<meta name=\"description\" content=\"Retrouvez l&#039;album de LOENED FALL - Start da lac&#039;ho. Commandez directement en ligne sur arfolk.bzh, le label discographique breton.\" \/>\n<meta name=\"robots\" content=\"index, follow, max-snippet:-1, max-image-preview:large, max-video-preview:-1\" \/>\n<link rel=\"canonical\" href=\"https:\/\/arfolk.bzh\/br\/boutique\/loened-fall-start-da-lacho\/\" \/>\n<script type=\"application\/ld+json\" class=\"yoast-schema-graph\">{\"@context\":\"https:\\\/\\\/schema.org\",\"@graph\":[{\"@type\":\"WebPage\",\"@id\":\"https:\\\/\\\/arfolk.bzh\\\/boutique\\\/loened-fall-start-da-lacho\\\/\",\"url\":\"https:\\\/\\\/arfolk.bzh\\\/boutique\\\/loened-fall-start-da-lacho\\\/\",\"name\":\"Album de LOENED FALL - Start da lac'ho\",\"isPartOf\":{\"@id\":\"https:\\\/\\\/arfolk.bzh\\\/#website\"},\"primaryImageOfPage\":{\"@id\":\"https:\\\/\\\/arfolk.bzh\\\/boutique\\\/loened-fall-start-da-lacho\\\/#primaryimage\"},\"image\":{\"@id\":\"https:\\\/\\\/arfolk.bzh\\\/boutique\\\/loened-fall-start-da-lacho\\\/#primaryimage\"},\"thumbnailUrl\":\"https:\\\/\\\/arfolk.bzh\\\/wp-content\\\/uploads\\\/2025\\\/05\\\/loenedfall-startdalacho-arfolk-2025-3000x3000-rvb.webp\",\"datePublished\":\"2025-05-15T13:41:12+00:00\",\"dateModified\":\"2025-12-11T09:38:38+00:00\",\"description\":\"Retrouvez l'album de LOENED FALL - Start da lac'ho. Commandez directement en ligne sur arfolk.bzh, le label discographique breton.\",\"breadcrumb\":{\"@id\":\"https:\\\/\\\/arfolk.bzh\\\/boutique\\\/loened-fall-start-da-lacho\\\/#breadcrumb\"},\"inLanguage\":\"br-FR\",\"potentialAction\":[{\"@type\":\"ReadAction\",\"target\":[\"https:\\\/\\\/arfolk.bzh\\\/boutique\\\/loened-fall-start-da-lacho\\\/\"]}]},{\"@type\":\"ImageObject\",\"inLanguage\":\"br-FR\",\"@id\":\"https:\\\/\\\/arfolk.bzh\\\/boutique\\\/loened-fall-start-da-lacho\\\/#primaryimage\",\"url\":\"https:\\\/\\\/arfolk.bzh\\\/wp-content\\\/uploads\\\/2025\\\/05\\\/loenedfall-startdalacho-arfolk-2025-3000x3000-rvb.webp\",\"contentUrl\":\"https:\\\/\\\/arfolk.bzh\\\/wp-content\\\/uploads\\\/2025\\\/05\\\/loenedfall-startdalacho-arfolk-2025-3000x3000-rvb.webp\",\"width\":1440,\"height\":1440,\"caption\":\"LOENEDFALL-StartDaLacho-Arfolk-2025-3000x3000-RVB\"},{\"@type\":\"BreadcrumbList\",\"@id\":\"https:\\\/\\\/arfolk.bzh\\\/boutique\\\/loened-fall-start-da-lacho\\\/#breadcrumb\",\"itemListElement\":[{\"@type\":\"ListItem\",\"position\":1,\"name\":\"Accueil\",\"item\":\"https:\\\/\\\/arfolk.bzh\\\/\"},{\"@type\":\"ListItem\",\"position\":2,\"name\":\"Boutique\",\"item\":\"https:\\\/\\\/arfolk.bzh\\\/boutique\\\/\"},{\"@type\":\"ListItem\",\"position\":3,\"name\":\"LOENED FALL &#8211; Start da lac&rsquo;ho\"}]},{\"@type\":\"WebSite\",\"@id\":\"https:\\\/\\\/arfolk.bzh\\\/#website\",\"url\":\"https:\\\/\\\/arfolk.bzh\\\/\",\"name\":\"Arfolk\",\"description\":\"Label discographique sp\u00e9cialis\u00e9 dans la musique bretonne\",\"publisher\":{\"@id\":\"https:\\\/\\\/arfolk.bzh\\\/#organization\"},\"potentialAction\":[{\"@type\":\"SearchAction\",\"target\":{\"@type\":\"EntryPoint\",\"urlTemplate\":\"https:\\\/\\\/arfolk.bzh\\\/?s={search_term_string}\"},\"query-input\":{\"@type\":\"PropertyValueSpecification\",\"valueRequired\":true,\"valueName\":\"search_term_string\"}}],\"inLanguage\":\"br-FR\"},{\"@type\":\"Organization\",\"@id\":\"https:\\\/\\\/arfolk.bzh\\\/#organization\",\"name\":\"Arfolk\",\"alternateName\":\"Le label de la musique bretonne\",\"url\":\"https:\\\/\\\/arfolk.bzh\\\/\",\"logo\":{\"@type\":\"ImageObject\",\"inLanguage\":\"br-FR\",\"@id\":\"https:\\\/\\\/arfolk.bzh\\\/#\\\/schema\\\/logo\\\/image\\\/\",\"url\":\"https:\\\/\\\/arfolk.bzh\\\/wp-content\\\/uploads\\\/2023\\\/11\\\/cropped-logo-label-de-musique-breton-arfolf-vignette.webp\",\"contentUrl\":\"https:\\\/\\\/arfolk.bzh\\\/wp-content\\\/uploads\\\/2023\\\/11\\\/cropped-logo-label-de-musique-breton-arfolf-vignette.webp\",\"width\":512,\"height\":512,\"caption\":\"Arfolk\"},\"image\":{\"@id\":\"https:\\\/\\\/arfolk.bzh\\\/#\\\/schema\\\/logo\\\/image\\\/\"},\"sameAs\":[\"https:\\\/\\\/www.facebook.com\\\/Arfolkmusik\",\"https:\\\/\\\/www.instagram.com\\\/arfolkmusik\\\/\"]}]}<\/script>\n<!-- \/ Yoast SEO Premium plugin. -->","yoast_head_json":{"title":"Album de LOENED FALL - Start da lac'ho","description":"Retrouvez l'album de LOENED FALL - Start da lac'ho. Commandez directement en ligne sur arfolk.bzh, le label discographique breton.","robots":{"index":"index","follow":"follow","max-snippet":"max-snippet:-1","max-image-preview":"max-image-preview:large","max-video-preview":"max-video-preview:-1"},"canonical":"https:\/\/arfolk.bzh\/br\/boutique\/loened-fall-start-da-lacho\/","schema":{"@context":"https:\/\/schema.org","@graph":[{"@type":"WebPage","@id":"https:\/\/arfolk.bzh\/boutique\/loened-fall-start-da-lacho\/","url":"https:\/\/arfolk.bzh\/boutique\/loened-fall-start-da-lacho\/","name":"Album de LOENED FALL - Start da lac'ho","isPartOf":{"@id":"https:\/\/arfolk.bzh\/#website"},"primaryImageOfPage":{"@id":"https:\/\/arfolk.bzh\/boutique\/loened-fall-start-da-lacho\/#primaryimage"},"image":{"@id":"https:\/\/arfolk.bzh\/boutique\/loened-fall-start-da-lacho\/#primaryimage"},"thumbnailUrl":"https:\/\/arfolk.bzh\/wp-content\/uploads\/2025\/05\/loenedfall-startdalacho-arfolk-2025-3000x3000-rvb.webp","datePublished":"2025-05-15T13:41:12+00:00","dateModified":"2025-12-11T09:38:38+00:00","description":"Retrouvez l'album de LOENED FALL - Start da lac'ho. Commandez directement en ligne sur arfolk.bzh, le label discographique breton.","breadcrumb":{"@id":"https:\/\/arfolk.bzh\/boutique\/loened-fall-start-da-lacho\/#breadcrumb"},"inLanguage":"br-FR","potentialAction":[{"@type":"ReadAction","target":["https:\/\/arfolk.bzh\/boutique\/loened-fall-start-da-lacho\/"]}]},{"@type":"ImageObject","inLanguage":"br-FR","@id":"https:\/\/arfolk.bzh\/boutique\/loened-fall-start-da-lacho\/#primaryimage","url":"https:\/\/arfolk.bzh\/wp-content\/uploads\/2025\/05\/loenedfall-startdalacho-arfolk-2025-3000x3000-rvb.webp","contentUrl":"https:\/\/arfolk.bzh\/wp-content\/uploads\/2025\/05\/loenedfall-startdalacho-arfolk-2025-3000x3000-rvb.webp","width":1440,"height":1440,"caption":"LOENEDFALL-StartDaLacho-Arfolk-2025-3000x3000-RVB"},{"@type":"BreadcrumbList","@id":"https:\/\/arfolk.bzh\/boutique\/loened-fall-start-da-lacho\/#breadcrumb","itemListElement":[{"@type":"ListItem","position":1,"name":"Accueil","item":"https:\/\/arfolk.bzh\/"},{"@type":"ListItem","position":2,"name":"Boutique","item":"https:\/\/arfolk.bzh\/boutique\/"},{"@type":"ListItem","position":3,"name":"LOENED FALL &#8211; Start da lac&rsquo;ho"}]},{"@type":"WebSite","@id":"https:\/\/arfolk.bzh\/#website","url":"https:\/\/arfolk.bzh\/","name":"Arfolk","description":"Label discographique sp\u00e9cialis\u00e9 dans la musique bretonne","publisher":{"@id":"https:\/\/arfolk.bzh\/#organization"},"potentialAction":[{"@type":"SearchAction","target":{"@type":"EntryPoint","urlTemplate":"https:\/\/arfolk.bzh\/?s={search_term_string}"},"query-input":{"@type":"PropertyValueSpecification","valueRequired":true,"valueName":"search_term_string"}}],"inLanguage":"br-FR"},{"@type":"Organization","@id":"https:\/\/arfolk.bzh\/#organization","name":"Arfolk","alternateName":"Le label de la musique bretonne","url":"https:\/\/arfolk.bzh\/","logo":{"@type":"ImageObject","inLanguage":"br-FR","@id":"https:\/\/arfolk.bzh\/#\/schema\/logo\/image\/","url":"https:\/\/arfolk.bzh\/wp-content\/uploads\/2023\/11\/cropped-logo-label-de-musique-breton-arfolf-vignette.webp","contentUrl":"https:\/\/arfolk.bzh\/wp-content\/uploads\/2023\/11\/cropped-logo-label-de-musique-breton-arfolf-vignette.webp","width":512,"height":512,"caption":"Arfolk"},"image":{"@id":"https:\/\/arfolk.bzh\/#\/schema\/logo\/image\/"},"sameAs":["https:\/\/www.facebook.com\/Arfolkmusik","https:\/\/www.instagram.com\/arfolkmusik\/"]}]}},"jetpack_sharing_enabled":true,"_links":{"self":[{"href":"https:\/\/arfolk.bzh\/br\/wp-json\/wp\/v2\/product\/3739","targetHints":{"allow":["GET"]}}],"collection":[{"href":"https:\/\/arfolk.bzh\/br\/wp-json\/wp\/v2\/product"}],"about":[{"href":"https:\/\/arfolk.bzh\/br\/wp-json\/wp\/v2\/types\/product"}],"wp:featuredmedia":[{"embeddable":true,"href":"https:\/\/arfolk.bzh\/br\/wp-json\/wp\/v2\/media\/3741"}],"wp:attachment":[{"href":"https:\/\/arfolk.bzh\/br\/wp-json\/wp\/v2\/media?parent=3739"}],"wp:term":[{"taxonomy":"product_brand","embeddable":true,"href":"https:\/\/arfolk.bzh\/br\/wp-json\/wp\/v2\/product_brand?post=3739"},{"taxonomy":"product_cat","embeddable":true,"href":"https:\/\/arfolk.bzh\/br\/wp-json\/wp\/v2\/false?post=3739"},{"taxonomy":"product_tag","embeddable":true,"href":"https:\/\/arfolk.bzh\/br\/wp-json\/wp\/v2\/product_tag?post=3739"},{"taxonomy":"disponible_a_la_vente","embeddable":true,"href":"https:\/\/arfolk.bzh\/br\/wp-json\/wp\/v2\/disponible_a_la_vente?post=3739"},{"taxonomy":"langue","embeddable":true,"href":"https:\/\/arfolk.bzh\/br\/wp-json\/wp\/v2\/langue?post=3739"},{"taxonomy":"style","embeddable":true,"href":"https:\/\/arfolk.bzh\/br\/wp-json\/wp\/v2\/style?post=3739"},{"taxonomy":"supports","embeddable":true,"href":"https:\/\/arfolk.bzh\/br\/wp-json\/wp\/v2\/supports?post=3739"}],"curies":[{"name":"wp","href":"https:\/\/api.w.org\/{rel}","templated":true}]}}