{"id":2523,"date":"2019-05-10T20:17:56","date_gmt":"2019-05-10T18:17:56","guid":{"rendered":"https:\/\/arfolk.bzh\/boutique\/chiur-d-hommes-de-pontivy-voix-de-bretagne\/"},"modified":"2025-12-11T11:16:36","modified_gmt":"2025-12-11T10:16:36","slug":"choeur-d-hommes-de-pontivy-voix-de-bretagne","status":"publish","type":"product","link":"https:\/\/arfolk.bzh\/en\/boutique\/choeur-d-hommes-de-pontivy-voix-de-bretagne\/","title":{"rendered":"Choeur d&rsquo;hommes de Pontivy &#8211; Chants sacr\u00e9s \u00e0 Carnac"},"content":{"rendered":"<p>Les 24 chanteurs sont bretonnants de naissance. Ils pr\u00e9sentent ici des chants sacr\u00e9s et profanes bretons, des cantiques et m\u00e9lodies traditionnelles, accompagn\u00e9s d&rsquo;un duo bombarde et orgue. L&rsquo;enregistrement s&rsquo;est fait en l&rsquo;\u00e9glise Saint-Corn\u00e9ly\u00a0de Carnac, dont le porche exceptionnel est reproduit sur la jaquette.<\/p>\n<p>Le groupe fait la d\u00e9monstration d&rsquo;une fa\u00e7on unique de chanter, comme \u00ab\u00a0autrefois\u00a0\u00bb, avec une technique vocale \u00ab\u00a0a bouez penn\u00a0\u00bb, propre \u00e0 ceux qui vivent les textes qu&rsquo;ils chantent, y investissant spontan\u00e9ment leur \u00e9nergie physique et spirituelle, comme pour le kan-ha-diskan ou le gospel, par exemple.<\/p>\n<p>Un art qui n&rsquo;est plus transmis aujourd&rsquo;hui et dont ils sont de ce fait, les derniers repr\u00e9sentants.<\/p>\n<p><iframe loading=\"lazy\" title=\"Kaloneu Derv Bro Pondi - Kanenneu \u00e9 iliz Karnag - Chants sacr\u00e9s bretons \u00e0 Carnac\" width=\"1080\" height=\"608\" src=\"https:\/\/www.youtube.com\/embed\/videoseries?list=PLQMZD0e8YHDL3UjKyWh2D3A5dqrrCIBss\"  allow=\"accelerometer; autoplay; clipboard-write; encrypted-media; gyroscope; picture-in-picture; web-share\" referrerpolicy=\"strict-origin-when-cross-origin\" allowfullscreen><\/iframe><\/p>\n<p><strong>Tracklist de \u00a0\u00bb Kanenneu \u00e9 iliz Karnag \u00a0\u00bb :<\/strong><\/p>\n<ol>\n<li><strong>Guerzenn Intron Varia er Jo\u00e9<\/strong><\/li>\n<li><strong><span class=\"titre\">Intron Varia ar leuin\u00e9<\/span><\/strong><\/li>\n<li><strong><span class=\"titre\">Santez Mari, gwir vamm de zou\u00e9<\/span><\/strong><\/li>\n<li><strong><span class=\"titre\">Ni ho salud get karant\u00e9<\/span><\/strong><\/li>\n<li><strong><span class=\"titre\">Salud chap\u00e9l Karu\u00e9z<\/span><\/strong><\/li>\n<li><strong><span class=\"titre\">O guerhi\u00e9z er Salet<\/span><\/strong><\/li>\n<li><strong><span class=\"titre\">Guerhi\u00e9z Sant\u00e9l, a lein an n\u00e9an<\/span><\/strong><\/li>\n<li><strong><span class=\"titre\">Ni ho salud, rouan\u00e9z an n\u00e9an<\/span><\/strong><\/li>\n<li><strong><span class=\"titre\">Anjelus amzer bask<\/span><\/strong><\/li>\n<li><strong><span class=\"titre\">A-pe oen-m\u00e9 yeuank<\/span><\/strong><\/li>\n<li><strong><span class=\"titre\">Intron Varia Kel\u00f9enn<\/span><\/strong><\/li>\n<li><strong><span class=\"titre\">Gu\u00e9rhi\u00e9z Vari a Garnassenn<\/span><\/strong><\/li>\n<li><strong><span class=\"titre\">Intron sant\u00e9l er Gelleouit<\/span><\/strong><\/li>\n<li><strong><span class=\"titre\">Deit, ni ho ped, spered santel<\/span><\/strong><\/li>\n<li><strong><span class=\"titre\">Sant Korn\u00e9li<\/span><\/strong><\/li>\n<li><strong><span class=\"titre\">Intron Sant\u00e9z Anna<\/span><\/strong><\/li>\n<li><strong><span class=\"titre\">De f\u00e9 hun tadeu kouh<\/span><\/strong><\/li>\n<li><strong>Bro gozh me zadeu<\/strong><\/li>\n<\/ol>","protected":false},"excerpt":{"rendered":"<p>Ce CD est un bijou qui contient des cantiques officiels et non officiels, souvent tr\u00e8s myst\u00e9rieux, issus de traditions pa\u00efennes et mythologiques celtes.<\/p>\n<p>Des chants s\u00e9culaires non alt\u00e9r\u00e9s par la main de l&rsquo;\u00c9glise.<\/p>\n<p>Un voyage dans un pays et dans le temps, un pr\u00e9cieux h\u00e9ritage.<\/p>\n<p>Ecoutez en Streaming : <a href=\"https:\/\/fanlink.tv\/wczB\"><strong>https:\/\/fanlink.tv\/wczB<\/strong><\/a><\/p>","protected":false},"featured_media":2263,"template":"","meta":{"_acf_changed":false,"_et_pb_use_builder":"","_et_pb_old_content":"","_et_gb_content_width":""},"product_brand":[],"false":[32],"product_tag":[],"disponible_a_la_vente":[38],"langue":[73],"style":[79],"supports":[86],"class_list":{"0":"post-2523","1":"product","2":"type-product","3":"status-publish","4":"has-post-thumbnail","6":"product_cat-non-classe","7":"disponible_a_la_vente-disponible-a-la-vente","8":"langue-breton","9":"style-traditionnel-kan-ha-diskan","10":"supports-cd","12":"first","13":"instock","14":"purchasable","15":"product-type-simple"},"acf":[],"yoast_head":"<!-- This site is optimized with the Yoast SEO Premium plugin v24.0 (Yoast SEO v27.3) - https:\/\/yoast.com\/product\/yoast-seo-premium-wordpress\/ -->\n<title>Album du Choeur d&#039;hommes de Pontivy - Chants sacr\u00e9s \u00e0 Carnac<\/title>\n<meta name=\"description\" content=\"Retrouvez l&#039;album du Choeur d&#039;hommes de Pontivy - Chants sacr\u00e9s \u00e0 Carnac. Commandez directement en ligne sur arfolk.bzh, le label discographique breton.\" \/>\n<meta name=\"robots\" content=\"index, follow, max-snippet:-1, max-image-preview:large, max-video-preview:-1\" \/>\n<link rel=\"canonical\" href=\"https:\/\/arfolk.bzh\/en\/boutique\/choeur-d-hommes-de-pontivy-voix-de-bretagne\/\" \/>\n<script type=\"application\/ld+json\" class=\"yoast-schema-graph\">{\"@context\":\"https:\\\/\\\/schema.org\",\"@graph\":[{\"@type\":\"WebPage\",\"@id\":\"https:\\\/\\\/arfolk.bzh\\\/boutique\\\/choeur-d-hommes-de-pontivy-voix-de-bretagne\\\/\",\"url\":\"https:\\\/\\\/arfolk.bzh\\\/boutique\\\/choeur-d-hommes-de-pontivy-voix-de-bretagne\\\/\",\"name\":\"Album du Choeur d'hommes de Pontivy - Chants sacr\u00e9s \u00e0 Carnac\",\"isPartOf\":{\"@id\":\"https:\\\/\\\/arfolk.bzh\\\/#website\"},\"primaryImageOfPage\":{\"@id\":\"https:\\\/\\\/arfolk.bzh\\\/boutique\\\/choeur-d-hommes-de-pontivy-voix-de-bretagne\\\/#primaryimage\"},\"image\":{\"@id\":\"https:\\\/\\\/arfolk.bzh\\\/boutique\\\/choeur-d-hommes-de-pontivy-voix-de-bretagne\\\/#primaryimage\"},\"thumbnailUrl\":\"https:\\\/\\\/arfolk.bzh\\\/wp-content\\\/uploads\\\/2024\\\/04\\\/choeurdhommesdepontivy_voixdebretagne-scaled.jpg\",\"datePublished\":\"2019-05-10T18:17:56+00:00\",\"dateModified\":\"2025-12-11T10:16:36+00:00\",\"description\":\"Retrouvez l'album du Choeur d'hommes de Pontivy - Chants sacr\u00e9s \u00e0 Carnac. Commandez directement en ligne sur arfolk.bzh, le label discographique breton.\",\"breadcrumb\":{\"@id\":\"https:\\\/\\\/arfolk.bzh\\\/boutique\\\/choeur-d-hommes-de-pontivy-voix-de-bretagne\\\/#breadcrumb\"},\"inLanguage\":\"en-US\",\"potentialAction\":[{\"@type\":\"ReadAction\",\"target\":[\"https:\\\/\\\/arfolk.bzh\\\/boutique\\\/choeur-d-hommes-de-pontivy-voix-de-bretagne\\\/\"]}]},{\"@type\":\"ImageObject\",\"inLanguage\":\"en-US\",\"@id\":\"https:\\\/\\\/arfolk.bzh\\\/boutique\\\/choeur-d-hommes-de-pontivy-voix-de-bretagne\\\/#primaryimage\",\"url\":\"https:\\\/\\\/arfolk.bzh\\\/wp-content\\\/uploads\\\/2024\\\/04\\\/choeurdhommesdepontivy_voixdebretagne-scaled.jpg\",\"contentUrl\":\"https:\\\/\\\/arfolk.bzh\\\/wp-content\\\/uploads\\\/2024\\\/04\\\/choeurdhommesdepontivy_voixdebretagne-scaled.jpg\",\"width\":2560,\"height\":2560,\"caption\":\"choeurdhommesdepontivy voixdebretagne\"},{\"@type\":\"BreadcrumbList\",\"@id\":\"https:\\\/\\\/arfolk.bzh\\\/boutique\\\/choeur-d-hommes-de-pontivy-voix-de-bretagne\\\/#breadcrumb\",\"itemListElement\":[{\"@type\":\"ListItem\",\"position\":1,\"name\":\"Accueil\",\"item\":\"https:\\\/\\\/arfolk.bzh\\\/\"},{\"@type\":\"ListItem\",\"position\":2,\"name\":\"Boutique\",\"item\":\"https:\\\/\\\/arfolk.bzh\\\/boutique\\\/\"},{\"@type\":\"ListItem\",\"position\":3,\"name\":\"Choeur d&rsquo;hommes de Pontivy &#8211; Chants sacr\u00e9s \u00e0 Carnac\"}]},{\"@type\":\"WebSite\",\"@id\":\"https:\\\/\\\/arfolk.bzh\\\/#website\",\"url\":\"https:\\\/\\\/arfolk.bzh\\\/\",\"name\":\"Arfolk\",\"description\":\"Label discographique sp\u00e9cialis\u00e9 dans la musique bretonne\",\"publisher\":{\"@id\":\"https:\\\/\\\/arfolk.bzh\\\/#organization\"},\"potentialAction\":[{\"@type\":\"SearchAction\",\"target\":{\"@type\":\"EntryPoint\",\"urlTemplate\":\"https:\\\/\\\/arfolk.bzh\\\/?s={search_term_string}\"},\"query-input\":{\"@type\":\"PropertyValueSpecification\",\"valueRequired\":true,\"valueName\":\"search_term_string\"}}],\"inLanguage\":\"en-US\"},{\"@type\":\"Organization\",\"@id\":\"https:\\\/\\\/arfolk.bzh\\\/#organization\",\"name\":\"Arfolk\",\"alternateName\":\"Le label de la musique bretonne\",\"url\":\"https:\\\/\\\/arfolk.bzh\\\/\",\"logo\":{\"@type\":\"ImageObject\",\"inLanguage\":\"en-US\",\"@id\":\"https:\\\/\\\/arfolk.bzh\\\/#\\\/schema\\\/logo\\\/image\\\/\",\"url\":\"https:\\\/\\\/arfolk.bzh\\\/wp-content\\\/uploads\\\/2023\\\/11\\\/cropped-logo-label-de-musique-breton-arfolf-vignette.webp\",\"contentUrl\":\"https:\\\/\\\/arfolk.bzh\\\/wp-content\\\/uploads\\\/2023\\\/11\\\/cropped-logo-label-de-musique-breton-arfolf-vignette.webp\",\"width\":512,\"height\":512,\"caption\":\"Arfolk\"},\"image\":{\"@id\":\"https:\\\/\\\/arfolk.bzh\\\/#\\\/schema\\\/logo\\\/image\\\/\"},\"sameAs\":[\"https:\\\/\\\/www.facebook.com\\\/Arfolkmusik\",\"https:\\\/\\\/www.instagram.com\\\/arfolkmusik\\\/\"]}]}<\/script>\n<!-- \/ Yoast SEO Premium plugin. -->","yoast_head_json":{"title":"Album du Choeur d'hommes de Pontivy - Chants sacr\u00e9s \u00e0 Carnac","description":"Retrouvez l'album du Choeur d'hommes de Pontivy - Chants sacr\u00e9s \u00e0 Carnac. Commandez directement en ligne sur arfolk.bzh, le label discographique breton.","robots":{"index":"index","follow":"follow","max-snippet":"max-snippet:-1","max-image-preview":"max-image-preview:large","max-video-preview":"max-video-preview:-1"},"canonical":"https:\/\/arfolk.bzh\/en\/boutique\/choeur-d-hommes-de-pontivy-voix-de-bretagne\/","schema":{"@context":"https:\/\/schema.org","@graph":[{"@type":"WebPage","@id":"https:\/\/arfolk.bzh\/boutique\/choeur-d-hommes-de-pontivy-voix-de-bretagne\/","url":"https:\/\/arfolk.bzh\/boutique\/choeur-d-hommes-de-pontivy-voix-de-bretagne\/","name":"Album du Choeur d'hommes de Pontivy - Chants sacr\u00e9s \u00e0 Carnac","isPartOf":{"@id":"https:\/\/arfolk.bzh\/#website"},"primaryImageOfPage":{"@id":"https:\/\/arfolk.bzh\/boutique\/choeur-d-hommes-de-pontivy-voix-de-bretagne\/#primaryimage"},"image":{"@id":"https:\/\/arfolk.bzh\/boutique\/choeur-d-hommes-de-pontivy-voix-de-bretagne\/#primaryimage"},"thumbnailUrl":"https:\/\/arfolk.bzh\/wp-content\/uploads\/2024\/04\/choeurdhommesdepontivy_voixdebretagne-scaled.jpg","datePublished":"2019-05-10T18:17:56+00:00","dateModified":"2025-12-11T10:16:36+00:00","description":"Retrouvez l'album du Choeur d'hommes de Pontivy - Chants sacr\u00e9s \u00e0 Carnac. Commandez directement en ligne sur arfolk.bzh, le label discographique breton.","breadcrumb":{"@id":"https:\/\/arfolk.bzh\/boutique\/choeur-d-hommes-de-pontivy-voix-de-bretagne\/#breadcrumb"},"inLanguage":"en-US","potentialAction":[{"@type":"ReadAction","target":["https:\/\/arfolk.bzh\/boutique\/choeur-d-hommes-de-pontivy-voix-de-bretagne\/"]}]},{"@type":"ImageObject","inLanguage":"en-US","@id":"https:\/\/arfolk.bzh\/boutique\/choeur-d-hommes-de-pontivy-voix-de-bretagne\/#primaryimage","url":"https:\/\/arfolk.bzh\/wp-content\/uploads\/2024\/04\/choeurdhommesdepontivy_voixdebretagne-scaled.jpg","contentUrl":"https:\/\/arfolk.bzh\/wp-content\/uploads\/2024\/04\/choeurdhommesdepontivy_voixdebretagne-scaled.jpg","width":2560,"height":2560,"caption":"choeurdhommesdepontivy voixdebretagne"},{"@type":"BreadcrumbList","@id":"https:\/\/arfolk.bzh\/boutique\/choeur-d-hommes-de-pontivy-voix-de-bretagne\/#breadcrumb","itemListElement":[{"@type":"ListItem","position":1,"name":"Accueil","item":"https:\/\/arfolk.bzh\/"},{"@type":"ListItem","position":2,"name":"Boutique","item":"https:\/\/arfolk.bzh\/boutique\/"},{"@type":"ListItem","position":3,"name":"Choeur d&rsquo;hommes de Pontivy &#8211; Chants sacr\u00e9s \u00e0 Carnac"}]},{"@type":"WebSite","@id":"https:\/\/arfolk.bzh\/#website","url":"https:\/\/arfolk.bzh\/","name":"Arfolk","description":"Label discographique sp\u00e9cialis\u00e9 dans la musique bretonne","publisher":{"@id":"https:\/\/arfolk.bzh\/#organization"},"potentialAction":[{"@type":"SearchAction","target":{"@type":"EntryPoint","urlTemplate":"https:\/\/arfolk.bzh\/?s={search_term_string}"},"query-input":{"@type":"PropertyValueSpecification","valueRequired":true,"valueName":"search_term_string"}}],"inLanguage":"en-US"},{"@type":"Organization","@id":"https:\/\/arfolk.bzh\/#organization","name":"Arfolk","alternateName":"Le label de la musique bretonne","url":"https:\/\/arfolk.bzh\/","logo":{"@type":"ImageObject","inLanguage":"en-US","@id":"https:\/\/arfolk.bzh\/#\/schema\/logo\/image\/","url":"https:\/\/arfolk.bzh\/wp-content\/uploads\/2023\/11\/cropped-logo-label-de-musique-breton-arfolf-vignette.webp","contentUrl":"https:\/\/arfolk.bzh\/wp-content\/uploads\/2023\/11\/cropped-logo-label-de-musique-breton-arfolf-vignette.webp","width":512,"height":512,"caption":"Arfolk"},"image":{"@id":"https:\/\/arfolk.bzh\/#\/schema\/logo\/image\/"},"sameAs":["https:\/\/www.facebook.com\/Arfolkmusik","https:\/\/www.instagram.com\/arfolkmusik\/"]}]}},"jetpack_sharing_enabled":true,"_links":{"self":[{"href":"https:\/\/arfolk.bzh\/en\/wp-json\/wp\/v2\/product\/2523","targetHints":{"allow":["GET"]}}],"collection":[{"href":"https:\/\/arfolk.bzh\/en\/wp-json\/wp\/v2\/product"}],"about":[{"href":"https:\/\/arfolk.bzh\/en\/wp-json\/wp\/v2\/types\/product"}],"wp:featuredmedia":[{"embeddable":true,"href":"https:\/\/arfolk.bzh\/en\/wp-json\/wp\/v2\/media\/2263"}],"wp:attachment":[{"href":"https:\/\/arfolk.bzh\/en\/wp-json\/wp\/v2\/media?parent=2523"}],"wp:term":[{"taxonomy":"product_brand","embeddable":true,"href":"https:\/\/arfolk.bzh\/en\/wp-json\/wp\/v2\/product_brand?post=2523"},{"taxonomy":"product_cat","embeddable":true,"href":"https:\/\/arfolk.bzh\/en\/wp-json\/wp\/v2\/false?post=2523"},{"taxonomy":"product_tag","embeddable":true,"href":"https:\/\/arfolk.bzh\/en\/wp-json\/wp\/v2\/product_tag?post=2523"},{"taxonomy":"disponible_a_la_vente","embeddable":true,"href":"https:\/\/arfolk.bzh\/en\/wp-json\/wp\/v2\/disponible_a_la_vente?post=2523"},{"taxonomy":"langue","embeddable":true,"href":"https:\/\/arfolk.bzh\/en\/wp-json\/wp\/v2\/langue?post=2523"},{"taxonomy":"style","embeddable":true,"href":"https:\/\/arfolk.bzh\/en\/wp-json\/wp\/v2\/style?post=2523"},{"taxonomy":"supports","embeddable":true,"href":"https:\/\/arfolk.bzh\/en\/wp-json\/wp\/v2\/supports?post=2523"}],"curies":[{"name":"wp","href":"https:\/\/api.w.org\/{rel}","templated":true}]}}