{"id":2583,"date":"2013-11-02T20:18:36","date_gmt":"2013-11-02T19:18:36","guid":{"rendered":"https:\/\/arfolk.bzh\/boutique\/gilles-servat-cest-ca-qu-on-aime-vivre-avec\/"},"modified":"2025-12-11T11:58:41","modified_gmt":"2025-12-11T10:58:41","slug":"gilles-servat-cest-ca-qu-on-aime-vivre-avec","status":"publish","type":"product","link":"https:\/\/arfolk.bzh\/en\/boutique\/gilles-servat-cest-ca-qu-on-aime-vivre-avec\/","title":{"rendered":"Gilles Servat &#8211; C&rsquo;est \u00e7a qu&rsquo;on aime vivre avec"},"content":{"rendered":"<p><iframe loading=\"lazy\" title=\"Gilles Servat - C&#039;est \u00e7a qu&#039;on aime vivre avec\" width=\"1080\" height=\"608\" src=\"https:\/\/www.youtube.com\/embed\/videoseries?list=PLQMZD0e8YHDLN2zJSe07zGJIM3OR8RjIQ\"  allow=\"accelerometer; autoplay; clipboard-write; encrypted-media; gyroscope; picture-in-picture; web-share\" referrerpolicy=\"strict-origin-when-cross-origin\" allowfullscreen><\/iframe><\/p>\n<p>Tracklist de \u00a0\u00bb C&rsquo;est \u00e7a qu&rsquo;on aime vivre avec \u00ab\u00a0:<\/p>\n<div class=\"tracklisting-table-row border-b border-base-350\">\n<div class=\"tracklisting-track-main flex table-row items-center\">\n<div class=\"table-column-rank flex flex-col\">\n<ol>\n<li class=\"tracklisting-track-main-field text-sm font-medium text-base-content\">C&rsquo;est \u00e7a qu&rsquo;on aime vivre avec<\/li>\n<li class=\"tracklisting-track-main-field text-sm font-medium text-base-content\">Quand je reverrai ma belle<\/li>\n<li class=\"tracklisting-track-main-field text-sm font-medium text-base-content\">Sans d&rsquo;mander la permission<\/li>\n<li class=\"tracklisting-track-main-field text-sm font-medium text-base-content\">D\u00e9sertion<\/li>\n<li class=\"tracklisting-track-main-field text-sm font-medium text-base-content\">Gouleier en noz<\/li>\n<li class=\"tracklisting-track-main-field text-sm font-medium text-base-content\">Loin des neiges de la N\u00e9m\u00e9ti<\/li>\n<li class=\"tracklisting-track-main-field text-sm font-medium text-base-content\">La for\u00eat sur la rade<\/li>\n<li class=\"tracklisting-track-main-field text-sm font-medium text-base-content\">En 62 quand elle est n\u00e9e<\/li>\n<li class=\"tracklisting-track-main-field text-sm font-medium text-base-content\">Black Is the Color<\/li>\n<li class=\"tracklisting-track-main-field text-sm font-medium text-base-content\">Chanson pour Fran\u00e7ois Qu\u00e9n\u00e9chou<\/li>\n<li class=\"tracklisting-track-main-field text-sm font-medium text-base-content\">Les prol\u00e9taires<\/li>\n<li class=\"tracklisting-track-main-field text-sm font-medium text-base-content\">Peuple des dunes<\/li>\n<li class=\"tracklisting-track-main-field text-sm font-medium text-base-content\">Tad er martelod<\/li>\n<\/ol>\n<\/div>\n<\/div>\n<\/div>","protected":false},"excerpt":{"rendered":"<p>La tonalit\u00e9 de cet album est plus \u00e9lectrique que les pr\u00e9c\u00e9dents, certaines chansons sonnent carr\u00e9ment rock. On y trouve \u00e9galement des accents jazz par le piano et une grande beaut\u00e9 des guitares, en particulier sur les traditionnels.<\/p>\n<p>Inclus, un standard des ann\u00e9es 1970 : \u00ab\u00a0Les prol\u00e9taires\u00a0\u00bb<\/p>\n<p>\u00c9coutez en Streaming : <a href=\"https:\/\/fanlink.tv\/wnEQ\">https:\/\/fanlink.tv\/wnEQ<\/a><\/p>\n<p>&nbsp;<\/p>","protected":false},"featured_media":2324,"template":"","meta":{"_acf_changed":false,"_et_pb_use_builder":"","_et_pb_old_content":"","_et_gb_content_width":""},"product_brand":[],"false":[48],"product_tag":[],"disponible_a_la_vente":[],"langue":[73,72],"style":[77],"supports":[88],"class_list":{"0":"post-2583","1":"product","2":"type-product","3":"status-publish","4":"has-post-thumbnail","6":"product_cat-gilles-servat","7":"langue-breton","8":"langue-francais","9":"style-pop-rock-folk-punk","10":"supports-dematerialise","12":"first","13":"outofstock","14":"product-type-simple"},"acf":[],"yoast_head":"<!-- This site is optimized with the Yoast SEO Premium plugin v24.0 (Yoast SEO v27.3) - https:\/\/yoast.com\/product\/yoast-seo-premium-wordpress\/ -->\n<title>Album de Gilles Servat - C&#039;est \u00e7a qu&#039;on aime vivre avec<\/title>\n<meta name=\"description\" content=\"Retrouvez l&#039;album de Gilles Servat - C&#039;est \u00e7a qu&#039;on aime vivre avec. D\u00e9couvrez l&#039;album en streaming sur arfolk.bzh, le label discographique breton.\" \/>\n<meta name=\"robots\" content=\"index, follow, max-snippet:-1, max-image-preview:large, max-video-preview:-1\" \/>\n<link rel=\"canonical\" href=\"https:\/\/arfolk.bzh\/en\/boutique\/gilles-servat-cest-ca-qu-on-aime-vivre-avec\/\" \/>\n<script type=\"application\/ld+json\" class=\"yoast-schema-graph\">{\"@context\":\"https:\\\/\\\/schema.org\",\"@graph\":[{\"@type\":\"WebPage\",\"@id\":\"https:\\\/\\\/arfolk.bzh\\\/boutique\\\/gilles-servat-cest-ca-qu-on-aime-vivre-avec\\\/\",\"url\":\"https:\\\/\\\/arfolk.bzh\\\/boutique\\\/gilles-servat-cest-ca-qu-on-aime-vivre-avec\\\/\",\"name\":\"Album de Gilles Servat - C'est \u00e7a qu'on aime vivre avec\",\"isPartOf\":{\"@id\":\"https:\\\/\\\/arfolk.bzh\\\/#website\"},\"primaryImageOfPage\":{\"@id\":\"https:\\\/\\\/arfolk.bzh\\\/boutique\\\/gilles-servat-cest-ca-qu-on-aime-vivre-avec\\\/#primaryimage\"},\"image\":{\"@id\":\"https:\\\/\\\/arfolk.bzh\\\/boutique\\\/gilles-servat-cest-ca-qu-on-aime-vivre-avec\\\/#primaryimage\"},\"thumbnailUrl\":\"https:\\\/\\\/arfolk.bzh\\\/wp-content\\\/uploads\\\/2024\\\/04\\\/gillesservat_-cestcaquonaimevivreavec-scaled.jpg\",\"datePublished\":\"2013-11-02T19:18:36+00:00\",\"dateModified\":\"2025-12-11T10:58:41+00:00\",\"description\":\"Retrouvez l'album de Gilles Servat - C'est \u00e7a qu'on aime vivre avec. D\u00e9couvrez l'album en streaming sur arfolk.bzh, le label discographique breton.\",\"breadcrumb\":{\"@id\":\"https:\\\/\\\/arfolk.bzh\\\/boutique\\\/gilles-servat-cest-ca-qu-on-aime-vivre-avec\\\/#breadcrumb\"},\"inLanguage\":\"en-US\",\"potentialAction\":[{\"@type\":\"ReadAction\",\"target\":[\"https:\\\/\\\/arfolk.bzh\\\/boutique\\\/gilles-servat-cest-ca-qu-on-aime-vivre-avec\\\/\"]}]},{\"@type\":\"ImageObject\",\"inLanguage\":\"en-US\",\"@id\":\"https:\\\/\\\/arfolk.bzh\\\/boutique\\\/gilles-servat-cest-ca-qu-on-aime-vivre-avec\\\/#primaryimage\",\"url\":\"https:\\\/\\\/arfolk.bzh\\\/wp-content\\\/uploads\\\/2024\\\/04\\\/gillesservat_-cestcaquonaimevivreavec-scaled.jpg\",\"contentUrl\":\"https:\\\/\\\/arfolk.bzh\\\/wp-content\\\/uploads\\\/2024\\\/04\\\/gillesservat_-cestcaquonaimevivreavec-scaled.jpg\",\"width\":2560,\"height\":2560,\"caption\":\"gillesservat cestcaquonaimevivreavec\"},{\"@type\":\"BreadcrumbList\",\"@id\":\"https:\\\/\\\/arfolk.bzh\\\/boutique\\\/gilles-servat-cest-ca-qu-on-aime-vivre-avec\\\/#breadcrumb\",\"itemListElement\":[{\"@type\":\"ListItem\",\"position\":1,\"name\":\"Accueil\",\"item\":\"https:\\\/\\\/arfolk.bzh\\\/\"},{\"@type\":\"ListItem\",\"position\":2,\"name\":\"Boutique\",\"item\":\"https:\\\/\\\/arfolk.bzh\\\/boutique\\\/\"},{\"@type\":\"ListItem\",\"position\":3,\"name\":\"Gilles Servat &#8211; C&rsquo;est \u00e7a qu&rsquo;on aime vivre avec\"}]},{\"@type\":\"WebSite\",\"@id\":\"https:\\\/\\\/arfolk.bzh\\\/#website\",\"url\":\"https:\\\/\\\/arfolk.bzh\\\/\",\"name\":\"Arfolk\",\"description\":\"Label discographique sp\u00e9cialis\u00e9 dans la musique bretonne\",\"publisher\":{\"@id\":\"https:\\\/\\\/arfolk.bzh\\\/#organization\"},\"potentialAction\":[{\"@type\":\"SearchAction\",\"target\":{\"@type\":\"EntryPoint\",\"urlTemplate\":\"https:\\\/\\\/arfolk.bzh\\\/?s={search_term_string}\"},\"query-input\":{\"@type\":\"PropertyValueSpecification\",\"valueRequired\":true,\"valueName\":\"search_term_string\"}}],\"inLanguage\":\"en-US\"},{\"@type\":\"Organization\",\"@id\":\"https:\\\/\\\/arfolk.bzh\\\/#organization\",\"name\":\"Arfolk\",\"alternateName\":\"Le label de la musique bretonne\",\"url\":\"https:\\\/\\\/arfolk.bzh\\\/\",\"logo\":{\"@type\":\"ImageObject\",\"inLanguage\":\"en-US\",\"@id\":\"https:\\\/\\\/arfolk.bzh\\\/#\\\/schema\\\/logo\\\/image\\\/\",\"url\":\"https:\\\/\\\/arfolk.bzh\\\/wp-content\\\/uploads\\\/2023\\\/11\\\/cropped-logo-label-de-musique-breton-arfolf-vignette.webp\",\"contentUrl\":\"https:\\\/\\\/arfolk.bzh\\\/wp-content\\\/uploads\\\/2023\\\/11\\\/cropped-logo-label-de-musique-breton-arfolf-vignette.webp\",\"width\":512,\"height\":512,\"caption\":\"Arfolk\"},\"image\":{\"@id\":\"https:\\\/\\\/arfolk.bzh\\\/#\\\/schema\\\/logo\\\/image\\\/\"},\"sameAs\":[\"https:\\\/\\\/www.facebook.com\\\/Arfolkmusik\",\"https:\\\/\\\/www.instagram.com\\\/arfolkmusik\\\/\"]}]}<\/script>\n<!-- \/ Yoast SEO Premium plugin. -->","yoast_head_json":{"title":"Album de Gilles Servat - C'est \u00e7a qu'on aime vivre avec","description":"Retrouvez l'album de Gilles Servat - C'est \u00e7a qu'on aime vivre avec. D\u00e9couvrez l'album en streaming sur arfolk.bzh, le label discographique breton.","robots":{"index":"index","follow":"follow","max-snippet":"max-snippet:-1","max-image-preview":"max-image-preview:large","max-video-preview":"max-video-preview:-1"},"canonical":"https:\/\/arfolk.bzh\/en\/boutique\/gilles-servat-cest-ca-qu-on-aime-vivre-avec\/","schema":{"@context":"https:\/\/schema.org","@graph":[{"@type":"WebPage","@id":"https:\/\/arfolk.bzh\/boutique\/gilles-servat-cest-ca-qu-on-aime-vivre-avec\/","url":"https:\/\/arfolk.bzh\/boutique\/gilles-servat-cest-ca-qu-on-aime-vivre-avec\/","name":"Album de Gilles Servat - C'est \u00e7a qu'on aime vivre avec","isPartOf":{"@id":"https:\/\/arfolk.bzh\/#website"},"primaryImageOfPage":{"@id":"https:\/\/arfolk.bzh\/boutique\/gilles-servat-cest-ca-qu-on-aime-vivre-avec\/#primaryimage"},"image":{"@id":"https:\/\/arfolk.bzh\/boutique\/gilles-servat-cest-ca-qu-on-aime-vivre-avec\/#primaryimage"},"thumbnailUrl":"https:\/\/arfolk.bzh\/wp-content\/uploads\/2024\/04\/gillesservat_-cestcaquonaimevivreavec-scaled.jpg","datePublished":"2013-11-02T19:18:36+00:00","dateModified":"2025-12-11T10:58:41+00:00","description":"Retrouvez l'album de Gilles Servat - C'est \u00e7a qu'on aime vivre avec. D\u00e9couvrez l'album en streaming sur arfolk.bzh, le label discographique breton.","breadcrumb":{"@id":"https:\/\/arfolk.bzh\/boutique\/gilles-servat-cest-ca-qu-on-aime-vivre-avec\/#breadcrumb"},"inLanguage":"en-US","potentialAction":[{"@type":"ReadAction","target":["https:\/\/arfolk.bzh\/boutique\/gilles-servat-cest-ca-qu-on-aime-vivre-avec\/"]}]},{"@type":"ImageObject","inLanguage":"en-US","@id":"https:\/\/arfolk.bzh\/boutique\/gilles-servat-cest-ca-qu-on-aime-vivre-avec\/#primaryimage","url":"https:\/\/arfolk.bzh\/wp-content\/uploads\/2024\/04\/gillesservat_-cestcaquonaimevivreavec-scaled.jpg","contentUrl":"https:\/\/arfolk.bzh\/wp-content\/uploads\/2024\/04\/gillesservat_-cestcaquonaimevivreavec-scaled.jpg","width":2560,"height":2560,"caption":"gillesservat cestcaquonaimevivreavec"},{"@type":"BreadcrumbList","@id":"https:\/\/arfolk.bzh\/boutique\/gilles-servat-cest-ca-qu-on-aime-vivre-avec\/#breadcrumb","itemListElement":[{"@type":"ListItem","position":1,"name":"Accueil","item":"https:\/\/arfolk.bzh\/"},{"@type":"ListItem","position":2,"name":"Boutique","item":"https:\/\/arfolk.bzh\/boutique\/"},{"@type":"ListItem","position":3,"name":"Gilles Servat &#8211; C&rsquo;est \u00e7a qu&rsquo;on aime vivre avec"}]},{"@type":"WebSite","@id":"https:\/\/arfolk.bzh\/#website","url":"https:\/\/arfolk.bzh\/","name":"Arfolk","description":"Label discographique sp\u00e9cialis\u00e9 dans la musique bretonne","publisher":{"@id":"https:\/\/arfolk.bzh\/#organization"},"potentialAction":[{"@type":"SearchAction","target":{"@type":"EntryPoint","urlTemplate":"https:\/\/arfolk.bzh\/?s={search_term_string}"},"query-input":{"@type":"PropertyValueSpecification","valueRequired":true,"valueName":"search_term_string"}}],"inLanguage":"en-US"},{"@type":"Organization","@id":"https:\/\/arfolk.bzh\/#organization","name":"Arfolk","alternateName":"Le label de la musique bretonne","url":"https:\/\/arfolk.bzh\/","logo":{"@type":"ImageObject","inLanguage":"en-US","@id":"https:\/\/arfolk.bzh\/#\/schema\/logo\/image\/","url":"https:\/\/arfolk.bzh\/wp-content\/uploads\/2023\/11\/cropped-logo-label-de-musique-breton-arfolf-vignette.webp","contentUrl":"https:\/\/arfolk.bzh\/wp-content\/uploads\/2023\/11\/cropped-logo-label-de-musique-breton-arfolf-vignette.webp","width":512,"height":512,"caption":"Arfolk"},"image":{"@id":"https:\/\/arfolk.bzh\/#\/schema\/logo\/image\/"},"sameAs":["https:\/\/www.facebook.com\/Arfolkmusik","https:\/\/www.instagram.com\/arfolkmusik\/"]}]}},"jetpack_sharing_enabled":true,"_links":{"self":[{"href":"https:\/\/arfolk.bzh\/en\/wp-json\/wp\/v2\/product\/2583","targetHints":{"allow":["GET"]}}],"collection":[{"href":"https:\/\/arfolk.bzh\/en\/wp-json\/wp\/v2\/product"}],"about":[{"href":"https:\/\/arfolk.bzh\/en\/wp-json\/wp\/v2\/types\/product"}],"wp:featuredmedia":[{"embeddable":true,"href":"https:\/\/arfolk.bzh\/en\/wp-json\/wp\/v2\/media\/2324"}],"wp:attachment":[{"href":"https:\/\/arfolk.bzh\/en\/wp-json\/wp\/v2\/media?parent=2583"}],"wp:term":[{"taxonomy":"product_brand","embeddable":true,"href":"https:\/\/arfolk.bzh\/en\/wp-json\/wp\/v2\/product_brand?post=2583"},{"taxonomy":"product_cat","embeddable":true,"href":"https:\/\/arfolk.bzh\/en\/wp-json\/wp\/v2\/false?post=2583"},{"taxonomy":"product_tag","embeddable":true,"href":"https:\/\/arfolk.bzh\/en\/wp-json\/wp\/v2\/product_tag?post=2583"},{"taxonomy":"disponible_a_la_vente","embeddable":true,"href":"https:\/\/arfolk.bzh\/en\/wp-json\/wp\/v2\/disponible_a_la_vente?post=2583"},{"taxonomy":"langue","embeddable":true,"href":"https:\/\/arfolk.bzh\/en\/wp-json\/wp\/v2\/langue?post=2583"},{"taxonomy":"style","embeddable":true,"href":"https:\/\/arfolk.bzh\/en\/wp-json\/wp\/v2\/style?post=2583"},{"taxonomy":"supports","embeddable":true,"href":"https:\/\/arfolk.bzh\/en\/wp-json\/wp\/v2\/supports?post=2583"}],"curies":[{"name":"wp","href":"https:\/\/api.w.org\/{rel}","templated":true}]}}