{"id":2604,"date":"2024-04-29T20:18:49","date_gmt":"2024-04-29T18:18:49","guid":{"rendered":"https:\/\/arfolk.bzh\/boutique\/jean-michel-veillon-e-koat-nizan-er-pasker\/"},"modified":"2025-12-01T14:06:19","modified_gmt":"2025-12-01T13:06:19","slug":"jean-michel-veillon-e-koat-nizan-er-pasker","status":"publish","type":"product","link":"https:\/\/arfolk.bzh\/en\/boutique\/jean-michel-veillon-e-koat-nizan-er-pasker\/","title":{"rendered":"Jean Michel Veillon &#8211; E koat nizan &#038; Er pasker \/ 19,50\u20ac"},"content":{"rendered":"<p><iframe loading=\"lazy\" title=\"Jean-Michel Veillon - E koat Nizan \/ Er Pasker\" width=\"1080\" height=\"608\" src=\"https:\/\/www.youtube.com\/embed\/videoseries?list=PLQMZD0e8YHDKVK8eH-nHespoEFWNuLXHT\"  allow=\"accelerometer; autoplay; clipboard-write; encrypted-media; gyroscope; picture-in-picture; web-share\" referrerpolicy=\"strict-origin-when-cross-origin\" allowfullscreen><\/iframe><\/p>\n<p><strong>Tracklist de \u00a0\u00bb E koat nizan \u00ab\u00a0:<\/strong><\/p>\n<ol>\n<li><strong>Ahont &lsquo;kostez ar hoed<\/strong><\/li>\n<li><strong>Gavotenn bro pourlet<\/strong><\/li>\n<li><strong>Ivonig berjenn ha markiz vilaodren<\/strong><\/li>\n<li><strong>Gwez-kren en noz<\/strong><\/li>\n<li><strong>Deuit ganin me da ma bro<\/strong><\/li>\n<li><strong>Le retour de Madagascar<\/strong><\/li>\n<li><strong>Laridenn<\/strong><\/li>\n<li><strong>Trugaerkaad men dous<\/strong><\/li>\n<li><strong>Me &lsquo;zo vont da besketa d&rsquo;antu all da bondi<\/strong><\/li>\n<li><strong>L\u00e2rit-c&rsquo;hwi din berjelenn \/ Dans plin<\/strong><\/li>\n<li><strong>L&rsquo;air des \u00e9b\u00e9nistes<\/strong><\/li>\n<li><strong>Ar meliner<\/strong><\/li>\n<li><strong>Suite du Penthi\u00e8vre<\/strong><\/li>\n<li><strong>The ballroom set<\/strong><\/li>\n<li><strong>E koat nizan.<\/strong><\/li>\n<\/ol>\n<p><strong>Tracklist de \u00a0\u00bb Er Pasker \u00ab\u00a0:<\/strong><\/p>\n<ol>\n<li><strong>Er pasker-stella splendens<\/strong><\/li>\n<li><strong>Ton bale porzh braz leskoed<\/strong><\/li>\n<li><strong>Ginley&rsquo;s N\u00b01 &#8211; Ginley&rsquo;s N\u00b02 &#8211; Gan aim<\/strong><\/li>\n<li><strong>Les elfes<\/strong><\/li>\n<li><strong>Daou don e-koun Yann Peron<\/strong><\/li>\n<li><strong>An dukardez<\/strong><\/li>\n<li><strong>Aze !<\/strong><\/li>\n<li><strong>A-viskoazh-laridenn<\/strong><\/li>\n<li><strong>Ar wezenn avalo\u00f9<\/strong><\/li>\n<li><strong>Gavotenn bro an aven<\/strong><\/li>\n<li><strong>Son ar boked &#8211; Janedig ar sorserez<\/strong><\/li>\n<li><strong>Pa oan me plac&rsquo;hig yaouank<\/strong><\/li>\n<li><strong>Le carcou\u00ebt &#8211; Montbran<\/strong><\/li>\n<li><strong>D\u00e9rob\u00e9e des petites gens<\/strong><\/li>\n<li><strong>E-tal ar groaz<\/strong><\/li>\n<li><strong>Amzer hor yaouankiz &#8211; O\u00f9 est pass\u00e9 le temps ?<\/strong><\/li>\n<li><strong>Shipibos<\/strong><\/li>\n<li><strong>Kemo&rsquo;s jig &#8211; Matilda&rsquo;s jig<\/strong><\/li>\n<li><strong>Disano<\/strong><\/li>\n<\/ol>","protected":false},"excerpt":{"rendered":"<p>R\u00e9\u00e9dition en double album de deux CD du fl\u00fbtiste :<\/p>\n<ul>\n<li><strong><em>E Koat Nizan<\/em><\/strong> enregistr\u00e9 en 1993<\/li>\n<li><strong><em>Er Pasker<\/em><\/strong> enregistr\u00e9 en 1999<\/li>\n<\/ul>\n<p>Ecoutez en Streaming : <strong><a href=\"https:\/\/fanlink.tv\/wdBB\">https:\/\/fanlink.tv\/wdBB<\/a><\/strong><\/p>","protected":false},"featured_media":2346,"template":"","meta":{"_acf_changed":false,"_et_pb_use_builder":"","_et_pb_old_content":"","_et_gb_content_width":""},"product_brand":[],"false":[32],"product_tag":[],"disponible_a_la_vente":[],"langue":[75],"style":[79],"supports":[86],"class_list":{"0":"post-2604","1":"product","2":"type-product","3":"status-publish","4":"has-post-thumbnail","6":"product_cat-non-classe","7":"langue-instrumental","8":"style-traditionnel-kan-ha-diskan","9":"supports-cd","11":"first","12":"outofstock","13":"purchasable","14":"product-type-simple"},"acf":[],"yoast_head":"<!-- This site is optimized with the Yoast SEO Premium plugin v24.0 (Yoast SEO v27.3) - https:\/\/yoast.com\/product\/yoast-seo-premium-wordpress\/ -->\n<title>Jean Michel Veillon - E koat nizan &amp; Er pasker \/ 19,50\u20ac<\/title>\n<meta name=\"description\" content=\"Retrouvez le double-album de Jean Michel Veillon - E koat nizan &amp; Er pasker. Commandez directement en ligne sur arfolk.bzh, le label discographique breton.\" \/>\n<meta name=\"robots\" content=\"index, follow, max-snippet:-1, max-image-preview:large, max-video-preview:-1\" \/>\n<link rel=\"canonical\" href=\"https:\/\/arfolk.bzh\/en\/boutique\/jean-michel-veillon-e-koat-nizan-er-pasker\/\" \/>\n<script type=\"application\/ld+json\" class=\"yoast-schema-graph\">{\"@context\":\"https:\\\/\\\/schema.org\",\"@graph\":[{\"@type\":\"WebPage\",\"@id\":\"https:\\\/\\\/arfolk.bzh\\\/boutique\\\/jean-michel-veillon-e-koat-nizan-er-pasker\\\/\",\"url\":\"https:\\\/\\\/arfolk.bzh\\\/boutique\\\/jean-michel-veillon-e-koat-nizan-er-pasker\\\/\",\"name\":\"Jean Michel Veillon - E koat nizan & Er pasker \\\/ 19,50\u20ac\",\"isPartOf\":{\"@id\":\"https:\\\/\\\/arfolk.bzh\\\/#website\"},\"primaryImageOfPage\":{\"@id\":\"https:\\\/\\\/arfolk.bzh\\\/boutique\\\/jean-michel-veillon-e-koat-nizan-er-pasker\\\/#primaryimage\"},\"image\":{\"@id\":\"https:\\\/\\\/arfolk.bzh\\\/boutique\\\/jean-michel-veillon-e-koat-nizan-er-pasker\\\/#primaryimage\"},\"thumbnailUrl\":\"https:\\\/\\\/arfolk.bzh\\\/wp-content\\\/uploads\\\/2024\\\/04\\\/jeanmichelveillon_ekoatnizanerpasker-scaled.jpg\",\"datePublished\":\"2024-04-29T18:18:49+00:00\",\"dateModified\":\"2025-12-01T13:06:19+00:00\",\"description\":\"Retrouvez le double-album de Jean Michel Veillon - E koat nizan & Er pasker. Commandez directement en ligne sur arfolk.bzh, le label discographique breton.\",\"breadcrumb\":{\"@id\":\"https:\\\/\\\/arfolk.bzh\\\/boutique\\\/jean-michel-veillon-e-koat-nizan-er-pasker\\\/#breadcrumb\"},\"inLanguage\":\"en-US\",\"potentialAction\":[{\"@type\":\"ReadAction\",\"target\":[\"https:\\\/\\\/arfolk.bzh\\\/boutique\\\/jean-michel-veillon-e-koat-nizan-er-pasker\\\/\"]}]},{\"@type\":\"ImageObject\",\"inLanguage\":\"en-US\",\"@id\":\"https:\\\/\\\/arfolk.bzh\\\/boutique\\\/jean-michel-veillon-e-koat-nizan-er-pasker\\\/#primaryimage\",\"url\":\"https:\\\/\\\/arfolk.bzh\\\/wp-content\\\/uploads\\\/2024\\\/04\\\/jeanmichelveillon_ekoatnizanerpasker-scaled.jpg\",\"contentUrl\":\"https:\\\/\\\/arfolk.bzh\\\/wp-content\\\/uploads\\\/2024\\\/04\\\/jeanmichelveillon_ekoatnizanerpasker-scaled.jpg\",\"width\":2560,\"height\":2560,\"caption\":\"jeanmichelveillon ekoatnizanerpasker\"},{\"@type\":\"BreadcrumbList\",\"@id\":\"https:\\\/\\\/arfolk.bzh\\\/boutique\\\/jean-michel-veillon-e-koat-nizan-er-pasker\\\/#breadcrumb\",\"itemListElement\":[{\"@type\":\"ListItem\",\"position\":1,\"name\":\"Accueil\",\"item\":\"https:\\\/\\\/arfolk.bzh\\\/\"},{\"@type\":\"ListItem\",\"position\":2,\"name\":\"Boutique\",\"item\":\"https:\\\/\\\/arfolk.bzh\\\/boutique\\\/\"},{\"@type\":\"ListItem\",\"position\":3,\"name\":\"Jean Michel Veillon &#8211; E koat nizan &#038; Er pasker \\\/ 19,50\u20ac\"}]},{\"@type\":\"WebSite\",\"@id\":\"https:\\\/\\\/arfolk.bzh\\\/#website\",\"url\":\"https:\\\/\\\/arfolk.bzh\\\/\",\"name\":\"Arfolk\",\"description\":\"Label discographique sp\u00e9cialis\u00e9 dans la musique bretonne\",\"publisher\":{\"@id\":\"https:\\\/\\\/arfolk.bzh\\\/#organization\"},\"potentialAction\":[{\"@type\":\"SearchAction\",\"target\":{\"@type\":\"EntryPoint\",\"urlTemplate\":\"https:\\\/\\\/arfolk.bzh\\\/?s={search_term_string}\"},\"query-input\":{\"@type\":\"PropertyValueSpecification\",\"valueRequired\":true,\"valueName\":\"search_term_string\"}}],\"inLanguage\":\"en-US\"},{\"@type\":\"Organization\",\"@id\":\"https:\\\/\\\/arfolk.bzh\\\/#organization\",\"name\":\"Arfolk\",\"alternateName\":\"Le label de la musique bretonne\",\"url\":\"https:\\\/\\\/arfolk.bzh\\\/\",\"logo\":{\"@type\":\"ImageObject\",\"inLanguage\":\"en-US\",\"@id\":\"https:\\\/\\\/arfolk.bzh\\\/#\\\/schema\\\/logo\\\/image\\\/\",\"url\":\"https:\\\/\\\/arfolk.bzh\\\/wp-content\\\/uploads\\\/2023\\\/11\\\/cropped-logo-label-de-musique-breton-arfolf-vignette.webp\",\"contentUrl\":\"https:\\\/\\\/arfolk.bzh\\\/wp-content\\\/uploads\\\/2023\\\/11\\\/cropped-logo-label-de-musique-breton-arfolf-vignette.webp\",\"width\":512,\"height\":512,\"caption\":\"Arfolk\"},\"image\":{\"@id\":\"https:\\\/\\\/arfolk.bzh\\\/#\\\/schema\\\/logo\\\/image\\\/\"},\"sameAs\":[\"https:\\\/\\\/www.facebook.com\\\/Arfolkmusik\",\"https:\\\/\\\/www.instagram.com\\\/arfolkmusik\\\/\"]}]}<\/script>\n<!-- \/ Yoast SEO Premium plugin. -->","yoast_head_json":{"title":"Jean Michel Veillon - E koat nizan & Er pasker \/ 19,50\u20ac","description":"Retrouvez le double-album de Jean Michel Veillon - E koat nizan & Er pasker. Commandez directement en ligne sur arfolk.bzh, le label discographique breton.","robots":{"index":"index","follow":"follow","max-snippet":"max-snippet:-1","max-image-preview":"max-image-preview:large","max-video-preview":"max-video-preview:-1"},"canonical":"https:\/\/arfolk.bzh\/en\/boutique\/jean-michel-veillon-e-koat-nizan-er-pasker\/","schema":{"@context":"https:\/\/schema.org","@graph":[{"@type":"WebPage","@id":"https:\/\/arfolk.bzh\/boutique\/jean-michel-veillon-e-koat-nizan-er-pasker\/","url":"https:\/\/arfolk.bzh\/boutique\/jean-michel-veillon-e-koat-nizan-er-pasker\/","name":"Jean Michel Veillon - E koat nizan & Er pasker \/ 19,50\u20ac","isPartOf":{"@id":"https:\/\/arfolk.bzh\/#website"},"primaryImageOfPage":{"@id":"https:\/\/arfolk.bzh\/boutique\/jean-michel-veillon-e-koat-nizan-er-pasker\/#primaryimage"},"image":{"@id":"https:\/\/arfolk.bzh\/boutique\/jean-michel-veillon-e-koat-nizan-er-pasker\/#primaryimage"},"thumbnailUrl":"https:\/\/arfolk.bzh\/wp-content\/uploads\/2024\/04\/jeanmichelveillon_ekoatnizanerpasker-scaled.jpg","datePublished":"2024-04-29T18:18:49+00:00","dateModified":"2025-12-01T13:06:19+00:00","description":"Retrouvez le double-album de Jean Michel Veillon - E koat nizan & Er pasker. Commandez directement en ligne sur arfolk.bzh, le label discographique breton.","breadcrumb":{"@id":"https:\/\/arfolk.bzh\/boutique\/jean-michel-veillon-e-koat-nizan-er-pasker\/#breadcrumb"},"inLanguage":"en-US","potentialAction":[{"@type":"ReadAction","target":["https:\/\/arfolk.bzh\/boutique\/jean-michel-veillon-e-koat-nizan-er-pasker\/"]}]},{"@type":"ImageObject","inLanguage":"en-US","@id":"https:\/\/arfolk.bzh\/boutique\/jean-michel-veillon-e-koat-nizan-er-pasker\/#primaryimage","url":"https:\/\/arfolk.bzh\/wp-content\/uploads\/2024\/04\/jeanmichelveillon_ekoatnizanerpasker-scaled.jpg","contentUrl":"https:\/\/arfolk.bzh\/wp-content\/uploads\/2024\/04\/jeanmichelveillon_ekoatnizanerpasker-scaled.jpg","width":2560,"height":2560,"caption":"jeanmichelveillon ekoatnizanerpasker"},{"@type":"BreadcrumbList","@id":"https:\/\/arfolk.bzh\/boutique\/jean-michel-veillon-e-koat-nizan-er-pasker\/#breadcrumb","itemListElement":[{"@type":"ListItem","position":1,"name":"Accueil","item":"https:\/\/arfolk.bzh\/"},{"@type":"ListItem","position":2,"name":"Boutique","item":"https:\/\/arfolk.bzh\/boutique\/"},{"@type":"ListItem","position":3,"name":"Jean Michel Veillon &#8211; E koat nizan &#038; Er pasker \/ 19,50\u20ac"}]},{"@type":"WebSite","@id":"https:\/\/arfolk.bzh\/#website","url":"https:\/\/arfolk.bzh\/","name":"Arfolk","description":"Label discographique sp\u00e9cialis\u00e9 dans la musique bretonne","publisher":{"@id":"https:\/\/arfolk.bzh\/#organization"},"potentialAction":[{"@type":"SearchAction","target":{"@type":"EntryPoint","urlTemplate":"https:\/\/arfolk.bzh\/?s={search_term_string}"},"query-input":{"@type":"PropertyValueSpecification","valueRequired":true,"valueName":"search_term_string"}}],"inLanguage":"en-US"},{"@type":"Organization","@id":"https:\/\/arfolk.bzh\/#organization","name":"Arfolk","alternateName":"Le label de la musique bretonne","url":"https:\/\/arfolk.bzh\/","logo":{"@type":"ImageObject","inLanguage":"en-US","@id":"https:\/\/arfolk.bzh\/#\/schema\/logo\/image\/","url":"https:\/\/arfolk.bzh\/wp-content\/uploads\/2023\/11\/cropped-logo-label-de-musique-breton-arfolf-vignette.webp","contentUrl":"https:\/\/arfolk.bzh\/wp-content\/uploads\/2023\/11\/cropped-logo-label-de-musique-breton-arfolf-vignette.webp","width":512,"height":512,"caption":"Arfolk"},"image":{"@id":"https:\/\/arfolk.bzh\/#\/schema\/logo\/image\/"},"sameAs":["https:\/\/www.facebook.com\/Arfolkmusik","https:\/\/www.instagram.com\/arfolkmusik\/"]}]}},"jetpack_sharing_enabled":true,"_links":{"self":[{"href":"https:\/\/arfolk.bzh\/en\/wp-json\/wp\/v2\/product\/2604","targetHints":{"allow":["GET"]}}],"collection":[{"href":"https:\/\/arfolk.bzh\/en\/wp-json\/wp\/v2\/product"}],"about":[{"href":"https:\/\/arfolk.bzh\/en\/wp-json\/wp\/v2\/types\/product"}],"wp:featuredmedia":[{"embeddable":true,"href":"https:\/\/arfolk.bzh\/en\/wp-json\/wp\/v2\/media\/2346"}],"wp:attachment":[{"href":"https:\/\/arfolk.bzh\/en\/wp-json\/wp\/v2\/media?parent=2604"}],"wp:term":[{"taxonomy":"product_brand","embeddable":true,"href":"https:\/\/arfolk.bzh\/en\/wp-json\/wp\/v2\/product_brand?post=2604"},{"taxonomy":"product_cat","embeddable":true,"href":"https:\/\/arfolk.bzh\/en\/wp-json\/wp\/v2\/false?post=2604"},{"taxonomy":"product_tag","embeddable":true,"href":"https:\/\/arfolk.bzh\/en\/wp-json\/wp\/v2\/product_tag?post=2604"},{"taxonomy":"disponible_a_la_vente","embeddable":true,"href":"https:\/\/arfolk.bzh\/en\/wp-json\/wp\/v2\/disponible_a_la_vente?post=2604"},{"taxonomy":"langue","embeddable":true,"href":"https:\/\/arfolk.bzh\/en\/wp-json\/wp\/v2\/langue?post=2604"},{"taxonomy":"style","embeddable":true,"href":"https:\/\/arfolk.bzh\/en\/wp-json\/wp\/v2\/style?post=2604"},{"taxonomy":"supports","embeddable":true,"href":"https:\/\/arfolk.bzh\/en\/wp-json\/wp\/v2\/supports?post=2604"}],"curies":[{"name":"wp","href":"https:\/\/api.w.org\/{rel}","templated":true}]}}