{"id":2626,"date":"2009-11-15T20:19:03","date_gmt":"2009-11-15T19:19:03","guid":{"rendered":"https:\/\/arfolk.bzh\/boutique\/les-freres-morvan-un-demi-siecle-de-kan-ha-diskan\/"},"modified":"2025-12-11T12:12:52","modified_gmt":"2025-12-11T11:12:52","slug":"les-freres-morvan-un-demi-siecle-de-kan-ha-diskan","status":"publish","type":"product","link":"https:\/\/arfolk.bzh\/en\/boutique\/les-freres-morvan-un-demi-siecle-de-kan-ha-diskan\/","title":{"rendered":"Les Fr\u00e8res Morvan &#8211; un demi-si\u00e8cle de Kan ha Diskan"},"content":{"rendered":"<p>Ils ont toujours fait \u00e7a, chanter dans les festo\u00f9-noz. Rien que pour leur plaisir et celui de l&rsquo;assembl\u00e9e bien s\u00fbr.<br \/>\nIls vous font danser jusqu&rsquo;au bout de la nuit, ils portent la danse et les danseurs comme personne. Eh oui, ils ne suffit pas de savoir chanter pour faire danser, le kan ha diskan est un talent et un danseur ne s&rsquo;y trompe pas, un d\u00e9bit subtil, un rythme l\u00e9ger et entrainant. Ils vous font faire une gavotte de 3\/4 d&rsquo;heures sans que vous vous en rendiez compte, un vrai plaisir !<\/p>\n<p><iframe loading=\"lazy\" title=\"Les Fr\u00e8res Morvan - Fisel ton doubl (Ar boeson)\" width=\"1080\" height=\"608\" src=\"https:\/\/www.youtube.com\/embed\/cf7w0-YpnwU?feature=oembed\"  allow=\"accelerometer; autoplay; clipboard-write; encrypted-media; gyroscope; picture-in-picture; web-share\" referrerpolicy=\"strict-origin-when-cross-origin\" allowfullscreen><\/iframe><\/p>\n<p>Tracklist CD1:<\/p>\n<ol>\n<li><span class=\"f-trackList__title\">Ar riboterez laezh<\/span><\/li>\n<li><span class=\"f-trackList__title\">Kimiad ar c&rsquo;honskri<\/span><\/li>\n<li><span class=\"f-trackList__title\">Un ti bihan lein ar menez<\/span><\/li>\n<li><span class=\"f-trackList__title\">Matezh vihan Lannuon<\/span><\/li>\n<li><span class=\"f-trackList__title\">Ar filouter fin<\/span><\/li>\n<li><span class=\"f-trackList__title\">Kanuhe<\/span><\/li>\n<li><span class=\"f-trackList__title\">l<\/span><span class=\"f-trackList__title\">Keuz d&rsquo;am far<\/span><\/li>\n<li><span class=\"f-trackList__title\">Franseza<\/span><\/li>\n<li><span class=\"f-trackList__title\">Joli coucou<\/span><\/li>\n<li><span class=\"f-trackList__title\">Ar wreg yaouank magerez<\/span><\/li>\n<li><span class=\"f-trackList__title\">Bal<\/span><\/li>\n<li><span class=\"f-trackList__title\">Ar miliner<\/span><\/li>\n<li><span class=\"f-trackList__title\">Ar plac&rsquo;h libertin<\/span><\/li>\n<\/ol>\n<p>Tracklist CD2:<\/p>\n<ol>\n<li><span class=\"f-trackList__title\">Ar marc&rsquo;hadour buhan<\/span><\/li>\n<li><span class=\"f-trackList__title\">Disul beure<\/span><\/li>\n<li><span class=\"f-trackList__title\">Ar boeson<\/span><\/li>\n<li><span class=\"f-trackList__title\">Metig ha Gwenole<\/span><\/li>\n<li><span class=\"f-trackList__title\">An amourous klouar<\/span><\/li>\n<li><span class=\"f-trackList__title\">Ar verjelenn<\/span><\/li>\n<li><span class=\"f-trackList__title\">Buhez Santez jenovefa a Vrabant<\/span><\/li>\n<li><span class=\"f-trackList__title\">Ar mab minor<\/span><\/li>\n<li><span class=\"f-trackList__title\">Un ti bihan lein ar menez<\/span><\/li>\n<li><span class=\"f-trackList__title\">Apolon<\/span><\/li>\n<li><span class=\"f-trackList__title\">Kanuhal<\/span><\/li>\n<li><span class=\"f-trackList__title\">War sujed brezel 39-45<\/span><\/li>\n<li><span class=\"f-trackList__title\">Gwerc&rsquo;hez Vulad<\/span><\/li>\n<li><span class=\"f-trackList__title\">Kantik Sant-Nigouden<\/span><\/li>\n<li><span class=\"f-trackList__title\">Rimodenn<\/span><\/li>\n<li><span class=\"f-trackList__title\">Bloavezh mat<\/span><\/li>\n<li><span class=\"f-trackList__title\">Menez Bre<\/span><\/li>\n<li><span class=\"f-trackList__title\">Montroulez<\/span><\/li>\n<li><span class=\"f-trackList__title\">Ar Boked Eured<\/span><\/li>\n<\/ol>","protected":false},"excerpt":{"rendered":"<p>Le meilleur du chant traditionnel breton avec cet album de Kan ha diskan des fr\u00e8res Morvan.<\/p>\n<p>Ecoutez en Streaming :\u00a0<a href=\"https:\/\/fanlink.tv\/wcnJ\"><strong>https:\/\/fanlink.tv\/wcnJ<\/strong><\/a><\/p>\n<p>&nbsp;<\/p>","protected":false},"featured_media":2231,"template":"","meta":{"_acf_changed":false,"_et_pb_use_builder":"","_et_pb_old_content":"","_et_gb_content_width":""},"product_brand":[],"false":[70],"product_tag":[],"disponible_a_la_vente":[38],"langue":[73],"style":[76,79],"supports":[86],"class_list":{"0":"post-2626","1":"product","2":"type-product","3":"status-publish","4":"has-post-thumbnail","6":"product_cat-les-freres-morvan","7":"disponible_a_la_vente-disponible-a-la-vente","8":"langue-breton","9":"style-fest-noz","10":"style-traditionnel-kan-ha-diskan","11":"supports-cd","13":"first","14":"instock","15":"sale","16":"purchasable","17":"product-type-simple"},"acf":[],"yoast_head":"<!-- This site is optimized with the Yoast SEO Premium plugin v24.0 (Yoast SEO v27.3) - https:\/\/yoast.com\/product\/yoast-seo-premium-wordpress\/ -->\n<title>Les Fr\u00e8res Morvan - un demi-si\u00e8cle de Kan ha Diskan<\/title>\n<meta name=\"description\" content=\"Retrouvez l&#039;album Les Fr\u00e8res Morvan - un demi-si\u00e8cle de Kan ha Diskan. Commandez directement en ligne sur arfolk.bzh, le label discographique breton.\" \/>\n<meta name=\"robots\" content=\"index, follow, max-snippet:-1, max-image-preview:large, max-video-preview:-1\" \/>\n<link rel=\"canonical\" href=\"https:\/\/arfolk.bzh\/en\/boutique\/les-freres-morvan-un-demi-siecle-de-kan-ha-diskan\/\" \/>\n<script type=\"application\/ld+json\" class=\"yoast-schema-graph\">{\"@context\":\"https:\\\/\\\/schema.org\",\"@graph\":[{\"@type\":\"WebPage\",\"@id\":\"https:\\\/\\\/arfolk.bzh\\\/boutique\\\/les-freres-morvan-un-demi-siecle-de-kan-ha-diskan\\\/\",\"url\":\"https:\\\/\\\/arfolk.bzh\\\/boutique\\\/les-freres-morvan-un-demi-siecle-de-kan-ha-diskan\\\/\",\"name\":\"Les Fr\u00e8res Morvan - un demi-si\u00e8cle de Kan ha Diskan\",\"isPartOf\":{\"@id\":\"https:\\\/\\\/arfolk.bzh\\\/#website\"},\"primaryImageOfPage\":{\"@id\":\"https:\\\/\\\/arfolk.bzh\\\/boutique\\\/les-freres-morvan-un-demi-siecle-de-kan-ha-diskan\\\/#primaryimage\"},\"image\":{\"@id\":\"https:\\\/\\\/arfolk.bzh\\\/boutique\\\/les-freres-morvan-un-demi-siecle-de-kan-ha-diskan\\\/#primaryimage\"},\"thumbnailUrl\":\"https:\\\/\\\/arfolk.bzh\\\/wp-content\\\/uploads\\\/2024\\\/04\\\/arvreudeurmorvan_undemisiecledekanhadiskan-scaled.jpeg\",\"datePublished\":\"2009-11-15T19:19:03+00:00\",\"dateModified\":\"2025-12-11T11:12:52+00:00\",\"description\":\"Retrouvez l'album Les Fr\u00e8res Morvan - un demi-si\u00e8cle de Kan ha Diskan. Commandez directement en ligne sur arfolk.bzh, le label discographique breton.\",\"breadcrumb\":{\"@id\":\"https:\\\/\\\/arfolk.bzh\\\/boutique\\\/les-freres-morvan-un-demi-siecle-de-kan-ha-diskan\\\/#breadcrumb\"},\"inLanguage\":\"en-US\",\"potentialAction\":[{\"@type\":\"ReadAction\",\"target\":[\"https:\\\/\\\/arfolk.bzh\\\/boutique\\\/les-freres-morvan-un-demi-siecle-de-kan-ha-diskan\\\/\"]}]},{\"@type\":\"ImageObject\",\"inLanguage\":\"en-US\",\"@id\":\"https:\\\/\\\/arfolk.bzh\\\/boutique\\\/les-freres-morvan-un-demi-siecle-de-kan-ha-diskan\\\/#primaryimage\",\"url\":\"https:\\\/\\\/arfolk.bzh\\\/wp-content\\\/uploads\\\/2024\\\/04\\\/arvreudeurmorvan_undemisiecledekanhadiskan-scaled.jpeg\",\"contentUrl\":\"https:\\\/\\\/arfolk.bzh\\\/wp-content\\\/uploads\\\/2024\\\/04\\\/arvreudeurmorvan_undemisiecledekanhadiskan-scaled.jpeg\",\"width\":2560,\"height\":2560,\"caption\":\"arvreudeurmorvan undemisiecledekanhadiskan\"},{\"@type\":\"BreadcrumbList\",\"@id\":\"https:\\\/\\\/arfolk.bzh\\\/boutique\\\/les-freres-morvan-un-demi-siecle-de-kan-ha-diskan\\\/#breadcrumb\",\"itemListElement\":[{\"@type\":\"ListItem\",\"position\":1,\"name\":\"Accueil\",\"item\":\"https:\\\/\\\/arfolk.bzh\\\/\"},{\"@type\":\"ListItem\",\"position\":2,\"name\":\"Boutique\",\"item\":\"https:\\\/\\\/arfolk.bzh\\\/boutique\\\/\"},{\"@type\":\"ListItem\",\"position\":3,\"name\":\"Les Fr\u00e8res Morvan &#8211; un demi-si\u00e8cle de Kan ha Diskan\"}]},{\"@type\":\"WebSite\",\"@id\":\"https:\\\/\\\/arfolk.bzh\\\/#website\",\"url\":\"https:\\\/\\\/arfolk.bzh\\\/\",\"name\":\"Arfolk\",\"description\":\"Label discographique sp\u00e9cialis\u00e9 dans la musique bretonne\",\"publisher\":{\"@id\":\"https:\\\/\\\/arfolk.bzh\\\/#organization\"},\"potentialAction\":[{\"@type\":\"SearchAction\",\"target\":{\"@type\":\"EntryPoint\",\"urlTemplate\":\"https:\\\/\\\/arfolk.bzh\\\/?s={search_term_string}\"},\"query-input\":{\"@type\":\"PropertyValueSpecification\",\"valueRequired\":true,\"valueName\":\"search_term_string\"}}],\"inLanguage\":\"en-US\"},{\"@type\":\"Organization\",\"@id\":\"https:\\\/\\\/arfolk.bzh\\\/#organization\",\"name\":\"Arfolk\",\"alternateName\":\"Le label de la musique bretonne\",\"url\":\"https:\\\/\\\/arfolk.bzh\\\/\",\"logo\":{\"@type\":\"ImageObject\",\"inLanguage\":\"en-US\",\"@id\":\"https:\\\/\\\/arfolk.bzh\\\/#\\\/schema\\\/logo\\\/image\\\/\",\"url\":\"https:\\\/\\\/arfolk.bzh\\\/wp-content\\\/uploads\\\/2023\\\/11\\\/cropped-logo-label-de-musique-breton-arfolf-vignette.webp\",\"contentUrl\":\"https:\\\/\\\/arfolk.bzh\\\/wp-content\\\/uploads\\\/2023\\\/11\\\/cropped-logo-label-de-musique-breton-arfolf-vignette.webp\",\"width\":512,\"height\":512,\"caption\":\"Arfolk\"},\"image\":{\"@id\":\"https:\\\/\\\/arfolk.bzh\\\/#\\\/schema\\\/logo\\\/image\\\/\"},\"sameAs\":[\"https:\\\/\\\/www.facebook.com\\\/Arfolkmusik\",\"https:\\\/\\\/www.instagram.com\\\/arfolkmusik\\\/\"]}]}<\/script>\n<!-- \/ Yoast SEO Premium plugin. -->","yoast_head_json":{"title":"Les Fr\u00e8res Morvan - un demi-si\u00e8cle de Kan ha Diskan","description":"Retrouvez l'album Les Fr\u00e8res Morvan - un demi-si\u00e8cle de Kan ha Diskan. Commandez directement en ligne sur arfolk.bzh, le label discographique breton.","robots":{"index":"index","follow":"follow","max-snippet":"max-snippet:-1","max-image-preview":"max-image-preview:large","max-video-preview":"max-video-preview:-1"},"canonical":"https:\/\/arfolk.bzh\/en\/boutique\/les-freres-morvan-un-demi-siecle-de-kan-ha-diskan\/","schema":{"@context":"https:\/\/schema.org","@graph":[{"@type":"WebPage","@id":"https:\/\/arfolk.bzh\/boutique\/les-freres-morvan-un-demi-siecle-de-kan-ha-diskan\/","url":"https:\/\/arfolk.bzh\/boutique\/les-freres-morvan-un-demi-siecle-de-kan-ha-diskan\/","name":"Les Fr\u00e8res Morvan - un demi-si\u00e8cle de Kan ha Diskan","isPartOf":{"@id":"https:\/\/arfolk.bzh\/#website"},"primaryImageOfPage":{"@id":"https:\/\/arfolk.bzh\/boutique\/les-freres-morvan-un-demi-siecle-de-kan-ha-diskan\/#primaryimage"},"image":{"@id":"https:\/\/arfolk.bzh\/boutique\/les-freres-morvan-un-demi-siecle-de-kan-ha-diskan\/#primaryimage"},"thumbnailUrl":"https:\/\/arfolk.bzh\/wp-content\/uploads\/2024\/04\/arvreudeurmorvan_undemisiecledekanhadiskan-scaled.jpeg","datePublished":"2009-11-15T19:19:03+00:00","dateModified":"2025-12-11T11:12:52+00:00","description":"Retrouvez l'album Les Fr\u00e8res Morvan - un demi-si\u00e8cle de Kan ha Diskan. Commandez directement en ligne sur arfolk.bzh, le label discographique breton.","breadcrumb":{"@id":"https:\/\/arfolk.bzh\/boutique\/les-freres-morvan-un-demi-siecle-de-kan-ha-diskan\/#breadcrumb"},"inLanguage":"en-US","potentialAction":[{"@type":"ReadAction","target":["https:\/\/arfolk.bzh\/boutique\/les-freres-morvan-un-demi-siecle-de-kan-ha-diskan\/"]}]},{"@type":"ImageObject","inLanguage":"en-US","@id":"https:\/\/arfolk.bzh\/boutique\/les-freres-morvan-un-demi-siecle-de-kan-ha-diskan\/#primaryimage","url":"https:\/\/arfolk.bzh\/wp-content\/uploads\/2024\/04\/arvreudeurmorvan_undemisiecledekanhadiskan-scaled.jpeg","contentUrl":"https:\/\/arfolk.bzh\/wp-content\/uploads\/2024\/04\/arvreudeurmorvan_undemisiecledekanhadiskan-scaled.jpeg","width":2560,"height":2560,"caption":"arvreudeurmorvan undemisiecledekanhadiskan"},{"@type":"BreadcrumbList","@id":"https:\/\/arfolk.bzh\/boutique\/les-freres-morvan-un-demi-siecle-de-kan-ha-diskan\/#breadcrumb","itemListElement":[{"@type":"ListItem","position":1,"name":"Accueil","item":"https:\/\/arfolk.bzh\/"},{"@type":"ListItem","position":2,"name":"Boutique","item":"https:\/\/arfolk.bzh\/boutique\/"},{"@type":"ListItem","position":3,"name":"Les Fr\u00e8res Morvan &#8211; un demi-si\u00e8cle de Kan ha Diskan"}]},{"@type":"WebSite","@id":"https:\/\/arfolk.bzh\/#website","url":"https:\/\/arfolk.bzh\/","name":"Arfolk","description":"Label discographique sp\u00e9cialis\u00e9 dans la musique bretonne","publisher":{"@id":"https:\/\/arfolk.bzh\/#organization"},"potentialAction":[{"@type":"SearchAction","target":{"@type":"EntryPoint","urlTemplate":"https:\/\/arfolk.bzh\/?s={search_term_string}"},"query-input":{"@type":"PropertyValueSpecification","valueRequired":true,"valueName":"search_term_string"}}],"inLanguage":"en-US"},{"@type":"Organization","@id":"https:\/\/arfolk.bzh\/#organization","name":"Arfolk","alternateName":"Le label de la musique bretonne","url":"https:\/\/arfolk.bzh\/","logo":{"@type":"ImageObject","inLanguage":"en-US","@id":"https:\/\/arfolk.bzh\/#\/schema\/logo\/image\/","url":"https:\/\/arfolk.bzh\/wp-content\/uploads\/2023\/11\/cropped-logo-label-de-musique-breton-arfolf-vignette.webp","contentUrl":"https:\/\/arfolk.bzh\/wp-content\/uploads\/2023\/11\/cropped-logo-label-de-musique-breton-arfolf-vignette.webp","width":512,"height":512,"caption":"Arfolk"},"image":{"@id":"https:\/\/arfolk.bzh\/#\/schema\/logo\/image\/"},"sameAs":["https:\/\/www.facebook.com\/Arfolkmusik","https:\/\/www.instagram.com\/arfolkmusik\/"]}]}},"jetpack_sharing_enabled":true,"_links":{"self":[{"href":"https:\/\/arfolk.bzh\/en\/wp-json\/wp\/v2\/product\/2626","targetHints":{"allow":["GET"]}}],"collection":[{"href":"https:\/\/arfolk.bzh\/en\/wp-json\/wp\/v2\/product"}],"about":[{"href":"https:\/\/arfolk.bzh\/en\/wp-json\/wp\/v2\/types\/product"}],"wp:featuredmedia":[{"embeddable":true,"href":"https:\/\/arfolk.bzh\/en\/wp-json\/wp\/v2\/media\/2231"}],"wp:attachment":[{"href":"https:\/\/arfolk.bzh\/en\/wp-json\/wp\/v2\/media?parent=2626"}],"wp:term":[{"taxonomy":"product_brand","embeddable":true,"href":"https:\/\/arfolk.bzh\/en\/wp-json\/wp\/v2\/product_brand?post=2626"},{"taxonomy":"product_cat","embeddable":true,"href":"https:\/\/arfolk.bzh\/en\/wp-json\/wp\/v2\/false?post=2626"},{"taxonomy":"product_tag","embeddable":true,"href":"https:\/\/arfolk.bzh\/en\/wp-json\/wp\/v2\/product_tag?post=2626"},{"taxonomy":"disponible_a_la_vente","embeddable":true,"href":"https:\/\/arfolk.bzh\/en\/wp-json\/wp\/v2\/disponible_a_la_vente?post=2626"},{"taxonomy":"langue","embeddable":true,"href":"https:\/\/arfolk.bzh\/en\/wp-json\/wp\/v2\/langue?post=2626"},{"taxonomy":"style","embeddable":true,"href":"https:\/\/arfolk.bzh\/en\/wp-json\/wp\/v2\/style?post=2626"},{"taxonomy":"supports","embeddable":true,"href":"https:\/\/arfolk.bzh\/en\/wp-json\/wp\/v2\/supports?post=2626"}],"curies":[{"name":"wp","href":"https:\/\/api.w.org\/{rel}","templated":true}]}}