{"id":2632,"date":"2015-11-15T20:19:03","date_gmt":"2015-11-15T19:19:03","guid":{"rendered":"https:\/\/arfolk.bzh\/boutique\/les-marins-d-iroise-la-mer-est-immense\/"},"modified":"2025-12-11T11:55:45","modified_gmt":"2025-12-11T10:55:45","slug":"les-marins-d-iroise-la-mer-est-immense","status":"publish","type":"product","link":"https:\/\/arfolk.bzh\/en\/boutique\/les-marins-d-iroise-la-mer-est-immense\/","title":{"rendered":"Les marins d&rsquo;Iroise &#8211; La mer est immense"},"content":{"rendered":"<p>Les Marins d&rsquo;Iroise arrivent avec ce 9\u00e8me CD.<br \/>\nUn album abouti qui a n\u00e9cessit\u00e9 pr\u00e8s de deux ans de travail.<br \/>\nL&rsquo;histoire a commenc\u00e9 par un appel t\u00e9l\u00e9phonique d&rsquo;<strong>Hugues Aufray<\/strong>\u00a0qui leur propose d&rsquo;interpr\u00e9ter l&rsquo;une de ses chansons :\u00a0<em>Aux vents solitaires.<br \/>\n<\/em>Treize titres sont ainsi enregistr\u00e9s ; des classiques du chant de marins, des\u00a0<strong>airs traditionnels<\/strong>, des textes in\u00e9dits, des chants contemporains sur des arrangements musicaux d&rsquo;<strong>inspiration celtique, latino, orientale ou cajun.<\/strong><br \/>\nDes invit\u00e9s prestigieux m\u00ealent leur voix au ch\u0153ur des Marins, Hugues Aufray bien entendu, mais aussi\u00a0<strong>Gilles Servat, Tri Yann, le trio EDF<\/strong>\u00a0et, cerise sur le g\u00e2teau, le rocker anglais\u00a0<strong>Murray Head<\/strong>\u00a0qui a accept\u00e9 spontan\u00e9ment de pr\u00eater sa voix au titre qui a donn\u00e9 son nom \u00e0 l&rsquo;album :\u00a0<em>La mer est immense.<\/em><\/p>\n<p>Ce Cd bouleverse les lignes dans l&rsquo;univers du chant de marin et ancre solidement les Marins d&rsquo;Iroise dans leur terroir breton entre f\u00eates maritimes du pays de Brest, mer d&rsquo;Iroise et pays des Abers.<\/p>\n<p><iframe loading=\"lazy\" title=\"Les Marins d&#039;Iroise - Fanny danse\" width=\"1080\" height=\"608\" src=\"https:\/\/www.youtube.com\/embed\/DAmqDVayiGo?feature=oembed\"  allow=\"accelerometer; autoplay; clipboard-write; encrypted-media; gyroscope; picture-in-picture; web-share\" referrerpolicy=\"strict-origin-when-cross-origin\" allowfullscreen><\/iframe><\/p>\n<p><strong>Tracklist de \u00a0\u00bb La mer est immense \u00ab\u00a0:<\/strong><\/p>\n<ol>\n<li><strong>Fanny danse<\/strong><\/li>\n<li><strong>La mer est immense <\/strong><em>Avec Murray Head<\/em><\/li>\n<li><strong>Le corsaire de Saint-Malo<\/strong><\/li>\n<li><strong>Vire au cabestan<\/strong><\/li>\n<li><strong>Aux vents solitaires <\/strong><em>Avec Hugues Aufray<\/em><\/li>\n<li><strong>Guerre, guerre, vente, vent <\/strong><em>Avec Tri Yann<\/em><\/li>\n<li><strong>L&rsquo;ancre noire<\/strong><\/li>\n<li><strong>La for\u00eat sur la rade <\/strong><em>Avec Gilles Servat<\/em><\/li>\n<li><strong>Rolling down to old Maui<\/strong><\/li>\n<li><strong>Mazurka mon joli navire <\/strong><em>Avec le trio EDF<\/em><\/li>\n<li><strong>Reagan Dougan<\/strong><\/li>\n<li><strong>J&rsquo;rentre chez moi<\/strong><\/li>\n<li><strong>Les filles du bord de mer<\/strong><\/li>\n<\/ol>","protected":false},"excerpt":{"rendered":"<p>Les Marins d&rsquo;Iroise arrivent avec ce 9eme CD.\u00a0 Un album abouti qui a n\u00e9cessit\u00e9 pr\u00e8s de deux ans de travail.<\/p>\n<p>Ecoutez en Streaming : <strong><a href=\"https:\/\/fanlink.tv\/wc2N\">https:\/\/fanlink.tv\/wc2N<\/a><\/strong><\/p>\n<p>&nbsp;<\/p>\n<p>&nbsp;<\/p>\n<p>&nbsp;<\/p>","protected":false},"featured_media":2376,"template":"","meta":{"_acf_changed":false,"_et_pb_use_builder":"","_et_pb_old_content":"","_et_gb_content_width":""},"product_brand":[],"false":[32],"product_tag":[],"disponible_a_la_vente":[38],"langue":[74,72],"style":[79],"supports":[86],"class_list":{"0":"post-2632","1":"product","2":"type-product","3":"status-publish","4":"has-post-thumbnail","6":"product_cat-non-classe","7":"disponible_a_la_vente-disponible-a-la-vente","8":"langue-anglais","9":"langue-francais","10":"style-traditionnel-kan-ha-diskan","11":"supports-cd","13":"first","14":"instock","15":"sale","16":"purchasable","17":"product-type-simple"},"acf":[],"yoast_head":"<!-- This site is optimized with the Yoast SEO Premium plugin v24.0 (Yoast SEO v27.3) - https:\/\/yoast.com\/product\/yoast-seo-premium-wordpress\/ -->\n<title>Album de Les marins d&#039;Iroise - La mer est immense<\/title>\n<meta name=\"description\" content=\"Retrouvez l&#039;album de Les marins d&#039;Iroise - La mer est immense. Commandez directement en ligne sur arfolk.bzh, le label discographique breton.\" \/>\n<meta name=\"robots\" content=\"index, follow, max-snippet:-1, max-image-preview:large, max-video-preview:-1\" \/>\n<link rel=\"canonical\" href=\"https:\/\/arfolk.bzh\/en\/boutique\/les-marins-d-iroise-la-mer-est-immense\/\" \/>\n<script type=\"application\/ld+json\" class=\"yoast-schema-graph\">{\"@context\":\"https:\\\/\\\/schema.org\",\"@graph\":[{\"@type\":\"WebPage\",\"@id\":\"https:\\\/\\\/arfolk.bzh\\\/boutique\\\/les-marins-d-iroise-la-mer-est-immense\\\/\",\"url\":\"https:\\\/\\\/arfolk.bzh\\\/boutique\\\/les-marins-d-iroise-la-mer-est-immense\\\/\",\"name\":\"Album de Les marins d'Iroise - La mer est immense\",\"isPartOf\":{\"@id\":\"https:\\\/\\\/arfolk.bzh\\\/#website\"},\"primaryImageOfPage\":{\"@id\":\"https:\\\/\\\/arfolk.bzh\\\/boutique\\\/les-marins-d-iroise-la-mer-est-immense\\\/#primaryimage\"},\"image\":{\"@id\":\"https:\\\/\\\/arfolk.bzh\\\/boutique\\\/les-marins-d-iroise-la-mer-est-immense\\\/#primaryimage\"},\"thumbnailUrl\":\"https:\\\/\\\/arfolk.bzh\\\/wp-content\\\/uploads\\\/2024\\\/04\\\/lesmarinsdiroise_lamerestimmense-scaled.jpg\",\"datePublished\":\"2015-11-15T19:19:03+00:00\",\"dateModified\":\"2025-12-11T10:55:45+00:00\",\"description\":\"Retrouvez l'album de Les marins d'Iroise - La mer est immense. Commandez directement en ligne sur arfolk.bzh, le label discographique breton.\",\"breadcrumb\":{\"@id\":\"https:\\\/\\\/arfolk.bzh\\\/boutique\\\/les-marins-d-iroise-la-mer-est-immense\\\/#breadcrumb\"},\"inLanguage\":\"en-US\",\"potentialAction\":[{\"@type\":\"ReadAction\",\"target\":[\"https:\\\/\\\/arfolk.bzh\\\/boutique\\\/les-marins-d-iroise-la-mer-est-immense\\\/\"]}]},{\"@type\":\"ImageObject\",\"inLanguage\":\"en-US\",\"@id\":\"https:\\\/\\\/arfolk.bzh\\\/boutique\\\/les-marins-d-iroise-la-mer-est-immense\\\/#primaryimage\",\"url\":\"https:\\\/\\\/arfolk.bzh\\\/wp-content\\\/uploads\\\/2024\\\/04\\\/lesmarinsdiroise_lamerestimmense-scaled.jpg\",\"contentUrl\":\"https:\\\/\\\/arfolk.bzh\\\/wp-content\\\/uploads\\\/2024\\\/04\\\/lesmarinsdiroise_lamerestimmense-scaled.jpg\",\"width\":2560,\"height\":2560,\"caption\":\"lesmarinsdiroise lamerestimmense\"},{\"@type\":\"BreadcrumbList\",\"@id\":\"https:\\\/\\\/arfolk.bzh\\\/boutique\\\/les-marins-d-iroise-la-mer-est-immense\\\/#breadcrumb\",\"itemListElement\":[{\"@type\":\"ListItem\",\"position\":1,\"name\":\"Accueil\",\"item\":\"https:\\\/\\\/arfolk.bzh\\\/\"},{\"@type\":\"ListItem\",\"position\":2,\"name\":\"Boutique\",\"item\":\"https:\\\/\\\/arfolk.bzh\\\/boutique\\\/\"},{\"@type\":\"ListItem\",\"position\":3,\"name\":\"Les marins d&rsquo;Iroise &#8211; La mer est immense\"}]},{\"@type\":\"WebSite\",\"@id\":\"https:\\\/\\\/arfolk.bzh\\\/#website\",\"url\":\"https:\\\/\\\/arfolk.bzh\\\/\",\"name\":\"Arfolk\",\"description\":\"Label discographique sp\u00e9cialis\u00e9 dans la musique bretonne\",\"publisher\":{\"@id\":\"https:\\\/\\\/arfolk.bzh\\\/#organization\"},\"potentialAction\":[{\"@type\":\"SearchAction\",\"target\":{\"@type\":\"EntryPoint\",\"urlTemplate\":\"https:\\\/\\\/arfolk.bzh\\\/?s={search_term_string}\"},\"query-input\":{\"@type\":\"PropertyValueSpecification\",\"valueRequired\":true,\"valueName\":\"search_term_string\"}}],\"inLanguage\":\"en-US\"},{\"@type\":\"Organization\",\"@id\":\"https:\\\/\\\/arfolk.bzh\\\/#organization\",\"name\":\"Arfolk\",\"alternateName\":\"Le label de la musique bretonne\",\"url\":\"https:\\\/\\\/arfolk.bzh\\\/\",\"logo\":{\"@type\":\"ImageObject\",\"inLanguage\":\"en-US\",\"@id\":\"https:\\\/\\\/arfolk.bzh\\\/#\\\/schema\\\/logo\\\/image\\\/\",\"url\":\"https:\\\/\\\/arfolk.bzh\\\/wp-content\\\/uploads\\\/2023\\\/11\\\/cropped-logo-label-de-musique-breton-arfolf-vignette.webp\",\"contentUrl\":\"https:\\\/\\\/arfolk.bzh\\\/wp-content\\\/uploads\\\/2023\\\/11\\\/cropped-logo-label-de-musique-breton-arfolf-vignette.webp\",\"width\":512,\"height\":512,\"caption\":\"Arfolk\"},\"image\":{\"@id\":\"https:\\\/\\\/arfolk.bzh\\\/#\\\/schema\\\/logo\\\/image\\\/\"},\"sameAs\":[\"https:\\\/\\\/www.facebook.com\\\/Arfolkmusik\",\"https:\\\/\\\/www.instagram.com\\\/arfolkmusik\\\/\"]}]}<\/script>\n<!-- \/ Yoast SEO Premium plugin. -->","yoast_head_json":{"title":"Album de Les marins d'Iroise - La mer est immense","description":"Retrouvez l'album de Les marins d'Iroise - La mer est immense. Commandez directement en ligne sur arfolk.bzh, le label discographique breton.","robots":{"index":"index","follow":"follow","max-snippet":"max-snippet:-1","max-image-preview":"max-image-preview:large","max-video-preview":"max-video-preview:-1"},"canonical":"https:\/\/arfolk.bzh\/en\/boutique\/les-marins-d-iroise-la-mer-est-immense\/","schema":{"@context":"https:\/\/schema.org","@graph":[{"@type":"WebPage","@id":"https:\/\/arfolk.bzh\/boutique\/les-marins-d-iroise-la-mer-est-immense\/","url":"https:\/\/arfolk.bzh\/boutique\/les-marins-d-iroise-la-mer-est-immense\/","name":"Album de Les marins d'Iroise - La mer est immense","isPartOf":{"@id":"https:\/\/arfolk.bzh\/#website"},"primaryImageOfPage":{"@id":"https:\/\/arfolk.bzh\/boutique\/les-marins-d-iroise-la-mer-est-immense\/#primaryimage"},"image":{"@id":"https:\/\/arfolk.bzh\/boutique\/les-marins-d-iroise-la-mer-est-immense\/#primaryimage"},"thumbnailUrl":"https:\/\/arfolk.bzh\/wp-content\/uploads\/2024\/04\/lesmarinsdiroise_lamerestimmense-scaled.jpg","datePublished":"2015-11-15T19:19:03+00:00","dateModified":"2025-12-11T10:55:45+00:00","description":"Retrouvez l'album de Les marins d'Iroise - La mer est immense. Commandez directement en ligne sur arfolk.bzh, le label discographique breton.","breadcrumb":{"@id":"https:\/\/arfolk.bzh\/boutique\/les-marins-d-iroise-la-mer-est-immense\/#breadcrumb"},"inLanguage":"en-US","potentialAction":[{"@type":"ReadAction","target":["https:\/\/arfolk.bzh\/boutique\/les-marins-d-iroise-la-mer-est-immense\/"]}]},{"@type":"ImageObject","inLanguage":"en-US","@id":"https:\/\/arfolk.bzh\/boutique\/les-marins-d-iroise-la-mer-est-immense\/#primaryimage","url":"https:\/\/arfolk.bzh\/wp-content\/uploads\/2024\/04\/lesmarinsdiroise_lamerestimmense-scaled.jpg","contentUrl":"https:\/\/arfolk.bzh\/wp-content\/uploads\/2024\/04\/lesmarinsdiroise_lamerestimmense-scaled.jpg","width":2560,"height":2560,"caption":"lesmarinsdiroise lamerestimmense"},{"@type":"BreadcrumbList","@id":"https:\/\/arfolk.bzh\/boutique\/les-marins-d-iroise-la-mer-est-immense\/#breadcrumb","itemListElement":[{"@type":"ListItem","position":1,"name":"Accueil","item":"https:\/\/arfolk.bzh\/"},{"@type":"ListItem","position":2,"name":"Boutique","item":"https:\/\/arfolk.bzh\/boutique\/"},{"@type":"ListItem","position":3,"name":"Les marins d&rsquo;Iroise &#8211; La mer est immense"}]},{"@type":"WebSite","@id":"https:\/\/arfolk.bzh\/#website","url":"https:\/\/arfolk.bzh\/","name":"Arfolk","description":"Label discographique sp\u00e9cialis\u00e9 dans la musique bretonne","publisher":{"@id":"https:\/\/arfolk.bzh\/#organization"},"potentialAction":[{"@type":"SearchAction","target":{"@type":"EntryPoint","urlTemplate":"https:\/\/arfolk.bzh\/?s={search_term_string}"},"query-input":{"@type":"PropertyValueSpecification","valueRequired":true,"valueName":"search_term_string"}}],"inLanguage":"en-US"},{"@type":"Organization","@id":"https:\/\/arfolk.bzh\/#organization","name":"Arfolk","alternateName":"Le label de la musique bretonne","url":"https:\/\/arfolk.bzh\/","logo":{"@type":"ImageObject","inLanguage":"en-US","@id":"https:\/\/arfolk.bzh\/#\/schema\/logo\/image\/","url":"https:\/\/arfolk.bzh\/wp-content\/uploads\/2023\/11\/cropped-logo-label-de-musique-breton-arfolf-vignette.webp","contentUrl":"https:\/\/arfolk.bzh\/wp-content\/uploads\/2023\/11\/cropped-logo-label-de-musique-breton-arfolf-vignette.webp","width":512,"height":512,"caption":"Arfolk"},"image":{"@id":"https:\/\/arfolk.bzh\/#\/schema\/logo\/image\/"},"sameAs":["https:\/\/www.facebook.com\/Arfolkmusik","https:\/\/www.instagram.com\/arfolkmusik\/"]}]}},"jetpack_sharing_enabled":true,"_links":{"self":[{"href":"https:\/\/arfolk.bzh\/en\/wp-json\/wp\/v2\/product\/2632","targetHints":{"allow":["GET"]}}],"collection":[{"href":"https:\/\/arfolk.bzh\/en\/wp-json\/wp\/v2\/product"}],"about":[{"href":"https:\/\/arfolk.bzh\/en\/wp-json\/wp\/v2\/types\/product"}],"wp:featuredmedia":[{"embeddable":true,"href":"https:\/\/arfolk.bzh\/en\/wp-json\/wp\/v2\/media\/2376"}],"wp:attachment":[{"href":"https:\/\/arfolk.bzh\/en\/wp-json\/wp\/v2\/media?parent=2632"}],"wp:term":[{"taxonomy":"product_brand","embeddable":true,"href":"https:\/\/arfolk.bzh\/en\/wp-json\/wp\/v2\/product_brand?post=2632"},{"taxonomy":"product_cat","embeddable":true,"href":"https:\/\/arfolk.bzh\/en\/wp-json\/wp\/v2\/false?post=2632"},{"taxonomy":"product_tag","embeddable":true,"href":"https:\/\/arfolk.bzh\/en\/wp-json\/wp\/v2\/product_tag?post=2632"},{"taxonomy":"disponible_a_la_vente","embeddable":true,"href":"https:\/\/arfolk.bzh\/en\/wp-json\/wp\/v2\/disponible_a_la_vente?post=2632"},{"taxonomy":"langue","embeddable":true,"href":"https:\/\/arfolk.bzh\/en\/wp-json\/wp\/v2\/langue?post=2632"},{"taxonomy":"style","embeddable":true,"href":"https:\/\/arfolk.bzh\/en\/wp-json\/wp\/v2\/style?post=2632"},{"taxonomy":"supports","embeddable":true,"href":"https:\/\/arfolk.bzh\/en\/wp-json\/wp\/v2\/supports?post=2632"}],"curies":[{"name":"wp","href":"https:\/\/api.w.org\/{rel}","templated":true}]}}