{"id":3030,"date":"2024-09-06T17:39:43","date_gmt":"2024-09-06T15:39:43","guid":{"rendered":"https:\/\/arfolk.bzh\/?post_type=product&#038;p=3030"},"modified":"2026-01-28T21:54:37","modified_gmt":"2026-01-28T20:54:37","slug":"hamon-martin-quintet-et-si-lidee-coulait-de-source","status":"publish","type":"product","link":"https:\/\/arfolk.bzh\/en\/boutique\/hamon-martin-quintet-et-si-lidee-coulait-de-source\/","title":{"rendered":"Hamon Martin Quintet &#8211; Et si l\u2019id\u00e9e coulait de source"},"content":{"rendered":"<div class=\"f-productSection f-productDesc\">\n<div class=\"f-productSection__body f-productDesc__body\">\n<div class=\"f-productDesc__raw\">6\u00e8me album du groupe phare de la sc\u00e8ne des festo\u00f9-noz.<\/div>\n<div class=\"f-productDesc__raw\">Un nouvel opus qui donne encore la part belle aux danses de Haute Bretagne avec des m\u00e9lodies toujours aussi entrainantes et des textes dont le groupe a le secret. Un album qui fait bouger les pieds d\u00e8s la premi\u00e8re \u00e9coute.<\/div>\n<div><\/div>\n<\/div>\n<\/div>\n<div>\n<p><iframe loading=\"lazy\" title=\"Hamon Martin Quintet - L&#039;histoire de ma vie (Rond paludier)\" width=\"1080\" height=\"608\" src=\"https:\/\/www.youtube.com\/embed\/0moEIWk9Jow?feature=oembed\"  allow=\"accelerometer; autoplay; clipboard-write; encrypted-media; gyroscope; picture-in-picture; web-share\" referrerpolicy=\"strict-origin-when-cross-origin\" allowfullscreen><\/iframe><\/p>\n<\/div>\n<div class=\"f-productSection f-productDesc\">\n<div class=\"f-productSection__body f-productDesc__body\">\n<div><\/div>\n<div><strong>Tracklist de \u00ab\u00a0et si l&rsquo;id\u00e9e coulait de source\u00a0\u00bb:<\/strong><\/div>\n<ol>\n<li>Au gui l&rsquo;an neuf (Pil\u00e9 menu)<\/li>\n<li>Le papillon sous la lune bleue (Bal paludier)<\/li>\n<li>L&rsquo;histoire de ma vie (Rond paludier)<\/li>\n<li>Et si l&rsquo;id\u00e9e coulait de source (Mazurka)<\/li>\n<li>Quand le froid vient me saisir (Larid\u00e9 8 temps)<\/li>\n<li>Les pommes dans le poirier (Rid\u00e9e de Guillac)<\/li>\n<li>Aydinlar<\/li>\n<li>Voici le temps et la saison (Rid\u00e9e 6 temps)<\/li>\n<li>Vingt-sept \u00e0 la dizaine (Rond de Saint-Vincent)<\/li>\n<li>O\u00f9 donc est ma peine ? (An dro)<\/li>\n<\/ol>\n<\/div>\n<\/div>","protected":false},"excerpt":{"rendered":"<p>Pour ce nouvel album, Hamon Martin Quintet\u00a0 marque un engagement environnemental fort, m\u00ealant musique \u00e0 danser et textes engag\u00e9s.<\/p>\n<ul>\n<li><a href=\"https:\/\/fanlink.tv\/vVF4\" target=\"_blank\" rel=\"noopener\">Ecoutez en streaming<\/a> \u00a0\u00bb Et si l&rsquo;id\u00e9e coulait de source\u00a0\u00bb<\/li>\n<li><a href=\"https:\/\/fanlink.tv\/gJex\" target=\"_blank\" rel=\"noopener\">D\u00e9couvrez la playlist<\/a> Fest-noz Officiel<\/li>\n<\/ul>","protected":false},"featured_media":3038,"template":"","meta":{"_acf_changed":false,"_et_pb_use_builder":"","_et_pb_old_content":"","_et_gb_content_width":""},"product_brand":[],"false":[49],"product_tag":[],"disponible_a_la_vente":[38],"langue":[72],"style":[76],"supports":[86],"class_list":{"0":"post-3030","1":"product","2":"type-product","3":"status-publish","4":"has-post-thumbnail","6":"product_cat-hamon-martin","7":"disponible_a_la_vente-disponible-a-la-vente","8":"langue-francais","9":"style-fest-noz","10":"supports-cd","12":"first","13":"instock","14":"taxable","15":"shipping-taxable","16":"purchasable","17":"product-type-simple"},"acf":[],"yoast_head":"<!-- This site is optimized with the Yoast SEO Premium plugin v24.0 (Yoast SEO v27.3) - https:\/\/yoast.com\/product\/yoast-seo-premium-wordpress\/ -->\n<title>Hamon Martin Quintet - Et si l\u2019id\u00e9e coulait de source<\/title>\n<meta name=\"description\" content=\"Retrouvez le nouvel album de Hamon Martin Quintet - Et si l\u2019id\u00e9e coulait de source. Commandez directement en ligne sur arfolk.bzh.\" \/>\n<meta name=\"robots\" content=\"index, follow, max-snippet:-1, max-image-preview:large, max-video-preview:-1\" \/>\n<link rel=\"canonical\" href=\"https:\/\/arfolk.bzh\/en\/boutique\/hamon-martin-quintet-et-si-lidee-coulait-de-source\/\" \/>\n<script type=\"application\/ld+json\" class=\"yoast-schema-graph\">{\"@context\":\"https:\\\/\\\/schema.org\",\"@graph\":[{\"@type\":\"WebPage\",\"@id\":\"https:\\\/\\\/arfolk.bzh\\\/boutique\\\/hamon-martin-quintet-et-si-lidee-coulait-de-source\\\/\",\"url\":\"https:\\\/\\\/arfolk.bzh\\\/boutique\\\/hamon-martin-quintet-et-si-lidee-coulait-de-source\\\/\",\"name\":\"Hamon Martin Quintet - Et si l\u2019id\u00e9e coulait de source\",\"isPartOf\":{\"@id\":\"https:\\\/\\\/arfolk.bzh\\\/#website\"},\"primaryImageOfPage\":{\"@id\":\"https:\\\/\\\/arfolk.bzh\\\/boutique\\\/hamon-martin-quintet-et-si-lidee-coulait-de-source\\\/#primaryimage\"},\"image\":{\"@id\":\"https:\\\/\\\/arfolk.bzh\\\/boutique\\\/hamon-martin-quintet-et-si-lidee-coulait-de-source\\\/#primaryimage\"},\"thumbnailUrl\":\"https:\\\/\\\/arfolk.bzh\\\/wp-content\\\/uploads\\\/2024\\\/09\\\/hamon-martin-quintet-nouvel-album-et-si-l-idee-coulait-de-source.webp\",\"datePublished\":\"2024-09-06T15:39:43+00:00\",\"dateModified\":\"2026-01-28T20:54:37+00:00\",\"description\":\"Retrouvez le nouvel album de Hamon Martin Quintet - Et si l\u2019id\u00e9e coulait de source. Commandez directement en ligne sur arfolk.bzh.\",\"breadcrumb\":{\"@id\":\"https:\\\/\\\/arfolk.bzh\\\/boutique\\\/hamon-martin-quintet-et-si-lidee-coulait-de-source\\\/#breadcrumb\"},\"inLanguage\":\"en-US\",\"potentialAction\":[{\"@type\":\"ReadAction\",\"target\":[\"https:\\\/\\\/arfolk.bzh\\\/boutique\\\/hamon-martin-quintet-et-si-lidee-coulait-de-source\\\/\"]}]},{\"@type\":\"ImageObject\",\"inLanguage\":\"en-US\",\"@id\":\"https:\\\/\\\/arfolk.bzh\\\/boutique\\\/hamon-martin-quintet-et-si-lidee-coulait-de-source\\\/#primaryimage\",\"url\":\"https:\\\/\\\/arfolk.bzh\\\/wp-content\\\/uploads\\\/2024\\\/09\\\/hamon-martin-quintet-nouvel-album-et-si-l-idee-coulait-de-source.webp\",\"contentUrl\":\"https:\\\/\\\/arfolk.bzh\\\/wp-content\\\/uploads\\\/2024\\\/09\\\/hamon-martin-quintet-nouvel-album-et-si-l-idee-coulait-de-source.webp\",\"width\":999,\"height\":1000,\"caption\":\"Hamon Martin Quintet - nouvel album - et si l'ide\u0301e coulait de source\"},{\"@type\":\"BreadcrumbList\",\"@id\":\"https:\\\/\\\/arfolk.bzh\\\/boutique\\\/hamon-martin-quintet-et-si-lidee-coulait-de-source\\\/#breadcrumb\",\"itemListElement\":[{\"@type\":\"ListItem\",\"position\":1,\"name\":\"Accueil\",\"item\":\"https:\\\/\\\/arfolk.bzh\\\/\"},{\"@type\":\"ListItem\",\"position\":2,\"name\":\"Boutique\",\"item\":\"https:\\\/\\\/arfolk.bzh\\\/boutique\\\/\"},{\"@type\":\"ListItem\",\"position\":3,\"name\":\"Hamon Martin Quintet &#8211; Et si l\u2019id\u00e9e coulait de source\"}]},{\"@type\":\"WebSite\",\"@id\":\"https:\\\/\\\/arfolk.bzh\\\/#website\",\"url\":\"https:\\\/\\\/arfolk.bzh\\\/\",\"name\":\"Arfolk\",\"description\":\"Label discographique sp\u00e9cialis\u00e9 dans la musique bretonne\",\"publisher\":{\"@id\":\"https:\\\/\\\/arfolk.bzh\\\/#organization\"},\"potentialAction\":[{\"@type\":\"SearchAction\",\"target\":{\"@type\":\"EntryPoint\",\"urlTemplate\":\"https:\\\/\\\/arfolk.bzh\\\/?s={search_term_string}\"},\"query-input\":{\"@type\":\"PropertyValueSpecification\",\"valueRequired\":true,\"valueName\":\"search_term_string\"}}],\"inLanguage\":\"en-US\"},{\"@type\":\"Organization\",\"@id\":\"https:\\\/\\\/arfolk.bzh\\\/#organization\",\"name\":\"Arfolk\",\"alternateName\":\"Le label de la musique bretonne\",\"url\":\"https:\\\/\\\/arfolk.bzh\\\/\",\"logo\":{\"@type\":\"ImageObject\",\"inLanguage\":\"en-US\",\"@id\":\"https:\\\/\\\/arfolk.bzh\\\/#\\\/schema\\\/logo\\\/image\\\/\",\"url\":\"https:\\\/\\\/arfolk.bzh\\\/wp-content\\\/uploads\\\/2023\\\/11\\\/cropped-logo-label-de-musique-breton-arfolf-vignette.webp\",\"contentUrl\":\"https:\\\/\\\/arfolk.bzh\\\/wp-content\\\/uploads\\\/2023\\\/11\\\/cropped-logo-label-de-musique-breton-arfolf-vignette.webp\",\"width\":512,\"height\":512,\"caption\":\"Arfolk\"},\"image\":{\"@id\":\"https:\\\/\\\/arfolk.bzh\\\/#\\\/schema\\\/logo\\\/image\\\/\"},\"sameAs\":[\"https:\\\/\\\/www.facebook.com\\\/Arfolkmusik\",\"https:\\\/\\\/www.instagram.com\\\/arfolkmusik\\\/\"]}]}<\/script>\n<!-- \/ Yoast SEO Premium plugin. -->","yoast_head_json":{"title":"Hamon Martin Quintet - Et si l\u2019id\u00e9e coulait de source","description":"Retrouvez le nouvel album de Hamon Martin Quintet - Et si l\u2019id\u00e9e coulait de source. Commandez directement en ligne sur arfolk.bzh.","robots":{"index":"index","follow":"follow","max-snippet":"max-snippet:-1","max-image-preview":"max-image-preview:large","max-video-preview":"max-video-preview:-1"},"canonical":"https:\/\/arfolk.bzh\/en\/boutique\/hamon-martin-quintet-et-si-lidee-coulait-de-source\/","schema":{"@context":"https:\/\/schema.org","@graph":[{"@type":"WebPage","@id":"https:\/\/arfolk.bzh\/boutique\/hamon-martin-quintet-et-si-lidee-coulait-de-source\/","url":"https:\/\/arfolk.bzh\/boutique\/hamon-martin-quintet-et-si-lidee-coulait-de-source\/","name":"Hamon Martin Quintet - Et si l\u2019id\u00e9e coulait de source","isPartOf":{"@id":"https:\/\/arfolk.bzh\/#website"},"primaryImageOfPage":{"@id":"https:\/\/arfolk.bzh\/boutique\/hamon-martin-quintet-et-si-lidee-coulait-de-source\/#primaryimage"},"image":{"@id":"https:\/\/arfolk.bzh\/boutique\/hamon-martin-quintet-et-si-lidee-coulait-de-source\/#primaryimage"},"thumbnailUrl":"https:\/\/arfolk.bzh\/wp-content\/uploads\/2024\/09\/hamon-martin-quintet-nouvel-album-et-si-l-idee-coulait-de-source.webp","datePublished":"2024-09-06T15:39:43+00:00","dateModified":"2026-01-28T20:54:37+00:00","description":"Retrouvez le nouvel album de Hamon Martin Quintet - Et si l\u2019id\u00e9e coulait de source. Commandez directement en ligne sur arfolk.bzh.","breadcrumb":{"@id":"https:\/\/arfolk.bzh\/boutique\/hamon-martin-quintet-et-si-lidee-coulait-de-source\/#breadcrumb"},"inLanguage":"en-US","potentialAction":[{"@type":"ReadAction","target":["https:\/\/arfolk.bzh\/boutique\/hamon-martin-quintet-et-si-lidee-coulait-de-source\/"]}]},{"@type":"ImageObject","inLanguage":"en-US","@id":"https:\/\/arfolk.bzh\/boutique\/hamon-martin-quintet-et-si-lidee-coulait-de-source\/#primaryimage","url":"https:\/\/arfolk.bzh\/wp-content\/uploads\/2024\/09\/hamon-martin-quintet-nouvel-album-et-si-l-idee-coulait-de-source.webp","contentUrl":"https:\/\/arfolk.bzh\/wp-content\/uploads\/2024\/09\/hamon-martin-quintet-nouvel-album-et-si-l-idee-coulait-de-source.webp","width":999,"height":1000,"caption":"Hamon Martin Quintet - nouvel album - et si l'ide\u0301e coulait de source"},{"@type":"BreadcrumbList","@id":"https:\/\/arfolk.bzh\/boutique\/hamon-martin-quintet-et-si-lidee-coulait-de-source\/#breadcrumb","itemListElement":[{"@type":"ListItem","position":1,"name":"Accueil","item":"https:\/\/arfolk.bzh\/"},{"@type":"ListItem","position":2,"name":"Boutique","item":"https:\/\/arfolk.bzh\/boutique\/"},{"@type":"ListItem","position":3,"name":"Hamon Martin Quintet &#8211; Et si l\u2019id\u00e9e coulait de source"}]},{"@type":"WebSite","@id":"https:\/\/arfolk.bzh\/#website","url":"https:\/\/arfolk.bzh\/","name":"Arfolk","description":"Label discographique sp\u00e9cialis\u00e9 dans la musique bretonne","publisher":{"@id":"https:\/\/arfolk.bzh\/#organization"},"potentialAction":[{"@type":"SearchAction","target":{"@type":"EntryPoint","urlTemplate":"https:\/\/arfolk.bzh\/?s={search_term_string}"},"query-input":{"@type":"PropertyValueSpecification","valueRequired":true,"valueName":"search_term_string"}}],"inLanguage":"en-US"},{"@type":"Organization","@id":"https:\/\/arfolk.bzh\/#organization","name":"Arfolk","alternateName":"Le label de la musique bretonne","url":"https:\/\/arfolk.bzh\/","logo":{"@type":"ImageObject","inLanguage":"en-US","@id":"https:\/\/arfolk.bzh\/#\/schema\/logo\/image\/","url":"https:\/\/arfolk.bzh\/wp-content\/uploads\/2023\/11\/cropped-logo-label-de-musique-breton-arfolf-vignette.webp","contentUrl":"https:\/\/arfolk.bzh\/wp-content\/uploads\/2023\/11\/cropped-logo-label-de-musique-breton-arfolf-vignette.webp","width":512,"height":512,"caption":"Arfolk"},"image":{"@id":"https:\/\/arfolk.bzh\/#\/schema\/logo\/image\/"},"sameAs":["https:\/\/www.facebook.com\/Arfolkmusik","https:\/\/www.instagram.com\/arfolkmusik\/"]}]}},"jetpack_sharing_enabled":true,"_links":{"self":[{"href":"https:\/\/arfolk.bzh\/en\/wp-json\/wp\/v2\/product\/3030","targetHints":{"allow":["GET"]}}],"collection":[{"href":"https:\/\/arfolk.bzh\/en\/wp-json\/wp\/v2\/product"}],"about":[{"href":"https:\/\/arfolk.bzh\/en\/wp-json\/wp\/v2\/types\/product"}],"wp:featuredmedia":[{"embeddable":true,"href":"https:\/\/arfolk.bzh\/en\/wp-json\/wp\/v2\/media\/3038"}],"wp:attachment":[{"href":"https:\/\/arfolk.bzh\/en\/wp-json\/wp\/v2\/media?parent=3030"}],"wp:term":[{"taxonomy":"product_brand","embeddable":true,"href":"https:\/\/arfolk.bzh\/en\/wp-json\/wp\/v2\/product_brand?post=3030"},{"taxonomy":"product_cat","embeddable":true,"href":"https:\/\/arfolk.bzh\/en\/wp-json\/wp\/v2\/false?post=3030"},{"taxonomy":"product_tag","embeddable":true,"href":"https:\/\/arfolk.bzh\/en\/wp-json\/wp\/v2\/product_tag?post=3030"},{"taxonomy":"disponible_a_la_vente","embeddable":true,"href":"https:\/\/arfolk.bzh\/en\/wp-json\/wp\/v2\/disponible_a_la_vente?post=3030"},{"taxonomy":"langue","embeddable":true,"href":"https:\/\/arfolk.bzh\/en\/wp-json\/wp\/v2\/langue?post=3030"},{"taxonomy":"style","embeddable":true,"href":"https:\/\/arfolk.bzh\/en\/wp-json\/wp\/v2\/style?post=3030"},{"taxonomy":"supports","embeddable":true,"href":"https:\/\/arfolk.bzh\/en\/wp-json\/wp\/v2\/supports?post=3030"}],"curies":[{"name":"wp","href":"https:\/\/api.w.org\/{rel}","templated":true}]}}