{"id":3662,"date":"2021-11-15T17:08:10","date_gmt":"2021-11-15T16:08:10","guid":{"rendered":"https:\/\/arfolk.bzh\/?post_type=product&#038;p=3662"},"modified":"2025-12-11T10:59:41","modified_gmt":"2025-12-11T09:59:41","slug":"bro-gozh-ma-zadou-o-breizh-ma-bro-hymne-officiel-de-la-bretagne","status":"publish","type":"product","link":"https:\/\/arfolk.bzh\/en\/boutique\/bro-gozh-ma-zadou-o-breizh-ma-bro-hymne-officiel-de-la-bretagne\/","title":{"rendered":"Bro gozh ma Zado\u00f9 O Breizh ma Bro &#8211; Hymne officiel de la bretagne"},"content":{"rendered":"<p>Ecoutez en streaming :<\/p>\n<p><iframe loading=\"lazy\" title=\"Bro gozh ma zado\u00f9 (O Breizh ma Bro)\" width=\"1080\" height=\"608\" src=\"https:\/\/www.youtube.com\/embed\/videoseries?list=PLQMZD0e8YHDL1mtozftg_Dvxhnb5UodhS\"  allow=\"accelerometer; autoplay; clipboard-write; encrypted-media; gyroscope; picture-in-picture; web-share\" referrerpolicy=\"strict-origin-when-cross-origin\" allowfullscreen><\/iframe><\/p>\n<p>Tracklist du CD :<\/p>\n<ol>\n<li>Version officielle orchestre, choeur, sonneurs et solistes &#8211; 5 mn 15<\/li>\n<li>Version officielle \/ Version courte : couplets 1 et 2 &#8211; 2 mn 27<\/li>\n<li>Version officielle \/ Version courte : couplets 3 et 4 et final &#8211; 3 mn 28<\/li>\n<li>Version orchestre seul &#8211; 5 mn 14<\/li>\n<li>Version compl\u00e8te : orchestre et sonneurs &#8211; 5 mn 12<\/li>\n<li>Version compl\u00e8te : orchestre, sonneurs et choeur<\/li>\n<li>Version ch\u0153ur mixte \/ piano<\/li>\n<li>Version compl\u00e8te \u00ab Play Back Orchestre \u00bb et \/ ou karaok\u00e9<\/li>\n<li>Version compl\u00e8te \u00ab Play Back Orchestre \u00bb et \/ ou karaok\u00e9 couplets 1 et 2<\/li>\n<li>Version compl\u00e8te \u00ab Play Back Orchestre \u00bb et \/ ou karaok\u00e9 couplets 3 et 4<\/li>\n<\/ol>\n<p>Gilles Servat, Aziliz Manrow &amp; l&rsquo;Orchestre National de Bretagne &#8211; Bro gozh ma Zado\u00f9 (O Breizh ma Bro) . Sonerien \/ sonneurs : Herv\u00e9 le Floc&rsquo;h, Kevin Colas &amp; Dominig Mahe . Choeur \/ Laz-Kana\u00f1 : Eden Palace \/ Pontivy . Musique : James James \/ . Arrangements et orchestration : Fr\u00e9d\u00e9rique Lory . Texte : Fran\u00e7ois Jaffrennou alias Taldir<\/p>","protected":false},"excerpt":{"rendered":"<p>Vous recherchez un outil pour enseigner et diffuser le Bro Gozh ma zado\u00f9 dans votre association, votre club sportif, votre \u00e9cole ?<\/p>\n<p>Ce CD contient tout ce qu\u2019il vous faut.<\/p>\n<p>Diff\u00e9rentes orchestrations sont \u00e0 votre disposition pour \u00e9couter, apprendre et chanter magistralement le fameux Bro Gozh.<\/p>","protected":false},"featured_media":3665,"template":"","meta":{"_acf_changed":false,"_et_pb_use_builder":"","_et_pb_old_content":"","_et_gb_content_width":""},"product_brand":[],"false":[48,51],"product_tag":[],"disponible_a_la_vente":[38],"langue":[73],"style":[79],"supports":[86],"class_list":{"0":"post-3662","1":"product","2":"type-product","3":"status-publish","4":"has-post-thumbnail","6":"product_cat-gilles-servat","7":"product_cat-orchestre-national-de-bretagne","8":"disponible_a_la_vente-disponible-a-la-vente","9":"langue-breton","10":"style-traditionnel-kan-ha-diskan","11":"supports-cd","13":"first","14":"instock","15":"taxable","16":"shipping-taxable","17":"purchasable","18":"product-type-simple"},"acf":[],"yoast_head":"<!-- This site is optimized with the Yoast SEO Premium plugin v24.0 (Yoast SEO v27.3) - https:\/\/yoast.com\/product\/yoast-seo-premium-wordpress\/ -->\n<title>Album de l&#039;Hymne officiel de la Bretagne - Bro gosh ma Zado\u00f9<\/title>\n<meta name=\"description\" content=\"Retrouvez l&#039;album de l&#039;Hymne officiel de la Bretagne - Bro gosh ma Zado\u00f9 (O Breizh ma Bro). Commandez directement en ligne sur arfolk.bzh.\" \/>\n<meta name=\"robots\" content=\"index, follow, max-snippet:-1, max-image-preview:large, max-video-preview:-1\" \/>\n<link rel=\"canonical\" href=\"https:\/\/arfolk.bzh\/en\/boutique\/bro-gozh-ma-zadou-o-breizh-ma-bro-hymne-officiel-de-la-bretagne\/\" \/>\n<script type=\"application\/ld+json\" class=\"yoast-schema-graph\">{\"@context\":\"https:\\\/\\\/schema.org\",\"@graph\":[{\"@type\":\"WebPage\",\"@id\":\"https:\\\/\\\/arfolk.bzh\\\/boutique\\\/bro-gozh-ma-zadou-o-breizh-ma-bro-hymne-officiel-de-la-bretagne\\\/\",\"url\":\"https:\\\/\\\/arfolk.bzh\\\/boutique\\\/bro-gozh-ma-zadou-o-breizh-ma-bro-hymne-officiel-de-la-bretagne\\\/\",\"name\":\"Album de l'Hymne officiel de la Bretagne - Bro gosh ma Zado\u00f9\",\"isPartOf\":{\"@id\":\"https:\\\/\\\/arfolk.bzh\\\/#website\"},\"primaryImageOfPage\":{\"@id\":\"https:\\\/\\\/arfolk.bzh\\\/boutique\\\/bro-gozh-ma-zadou-o-breizh-ma-bro-hymne-officiel-de-la-bretagne\\\/#primaryimage\"},\"image\":{\"@id\":\"https:\\\/\\\/arfolk.bzh\\\/boutique\\\/bro-gozh-ma-zadou-o-breizh-ma-bro-hymne-officiel-de-la-bretagne\\\/#primaryimage\"},\"thumbnailUrl\":\"https:\\\/\\\/arfolk.bzh\\\/wp-content\\\/uploads\\\/2025\\\/02\\\/bro-gozh-ma-zadou-o-breizh-ma-bro.webp\",\"datePublished\":\"2021-11-15T16:08:10+00:00\",\"dateModified\":\"2025-12-11T09:59:41+00:00\",\"description\":\"Retrouvez l'album de l'Hymne officiel de la Bretagne - Bro gosh ma Zado\u00f9 (O Breizh ma Bro). Commandez directement en ligne sur arfolk.bzh.\",\"breadcrumb\":{\"@id\":\"https:\\\/\\\/arfolk.bzh\\\/boutique\\\/bro-gozh-ma-zadou-o-breizh-ma-bro-hymne-officiel-de-la-bretagne\\\/#breadcrumb\"},\"inLanguage\":\"en-US\",\"potentialAction\":[{\"@type\":\"ReadAction\",\"target\":[\"https:\\\/\\\/arfolk.bzh\\\/boutique\\\/bro-gozh-ma-zadou-o-breizh-ma-bro-hymne-officiel-de-la-bretagne\\\/\"]}]},{\"@type\":\"ImageObject\",\"inLanguage\":\"en-US\",\"@id\":\"https:\\\/\\\/arfolk.bzh\\\/boutique\\\/bro-gozh-ma-zadou-o-breizh-ma-bro-hymne-officiel-de-la-bretagne\\\/#primaryimage\",\"url\":\"https:\\\/\\\/arfolk.bzh\\\/wp-content\\\/uploads\\\/2025\\\/02\\\/bro-gozh-ma-zadou-o-breizh-ma-bro.webp\",\"contentUrl\":\"https:\\\/\\\/arfolk.bzh\\\/wp-content\\\/uploads\\\/2025\\\/02\\\/bro-gozh-ma-zadou-o-breizh-ma-bro.webp\",\"width\":960,\"height\":960,\"caption\":\"Bro-gozh-ma-zadou-o-breizh-ma-bro\"},{\"@type\":\"BreadcrumbList\",\"@id\":\"https:\\\/\\\/arfolk.bzh\\\/boutique\\\/bro-gozh-ma-zadou-o-breizh-ma-bro-hymne-officiel-de-la-bretagne\\\/#breadcrumb\",\"itemListElement\":[{\"@type\":\"ListItem\",\"position\":1,\"name\":\"Accueil\",\"item\":\"https:\\\/\\\/arfolk.bzh\\\/\"},{\"@type\":\"ListItem\",\"position\":2,\"name\":\"Boutique\",\"item\":\"https:\\\/\\\/arfolk.bzh\\\/boutique\\\/\"},{\"@type\":\"ListItem\",\"position\":3,\"name\":\"Bro gozh ma Zado\u00f9 O Breizh ma Bro &#8211; Hymne officiel de la bretagne\"}]},{\"@type\":\"WebSite\",\"@id\":\"https:\\\/\\\/arfolk.bzh\\\/#website\",\"url\":\"https:\\\/\\\/arfolk.bzh\\\/\",\"name\":\"Arfolk\",\"description\":\"Label discographique sp\u00e9cialis\u00e9 dans la musique bretonne\",\"publisher\":{\"@id\":\"https:\\\/\\\/arfolk.bzh\\\/#organization\"},\"potentialAction\":[{\"@type\":\"SearchAction\",\"target\":{\"@type\":\"EntryPoint\",\"urlTemplate\":\"https:\\\/\\\/arfolk.bzh\\\/?s={search_term_string}\"},\"query-input\":{\"@type\":\"PropertyValueSpecification\",\"valueRequired\":true,\"valueName\":\"search_term_string\"}}],\"inLanguage\":\"en-US\"},{\"@type\":\"Organization\",\"@id\":\"https:\\\/\\\/arfolk.bzh\\\/#organization\",\"name\":\"Arfolk\",\"alternateName\":\"Le label de la musique bretonne\",\"url\":\"https:\\\/\\\/arfolk.bzh\\\/\",\"logo\":{\"@type\":\"ImageObject\",\"inLanguage\":\"en-US\",\"@id\":\"https:\\\/\\\/arfolk.bzh\\\/#\\\/schema\\\/logo\\\/image\\\/\",\"url\":\"https:\\\/\\\/arfolk.bzh\\\/wp-content\\\/uploads\\\/2023\\\/11\\\/cropped-logo-label-de-musique-breton-arfolf-vignette.webp\",\"contentUrl\":\"https:\\\/\\\/arfolk.bzh\\\/wp-content\\\/uploads\\\/2023\\\/11\\\/cropped-logo-label-de-musique-breton-arfolf-vignette.webp\",\"width\":512,\"height\":512,\"caption\":\"Arfolk\"},\"image\":{\"@id\":\"https:\\\/\\\/arfolk.bzh\\\/#\\\/schema\\\/logo\\\/image\\\/\"},\"sameAs\":[\"https:\\\/\\\/www.facebook.com\\\/Arfolkmusik\",\"https:\\\/\\\/www.instagram.com\\\/arfolkmusik\\\/\"]}]}<\/script>\n<!-- \/ Yoast SEO Premium plugin. -->","yoast_head_json":{"title":"Album de l'Hymne officiel de la Bretagne - Bro gosh ma Zado\u00f9","description":"Retrouvez l'album de l'Hymne officiel de la Bretagne - Bro gosh ma Zado\u00f9 (O Breizh ma Bro). Commandez directement en ligne sur arfolk.bzh.","robots":{"index":"index","follow":"follow","max-snippet":"max-snippet:-1","max-image-preview":"max-image-preview:large","max-video-preview":"max-video-preview:-1"},"canonical":"https:\/\/arfolk.bzh\/en\/boutique\/bro-gozh-ma-zadou-o-breizh-ma-bro-hymne-officiel-de-la-bretagne\/","schema":{"@context":"https:\/\/schema.org","@graph":[{"@type":"WebPage","@id":"https:\/\/arfolk.bzh\/boutique\/bro-gozh-ma-zadou-o-breizh-ma-bro-hymne-officiel-de-la-bretagne\/","url":"https:\/\/arfolk.bzh\/boutique\/bro-gozh-ma-zadou-o-breizh-ma-bro-hymne-officiel-de-la-bretagne\/","name":"Album de l'Hymne officiel de la Bretagne - Bro gosh ma Zado\u00f9","isPartOf":{"@id":"https:\/\/arfolk.bzh\/#website"},"primaryImageOfPage":{"@id":"https:\/\/arfolk.bzh\/boutique\/bro-gozh-ma-zadou-o-breizh-ma-bro-hymne-officiel-de-la-bretagne\/#primaryimage"},"image":{"@id":"https:\/\/arfolk.bzh\/boutique\/bro-gozh-ma-zadou-o-breizh-ma-bro-hymne-officiel-de-la-bretagne\/#primaryimage"},"thumbnailUrl":"https:\/\/arfolk.bzh\/wp-content\/uploads\/2025\/02\/bro-gozh-ma-zadou-o-breizh-ma-bro.webp","datePublished":"2021-11-15T16:08:10+00:00","dateModified":"2025-12-11T09:59:41+00:00","description":"Retrouvez l'album de l'Hymne officiel de la Bretagne - Bro gosh ma Zado\u00f9 (O Breizh ma Bro). Commandez directement en ligne sur arfolk.bzh.","breadcrumb":{"@id":"https:\/\/arfolk.bzh\/boutique\/bro-gozh-ma-zadou-o-breizh-ma-bro-hymne-officiel-de-la-bretagne\/#breadcrumb"},"inLanguage":"en-US","potentialAction":[{"@type":"ReadAction","target":["https:\/\/arfolk.bzh\/boutique\/bro-gozh-ma-zadou-o-breizh-ma-bro-hymne-officiel-de-la-bretagne\/"]}]},{"@type":"ImageObject","inLanguage":"en-US","@id":"https:\/\/arfolk.bzh\/boutique\/bro-gozh-ma-zadou-o-breizh-ma-bro-hymne-officiel-de-la-bretagne\/#primaryimage","url":"https:\/\/arfolk.bzh\/wp-content\/uploads\/2025\/02\/bro-gozh-ma-zadou-o-breizh-ma-bro.webp","contentUrl":"https:\/\/arfolk.bzh\/wp-content\/uploads\/2025\/02\/bro-gozh-ma-zadou-o-breizh-ma-bro.webp","width":960,"height":960,"caption":"Bro-gozh-ma-zadou-o-breizh-ma-bro"},{"@type":"BreadcrumbList","@id":"https:\/\/arfolk.bzh\/boutique\/bro-gozh-ma-zadou-o-breizh-ma-bro-hymne-officiel-de-la-bretagne\/#breadcrumb","itemListElement":[{"@type":"ListItem","position":1,"name":"Accueil","item":"https:\/\/arfolk.bzh\/"},{"@type":"ListItem","position":2,"name":"Boutique","item":"https:\/\/arfolk.bzh\/boutique\/"},{"@type":"ListItem","position":3,"name":"Bro gozh ma Zado\u00f9 O Breizh ma Bro &#8211; Hymne officiel de la bretagne"}]},{"@type":"WebSite","@id":"https:\/\/arfolk.bzh\/#website","url":"https:\/\/arfolk.bzh\/","name":"Arfolk","description":"Label discographique sp\u00e9cialis\u00e9 dans la musique bretonne","publisher":{"@id":"https:\/\/arfolk.bzh\/#organization"},"potentialAction":[{"@type":"SearchAction","target":{"@type":"EntryPoint","urlTemplate":"https:\/\/arfolk.bzh\/?s={search_term_string}"},"query-input":{"@type":"PropertyValueSpecification","valueRequired":true,"valueName":"search_term_string"}}],"inLanguage":"en-US"},{"@type":"Organization","@id":"https:\/\/arfolk.bzh\/#organization","name":"Arfolk","alternateName":"Le label de la musique bretonne","url":"https:\/\/arfolk.bzh\/","logo":{"@type":"ImageObject","inLanguage":"en-US","@id":"https:\/\/arfolk.bzh\/#\/schema\/logo\/image\/","url":"https:\/\/arfolk.bzh\/wp-content\/uploads\/2023\/11\/cropped-logo-label-de-musique-breton-arfolf-vignette.webp","contentUrl":"https:\/\/arfolk.bzh\/wp-content\/uploads\/2023\/11\/cropped-logo-label-de-musique-breton-arfolf-vignette.webp","width":512,"height":512,"caption":"Arfolk"},"image":{"@id":"https:\/\/arfolk.bzh\/#\/schema\/logo\/image\/"},"sameAs":["https:\/\/www.facebook.com\/Arfolkmusik","https:\/\/www.instagram.com\/arfolkmusik\/"]}]}},"jetpack_sharing_enabled":true,"_links":{"self":[{"href":"https:\/\/arfolk.bzh\/en\/wp-json\/wp\/v2\/product\/3662","targetHints":{"allow":["GET"]}}],"collection":[{"href":"https:\/\/arfolk.bzh\/en\/wp-json\/wp\/v2\/product"}],"about":[{"href":"https:\/\/arfolk.bzh\/en\/wp-json\/wp\/v2\/types\/product"}],"wp:featuredmedia":[{"embeddable":true,"href":"https:\/\/arfolk.bzh\/en\/wp-json\/wp\/v2\/media\/3665"}],"wp:attachment":[{"href":"https:\/\/arfolk.bzh\/en\/wp-json\/wp\/v2\/media?parent=3662"}],"wp:term":[{"taxonomy":"product_brand","embeddable":true,"href":"https:\/\/arfolk.bzh\/en\/wp-json\/wp\/v2\/product_brand?post=3662"},{"taxonomy":"product_cat","embeddable":true,"href":"https:\/\/arfolk.bzh\/en\/wp-json\/wp\/v2\/false?post=3662"},{"taxonomy":"product_tag","embeddable":true,"href":"https:\/\/arfolk.bzh\/en\/wp-json\/wp\/v2\/product_tag?post=3662"},{"taxonomy":"disponible_a_la_vente","embeddable":true,"href":"https:\/\/arfolk.bzh\/en\/wp-json\/wp\/v2\/disponible_a_la_vente?post=3662"},{"taxonomy":"langue","embeddable":true,"href":"https:\/\/arfolk.bzh\/en\/wp-json\/wp\/v2\/langue?post=3662"},{"taxonomy":"style","embeddable":true,"href":"https:\/\/arfolk.bzh\/en\/wp-json\/wp\/v2\/style?post=3662"},{"taxonomy":"supports","embeddable":true,"href":"https:\/\/arfolk.bzh\/en\/wp-json\/wp\/v2\/supports?post=3662"}],"curies":[{"name":"wp","href":"https:\/\/api.w.org\/{rel}","templated":true}]}}