{"id":5455,"date":"2025-12-11T14:00:13","date_gmt":"2025-12-11T13:00:13","guid":{"rendered":"https:\/\/arfolk.bzh\/?post_type=product&#038;p=5455"},"modified":"2025-12-11T14:00:52","modified_gmt":"2025-12-11T13:00:52","slug":"rozenn-le-trionnaire-jeremy-simon-skeud","status":"publish","type":"product","link":"https:\/\/arfolk.bzh\/en\/boutique\/rozenn-le-trionnaire-jeremy-simon-skeud\/","title":{"rendered":"Rozenn Le Trionnaire &#038; J\u00e9r\u00e9my Simon &#8211; Skeud"},"content":{"rendered":"<p><span data-sheets-root=\"1\">Cr\u00e9\u00e9 en 2021, le duo, constitu\u00e9 de Rozenn Le Trionnaire et J\u00e9r\u00e9my Simon, explore un r\u00e9pertoire au croisement entre la musique classique, le jazz et la musique traditionnelle bretonne. L\u2019univers du pianiste et du compositeur Didier Squiban est la mati\u00e8re qui a inspir\u00e9 la cr\u00e9ation de ce CD intitul\u00e9 \u00ab Reflets \/ Skeud \u00bb qu\u2019il produit sous son Label \u00ab H\u00f4tel de la Gr\u00e8ve.<\/span><\/p>\n<p>\u00c9motion, chaleur, virtuosit\u00e9 et \u00e9vasion sont les mots qui d\u00e9finissent l\u2019expression de ce projet artistique.<\/p>\n<p>Rozenn Le Trionnaire, le journal The Times la qualifie de jeune clarinettiste prodigieusement dou\u00e9e . La musicienne enregistre en orchestre de chambre sous la direction de Trevor Pinnock et se produit en soliste avec l\u2019Orchestre philharmonique du Liban et l\u2019Orchestre du Presteigne festival (Pays de Galles). Dipl\u00f4m\u00e9e de la Royal academy de Londres et passionn\u00e9e par ses collaborations vari\u00e9es avec Pierre Boulez ou encore Albin de la Simone, Rozenn Le Trionnaire int\u00e8gre en 2020 l\u2019ensemble Contraste. Elle a enseign\u00e9 \u00e0 l\u2019universit\u00e9 de King\u2019s college, au conservatoire Berlioz \u00e0 Paris.<\/p>\n<p>J\u00e9r\u00e9my Simon, lui, joue de l\u2019accord\u00e9on chromatique de concert (bayan) et de l\u2019accordina dans ce duo. On dit de lui qu\u2019il est \u00ab un v\u00e9ritable cam\u00e9l\u00e9on de la musique \u00bb. Son jeu tr\u00e8s expressif, \u00e9nergique et puissant, emm\u00e8ne les spectateurs dans un voyage musical in\u00e9dit et \u00e9mouvant, avec un m\u00e9tissage des esth\u00e9tiques classique, jazz et traditionnelle dans lesquelles il a grandi. Sp\u00e9cialiste de l\u2019improvisation, il est aussi un habitu\u00e9 de l\u2019exercice de la composition ou de l\u2019\u00e9criture litt\u00e9raire. Les Hennebontais le connaissent pour les nombreux concerts sur la r\u00e9gion. Il \u00e9tait aussi le chef de ch\u0153ur de l\u2019ensemble vocal Kt\u00eama.<\/p>\n<p><iframe loading=\"lazy\" title=\"Rozenn Le Trionnaire\/J\u00e9r\u00e9my Simon - Ar Baradoz\" width=\"1080\" height=\"608\" src=\"https:\/\/www.youtube.com\/embed\/UWlttyaiH8E?feature=oembed\"  allow=\"accelerometer; autoplay; clipboard-write; encrypted-media; gyroscope; picture-in-picture; web-share\" referrerpolicy=\"strict-origin-when-cross-origin\" allowfullscreen><\/iframe><\/p>\n<p><span style=\"text-decoration: underline;\"><strong>Tracklist de l&rsquo;album \u00ab\u00a0Skeud\u00a0\u00bb :<\/strong><\/span><\/p>\n<p><span data-sheets-root=\"1\">01. Ouverture (2:31)<br \/>\n02. \u00c0 l&rsquo;Or\u00e9e du Bois (5:19)<br \/>\n03. R\u00e9pons* (4:45)<br \/>\n04. Kan (6:26)<br \/>\n05. Rid\u00e9es (4:49)<br \/>\n06. Pr\u00e9lude (2:07)<br \/>\n07. Fugenn (1:47)<br \/>\n08. \u00c9chapp\u00e9e (1:30)<br \/>\n09. Palud (4:54)<br \/>\n10. Ar Baradoz (5:10)<br \/>\n11. Paradis (6:24)<br \/>\n12. Enez Riouzic (3:44)<br \/>\n13. Enez Groe* (4:43)<br \/>\n14. Envol (1:03)<\/span><\/p>","protected":false},"excerpt":{"rendered":"<p>Cr\u00e9\u00e9 en 2021, le duo, constitu\u00e9 de Rozenn Le Trionnaire et J\u00e9r\u00e9my Simon, explore un r\u00e9pertoire au croisement entre la musique classique, le jazz et la musique traditionnelle bretonne. L\u2019univers du pianiste et du compositeur Didier Squiban est la mati\u00e8re qui a inspir\u00e9 la cr\u00e9ation de ce CD intitul\u00e9 \u00ab Reflets \/ Skeud \u00bb qu\u2019il [&hellip;]<\/p>\n","protected":false},"featured_media":5457,"template":"","meta":{"_acf_changed":false,"_et_pb_use_builder":"","_et_pb_old_content":"","_et_gb_content_width":""},"product_brand":[],"false":[32],"product_tag":[],"disponible_a_la_vente":[38],"langue":[75],"style":[80,76],"supports":[86],"class_list":{"0":"post-5455","1":"product","2":"type-product","3":"status-publish","4":"has-post-thumbnail","6":"product_cat-non-classe","7":"disponible_a_la_vente-disponible-a-la-vente","8":"langue-instrumental","9":"style-arfolk-klasik-jazz","10":"style-fest-noz","11":"supports-cd","13":"first","14":"instock","15":"taxable","16":"shipping-taxable","17":"purchasable","18":"product-type-simple"},"acf":[],"yoast_head":"<!-- This site is optimized with the Yoast SEO Premium plugin v24.0 (Yoast SEO v27.3) - https:\/\/yoast.com\/product\/yoast-seo-premium-wordpress\/ -->\n<title>Album de Rozenn Le Trionnaire &amp; J\u00e9r\u00e9my Simon - Skeud<\/title>\n<meta name=\"description\" content=\"Retrouvez l&#039;album de Rozenn Le Trionnaire &amp; J\u00e9r\u00e9my Simon - Skeud. Commandez directement en ligne sur arfolk.bzh, le label discographique breton.\" \/>\n<meta name=\"robots\" content=\"index, follow, max-snippet:-1, max-image-preview:large, max-video-preview:-1\" \/>\n<link rel=\"canonical\" href=\"https:\/\/arfolk.bzh\/en\/boutique\/rozenn-le-trionnaire-jeremy-simon-skeud\/\" \/>\n<script type=\"application\/ld+json\" class=\"yoast-schema-graph\">{\"@context\":\"https:\\\/\\\/schema.org\",\"@graph\":[{\"@type\":\"WebPage\",\"@id\":\"https:\\\/\\\/arfolk.bzh\\\/boutique\\\/rozenn-le-trionnaire-jeremy-simon-skeud\\\/\",\"url\":\"https:\\\/\\\/arfolk.bzh\\\/boutique\\\/rozenn-le-trionnaire-jeremy-simon-skeud\\\/\",\"name\":\"Album de Rozenn Le Trionnaire & J\u00e9r\u00e9my Simon - Skeud\",\"isPartOf\":{\"@id\":\"https:\\\/\\\/arfolk.bzh\\\/#website\"},\"primaryImageOfPage\":{\"@id\":\"https:\\\/\\\/arfolk.bzh\\\/boutique\\\/rozenn-le-trionnaire-jeremy-simon-skeud\\\/#primaryimage\"},\"image\":{\"@id\":\"https:\\\/\\\/arfolk.bzh\\\/boutique\\\/rozenn-le-trionnaire-jeremy-simon-skeud\\\/#primaryimage\"},\"thumbnailUrl\":\"https:\\\/\\\/arfolk.bzh\\\/wp-content\\\/uploads\\\/2025\\\/12\\\/rozenn-le-trionnaire-jeremy-simon-skeud-reflet.webp\",\"datePublished\":\"2025-12-11T13:00:13+00:00\",\"dateModified\":\"2025-12-11T13:00:52+00:00\",\"description\":\"Retrouvez l'album de Rozenn Le Trionnaire & J\u00e9r\u00e9my Simon - Skeud. Commandez directement en ligne sur arfolk.bzh, le label discographique breton.\",\"breadcrumb\":{\"@id\":\"https:\\\/\\\/arfolk.bzh\\\/boutique\\\/rozenn-le-trionnaire-jeremy-simon-skeud\\\/#breadcrumb\"},\"inLanguage\":\"en-US\",\"potentialAction\":[{\"@type\":\"ReadAction\",\"target\":[\"https:\\\/\\\/arfolk.bzh\\\/boutique\\\/rozenn-le-trionnaire-jeremy-simon-skeud\\\/\"]}]},{\"@type\":\"ImageObject\",\"inLanguage\":\"en-US\",\"@id\":\"https:\\\/\\\/arfolk.bzh\\\/boutique\\\/rozenn-le-trionnaire-jeremy-simon-skeud\\\/#primaryimage\",\"url\":\"https:\\\/\\\/arfolk.bzh\\\/wp-content\\\/uploads\\\/2025\\\/12\\\/rozenn-le-trionnaire-jeremy-simon-skeud-reflet.webp\",\"contentUrl\":\"https:\\\/\\\/arfolk.bzh\\\/wp-content\\\/uploads\\\/2025\\\/12\\\/rozenn-le-trionnaire-jeremy-simon-skeud-reflet.webp\",\"width\":800,\"height\":800,\"caption\":\"rozenn-le-trionnaire-jeremy-simon-skeud-reflet\"},{\"@type\":\"BreadcrumbList\",\"@id\":\"https:\\\/\\\/arfolk.bzh\\\/boutique\\\/rozenn-le-trionnaire-jeremy-simon-skeud\\\/#breadcrumb\",\"itemListElement\":[{\"@type\":\"ListItem\",\"position\":1,\"name\":\"Accueil\",\"item\":\"https:\\\/\\\/arfolk.bzh\\\/\"},{\"@type\":\"ListItem\",\"position\":2,\"name\":\"Boutique\",\"item\":\"https:\\\/\\\/arfolk.bzh\\\/boutique\\\/\"},{\"@type\":\"ListItem\",\"position\":3,\"name\":\"Rozenn Le Trionnaire &#038; J\u00e9r\u00e9my Simon &#8211; Skeud\"}]},{\"@type\":\"WebSite\",\"@id\":\"https:\\\/\\\/arfolk.bzh\\\/#website\",\"url\":\"https:\\\/\\\/arfolk.bzh\\\/\",\"name\":\"Arfolk\",\"description\":\"Label discographique sp\u00e9cialis\u00e9 dans la musique bretonne\",\"publisher\":{\"@id\":\"https:\\\/\\\/arfolk.bzh\\\/#organization\"},\"potentialAction\":[{\"@type\":\"SearchAction\",\"target\":{\"@type\":\"EntryPoint\",\"urlTemplate\":\"https:\\\/\\\/arfolk.bzh\\\/?s={search_term_string}\"},\"query-input\":{\"@type\":\"PropertyValueSpecification\",\"valueRequired\":true,\"valueName\":\"search_term_string\"}}],\"inLanguage\":\"en-US\"},{\"@type\":\"Organization\",\"@id\":\"https:\\\/\\\/arfolk.bzh\\\/#organization\",\"name\":\"Arfolk\",\"alternateName\":\"Le label de la musique bretonne\",\"url\":\"https:\\\/\\\/arfolk.bzh\\\/\",\"logo\":{\"@type\":\"ImageObject\",\"inLanguage\":\"en-US\",\"@id\":\"https:\\\/\\\/arfolk.bzh\\\/#\\\/schema\\\/logo\\\/image\\\/\",\"url\":\"https:\\\/\\\/arfolk.bzh\\\/wp-content\\\/uploads\\\/2023\\\/11\\\/cropped-logo-label-de-musique-breton-arfolf-vignette.webp\",\"contentUrl\":\"https:\\\/\\\/arfolk.bzh\\\/wp-content\\\/uploads\\\/2023\\\/11\\\/cropped-logo-label-de-musique-breton-arfolf-vignette.webp\",\"width\":512,\"height\":512,\"caption\":\"Arfolk\"},\"image\":{\"@id\":\"https:\\\/\\\/arfolk.bzh\\\/#\\\/schema\\\/logo\\\/image\\\/\"},\"sameAs\":[\"https:\\\/\\\/www.facebook.com\\\/Arfolkmusik\",\"https:\\\/\\\/www.instagram.com\\\/arfolkmusik\\\/\"]}]}<\/script>\n<!-- \/ Yoast SEO Premium plugin. -->","yoast_head_json":{"title":"Album de Rozenn Le Trionnaire & J\u00e9r\u00e9my Simon - Skeud","description":"Retrouvez l'album de Rozenn Le Trionnaire & J\u00e9r\u00e9my Simon - Skeud. Commandez directement en ligne sur arfolk.bzh, le label discographique breton.","robots":{"index":"index","follow":"follow","max-snippet":"max-snippet:-1","max-image-preview":"max-image-preview:large","max-video-preview":"max-video-preview:-1"},"canonical":"https:\/\/arfolk.bzh\/en\/boutique\/rozenn-le-trionnaire-jeremy-simon-skeud\/","schema":{"@context":"https:\/\/schema.org","@graph":[{"@type":"WebPage","@id":"https:\/\/arfolk.bzh\/boutique\/rozenn-le-trionnaire-jeremy-simon-skeud\/","url":"https:\/\/arfolk.bzh\/boutique\/rozenn-le-trionnaire-jeremy-simon-skeud\/","name":"Album de Rozenn Le Trionnaire & J\u00e9r\u00e9my Simon - Skeud","isPartOf":{"@id":"https:\/\/arfolk.bzh\/#website"},"primaryImageOfPage":{"@id":"https:\/\/arfolk.bzh\/boutique\/rozenn-le-trionnaire-jeremy-simon-skeud\/#primaryimage"},"image":{"@id":"https:\/\/arfolk.bzh\/boutique\/rozenn-le-trionnaire-jeremy-simon-skeud\/#primaryimage"},"thumbnailUrl":"https:\/\/arfolk.bzh\/wp-content\/uploads\/2025\/12\/rozenn-le-trionnaire-jeremy-simon-skeud-reflet.webp","datePublished":"2025-12-11T13:00:13+00:00","dateModified":"2025-12-11T13:00:52+00:00","description":"Retrouvez l'album de Rozenn Le Trionnaire & J\u00e9r\u00e9my Simon - Skeud. Commandez directement en ligne sur arfolk.bzh, le label discographique breton.","breadcrumb":{"@id":"https:\/\/arfolk.bzh\/boutique\/rozenn-le-trionnaire-jeremy-simon-skeud\/#breadcrumb"},"inLanguage":"en-US","potentialAction":[{"@type":"ReadAction","target":["https:\/\/arfolk.bzh\/boutique\/rozenn-le-trionnaire-jeremy-simon-skeud\/"]}]},{"@type":"ImageObject","inLanguage":"en-US","@id":"https:\/\/arfolk.bzh\/boutique\/rozenn-le-trionnaire-jeremy-simon-skeud\/#primaryimage","url":"https:\/\/arfolk.bzh\/wp-content\/uploads\/2025\/12\/rozenn-le-trionnaire-jeremy-simon-skeud-reflet.webp","contentUrl":"https:\/\/arfolk.bzh\/wp-content\/uploads\/2025\/12\/rozenn-le-trionnaire-jeremy-simon-skeud-reflet.webp","width":800,"height":800,"caption":"rozenn-le-trionnaire-jeremy-simon-skeud-reflet"},{"@type":"BreadcrumbList","@id":"https:\/\/arfolk.bzh\/boutique\/rozenn-le-trionnaire-jeremy-simon-skeud\/#breadcrumb","itemListElement":[{"@type":"ListItem","position":1,"name":"Accueil","item":"https:\/\/arfolk.bzh\/"},{"@type":"ListItem","position":2,"name":"Boutique","item":"https:\/\/arfolk.bzh\/boutique\/"},{"@type":"ListItem","position":3,"name":"Rozenn Le Trionnaire &#038; J\u00e9r\u00e9my Simon &#8211; Skeud"}]},{"@type":"WebSite","@id":"https:\/\/arfolk.bzh\/#website","url":"https:\/\/arfolk.bzh\/","name":"Arfolk","description":"Label discographique sp\u00e9cialis\u00e9 dans la musique bretonne","publisher":{"@id":"https:\/\/arfolk.bzh\/#organization"},"potentialAction":[{"@type":"SearchAction","target":{"@type":"EntryPoint","urlTemplate":"https:\/\/arfolk.bzh\/?s={search_term_string}"},"query-input":{"@type":"PropertyValueSpecification","valueRequired":true,"valueName":"search_term_string"}}],"inLanguage":"en-US"},{"@type":"Organization","@id":"https:\/\/arfolk.bzh\/#organization","name":"Arfolk","alternateName":"Le label de la musique bretonne","url":"https:\/\/arfolk.bzh\/","logo":{"@type":"ImageObject","inLanguage":"en-US","@id":"https:\/\/arfolk.bzh\/#\/schema\/logo\/image\/","url":"https:\/\/arfolk.bzh\/wp-content\/uploads\/2023\/11\/cropped-logo-label-de-musique-breton-arfolf-vignette.webp","contentUrl":"https:\/\/arfolk.bzh\/wp-content\/uploads\/2023\/11\/cropped-logo-label-de-musique-breton-arfolf-vignette.webp","width":512,"height":512,"caption":"Arfolk"},"image":{"@id":"https:\/\/arfolk.bzh\/#\/schema\/logo\/image\/"},"sameAs":["https:\/\/www.facebook.com\/Arfolkmusik","https:\/\/www.instagram.com\/arfolkmusik\/"]}]}},"jetpack_sharing_enabled":true,"_links":{"self":[{"href":"https:\/\/arfolk.bzh\/en\/wp-json\/wp\/v2\/product\/5455","targetHints":{"allow":["GET"]}}],"collection":[{"href":"https:\/\/arfolk.bzh\/en\/wp-json\/wp\/v2\/product"}],"about":[{"href":"https:\/\/arfolk.bzh\/en\/wp-json\/wp\/v2\/types\/product"}],"wp:featuredmedia":[{"embeddable":true,"href":"https:\/\/arfolk.bzh\/en\/wp-json\/wp\/v2\/media\/5457"}],"wp:attachment":[{"href":"https:\/\/arfolk.bzh\/en\/wp-json\/wp\/v2\/media?parent=5455"}],"wp:term":[{"taxonomy":"product_brand","embeddable":true,"href":"https:\/\/arfolk.bzh\/en\/wp-json\/wp\/v2\/product_brand?post=5455"},{"taxonomy":"product_cat","embeddable":true,"href":"https:\/\/arfolk.bzh\/en\/wp-json\/wp\/v2\/false?post=5455"},{"taxonomy":"product_tag","embeddable":true,"href":"https:\/\/arfolk.bzh\/en\/wp-json\/wp\/v2\/product_tag?post=5455"},{"taxonomy":"disponible_a_la_vente","embeddable":true,"href":"https:\/\/arfolk.bzh\/en\/wp-json\/wp\/v2\/disponible_a_la_vente?post=5455"},{"taxonomy":"langue","embeddable":true,"href":"https:\/\/arfolk.bzh\/en\/wp-json\/wp\/v2\/langue?post=5455"},{"taxonomy":"style","embeddable":true,"href":"https:\/\/arfolk.bzh\/en\/wp-json\/wp\/v2\/style?post=5455"},{"taxonomy":"supports","embeddable":true,"href":"https:\/\/arfolk.bzh\/en\/wp-json\/wp\/v2\/supports?post=5455"}],"curies":[{"name":"wp","href":"https:\/\/api.w.org\/{rel}","templated":true}]}}