{"id":5470,"date":"2025-12-11T15:36:10","date_gmt":"2025-12-11T14:36:10","guid":{"rendered":"https:\/\/arfolk.bzh\/?post_type=product&#038;p=5470"},"modified":"2025-12-11T15:36:12","modified_gmt":"2025-12-11T14:36:12","slug":"fredj-carnet-de-notes-a-lhotel-de-la-greve","status":"publish","type":"product","link":"https:\/\/arfolk.bzh\/en\/boutique\/fredj-carnet-de-notes-a-lhotel-de-la-greve\/","title":{"rendered":"Fredj &#8211; Carnet De Notes \u00e0 L&rsquo;H\u00f4tel De La Gr\u00e8ve"},"content":{"rendered":"<p>Fr\u00e9d\u00e9ric Bourgeois, alias FREDJ d\u00e9livre son 5e album personnel \u00e0 travers un CARNET DE NOTES.Des notes qui lui sont ch\u00e8res, rest\u00e9es bien cach\u00e9es dans son disque dur, surgissant d&rsquo;on ne sait quel tiroir de son \u00e2me.<\/p>\n<p>Des compositions retrouv\u00e9es apr\u00e8s une visite chez Didier Squiban \u00e0 l&rsquo;h\u00f4tel de la gr\u00e8ve, seize \u00ab\u00a0\u00a0\u00bbplages cin\u00e9matographiques\u00a0\u00bb\u00a0\u00bb, chant\u00e9es ou instrumentales, 16 \u201ctableaux impressionnistes\u201d color\u00e9s au gr\u00e9 des saisons de Jazz, Soul, Folk, Br\u00e9sil, Afro &#8230; Avec la belle complicit\u00e9 de Simon Mary \u00e0 la contrebasse, cet album est riche d&rsquo;une maturit\u00e9 sobre et d&rsquo;une alchimie \u00e9l\u00e9gante entre les harmoniques du piano Bl\u00fcthner (de l&rsquo;h\u00f4tel de la gr\u00e8ve), la contrebasse organique de Simon, les arrangements de voix soign\u00e9s par Fred et le velours des saxophones (alto\/bariton\/soprano) de Bernard Le Dr\u00e9au, invit\u00e9 sur cinq titres.<\/p>\n<p><iframe loading=\"lazy\" title=\"1. Always in my heart (Part 1)\" width=\"1080\" height=\"608\" src=\"https:\/\/www.youtube.com\/embed\/X2cPfIekZ7g?list=PLGbqvpPfXYFqnCWYenQGHUoWvS7ykSstH\"  allow=\"accelerometer; autoplay; clipboard-write; encrypted-media; gyroscope; picture-in-picture; web-share\" referrerpolicy=\"strict-origin-when-cross-origin\" allowfullscreen><\/iframe><\/p>\n<p><span style=\"text-decoration: underline;\"><strong>Tracklist de l&rsquo;album \u00ab\u00a0Carnet de notes \u00e0 l&rsquo;H\u00f4tel de la Gr\u00e8ve\u00a0\u00bb :<\/strong><\/span><\/p>\n<p><span data-sheets-root=\"1\">1 Always in my heart (Part 1)<br \/>\n2 Convictions<br \/>\n3 Friendship *<br \/>\n4 Quelques \u00e9toiles dans le cieL<br \/>\n5 Shadows and Light<br \/>\n6 Valse d&rsquo;L *<br \/>\n7 Nuit blanche de Lumi\u00e8re<br \/>\n8 C&rsquo;qu&rsquo;on aimerait pour eux<br \/>\n9 Ritourn&rsquo;L<br \/>\n10 Faut pas r\u00e9veiller les filles<br \/>\n11 Alexa&rsquo;s Gimmick<br \/>\n12 A Day\u2026 *<br \/>\n13 Chico *<br \/>\n14 Always in my heart (Part 2)<br \/>\n15 Comme un d\u00e9j\u00e0 vu<br \/>\n16 Children in my home *<\/span><\/p>","protected":false},"excerpt":{"rendered":"<p>Fr\u00e9d\u00e9ric Bourgeois, alias FREDJ d\u00e9livre son 5e album personnel \u00e0 travers un CARNET DE NOTES.Des notes qui lui sont ch\u00e8res, rest\u00e9es bien cach\u00e9es dans son disque dur, surgissant d&rsquo;on ne sait quel tiroir de son \u00e2me. Des compositions retrouv\u00e9es apr\u00e8s une visite chez Didier Squiban \u00e0 l&rsquo;h\u00f4tel de la gr\u00e8ve, seize \u00ab\u00a0\u00a0\u00bbplages cin\u00e9matographiques\u00a0\u00bb\u00a0\u00bb, chant\u00e9es ou [&hellip;]<\/p>\n","protected":false},"featured_media":5472,"template":"","meta":{"_acf_changed":false,"_et_pb_use_builder":"","_et_pb_old_content":"","_et_gb_content_width":""},"product_brand":[],"false":[32],"product_tag":[],"disponible_a_la_vente":[38],"langue":[75],"style":[80],"supports":[86],"class_list":{"0":"post-5470","1":"product","2":"type-product","3":"status-publish","4":"has-post-thumbnail","6":"product_cat-non-classe","7":"disponible_a_la_vente-disponible-a-la-vente","8":"langue-instrumental","9":"style-arfolk-klasik-jazz","10":"supports-cd","12":"first","13":"instock","14":"taxable","15":"shipping-taxable","16":"purchasable","17":"product-type-simple"},"acf":[],"yoast_head":"<!-- This site is optimized with the Yoast SEO Premium plugin v24.0 (Yoast SEO v27.3) - https:\/\/yoast.com\/product\/yoast-seo-premium-wordpress\/ -->\n<title>Album de Fredj - Carnet De Notes \u00e0 L&#039;H\u00f4tel De La Gr\u00e8ve<\/title>\n<meta name=\"description\" content=\"Retrouvez l&#039;album de Fredj - Carnet De Notes \u00e0 L&#039;H\u00f4tel De La Gr\u00e8ve. Commandez directement en ligne sur arfolk.bzh, le label discographique breton.\" \/>\n<meta name=\"robots\" content=\"index, follow, max-snippet:-1, max-image-preview:large, max-video-preview:-1\" \/>\n<link rel=\"canonical\" href=\"https:\/\/arfolk.bzh\/en\/boutique\/fredj-carnet-de-notes-a-lhotel-de-la-greve\/\" \/>\n<script type=\"application\/ld+json\" class=\"yoast-schema-graph\">{\"@context\":\"https:\\\/\\\/schema.org\",\"@graph\":[{\"@type\":\"WebPage\",\"@id\":\"https:\\\/\\\/arfolk.bzh\\\/boutique\\\/fredj-carnet-de-notes-a-lhotel-de-la-greve\\\/\",\"url\":\"https:\\\/\\\/arfolk.bzh\\\/boutique\\\/fredj-carnet-de-notes-a-lhotel-de-la-greve\\\/\",\"name\":\"Album de Fredj - Carnet De Notes \u00e0 L'H\u00f4tel De La Gr\u00e8ve\",\"isPartOf\":{\"@id\":\"https:\\\/\\\/arfolk.bzh\\\/#website\"},\"primaryImageOfPage\":{\"@id\":\"https:\\\/\\\/arfolk.bzh\\\/boutique\\\/fredj-carnet-de-notes-a-lhotel-de-la-greve\\\/#primaryimage\"},\"image\":{\"@id\":\"https:\\\/\\\/arfolk.bzh\\\/boutique\\\/fredj-carnet-de-notes-a-lhotel-de-la-greve\\\/#primaryimage\"},\"thumbnailUrl\":\"https:\\\/\\\/arfolk.bzh\\\/wp-content\\\/uploads\\\/2025\\\/12\\\/carnet-de-notes-a-l-hotel-de-la-greve.webp\",\"datePublished\":\"2025-12-11T14:36:10+00:00\",\"dateModified\":\"2025-12-11T14:36:12+00:00\",\"description\":\"Retrouvez l'album de Fredj - Carnet De Notes \u00e0 L'H\u00f4tel De La Gr\u00e8ve. Commandez directement en ligne sur arfolk.bzh, le label discographique breton.\",\"breadcrumb\":{\"@id\":\"https:\\\/\\\/arfolk.bzh\\\/boutique\\\/fredj-carnet-de-notes-a-lhotel-de-la-greve\\\/#breadcrumb\"},\"inLanguage\":\"en-US\",\"potentialAction\":[{\"@type\":\"ReadAction\",\"target\":[\"https:\\\/\\\/arfolk.bzh\\\/boutique\\\/fredj-carnet-de-notes-a-lhotel-de-la-greve\\\/\"]}]},{\"@type\":\"ImageObject\",\"inLanguage\":\"en-US\",\"@id\":\"https:\\\/\\\/arfolk.bzh\\\/boutique\\\/fredj-carnet-de-notes-a-lhotel-de-la-greve\\\/#primaryimage\",\"url\":\"https:\\\/\\\/arfolk.bzh\\\/wp-content\\\/uploads\\\/2025\\\/12\\\/carnet-de-notes-a-l-hotel-de-la-greve.webp\",\"contentUrl\":\"https:\\\/\\\/arfolk.bzh\\\/wp-content\\\/uploads\\\/2025\\\/12\\\/carnet-de-notes-a-l-hotel-de-la-greve.webp\",\"width\":400,\"height\":363,\"caption\":\"Carnet-de-notes-a-l-Hotel-de-la-Greve\"},{\"@type\":\"BreadcrumbList\",\"@id\":\"https:\\\/\\\/arfolk.bzh\\\/boutique\\\/fredj-carnet-de-notes-a-lhotel-de-la-greve\\\/#breadcrumb\",\"itemListElement\":[{\"@type\":\"ListItem\",\"position\":1,\"name\":\"Accueil\",\"item\":\"https:\\\/\\\/arfolk.bzh\\\/\"},{\"@type\":\"ListItem\",\"position\":2,\"name\":\"Boutique\",\"item\":\"https:\\\/\\\/arfolk.bzh\\\/boutique\\\/\"},{\"@type\":\"ListItem\",\"position\":3,\"name\":\"Fredj &#8211; Carnet De Notes \u00e0 L&rsquo;H\u00f4tel De La Gr\u00e8ve\"}]},{\"@type\":\"WebSite\",\"@id\":\"https:\\\/\\\/arfolk.bzh\\\/#website\",\"url\":\"https:\\\/\\\/arfolk.bzh\\\/\",\"name\":\"Arfolk\",\"description\":\"Label discographique sp\u00e9cialis\u00e9 dans la musique bretonne\",\"publisher\":{\"@id\":\"https:\\\/\\\/arfolk.bzh\\\/#organization\"},\"potentialAction\":[{\"@type\":\"SearchAction\",\"target\":{\"@type\":\"EntryPoint\",\"urlTemplate\":\"https:\\\/\\\/arfolk.bzh\\\/?s={search_term_string}\"},\"query-input\":{\"@type\":\"PropertyValueSpecification\",\"valueRequired\":true,\"valueName\":\"search_term_string\"}}],\"inLanguage\":\"en-US\"},{\"@type\":\"Organization\",\"@id\":\"https:\\\/\\\/arfolk.bzh\\\/#organization\",\"name\":\"Arfolk\",\"alternateName\":\"Le label de la musique bretonne\",\"url\":\"https:\\\/\\\/arfolk.bzh\\\/\",\"logo\":{\"@type\":\"ImageObject\",\"inLanguage\":\"en-US\",\"@id\":\"https:\\\/\\\/arfolk.bzh\\\/#\\\/schema\\\/logo\\\/image\\\/\",\"url\":\"https:\\\/\\\/arfolk.bzh\\\/wp-content\\\/uploads\\\/2023\\\/11\\\/cropped-logo-label-de-musique-breton-arfolf-vignette.webp\",\"contentUrl\":\"https:\\\/\\\/arfolk.bzh\\\/wp-content\\\/uploads\\\/2023\\\/11\\\/cropped-logo-label-de-musique-breton-arfolf-vignette.webp\",\"width\":512,\"height\":512,\"caption\":\"Arfolk\"},\"image\":{\"@id\":\"https:\\\/\\\/arfolk.bzh\\\/#\\\/schema\\\/logo\\\/image\\\/\"},\"sameAs\":[\"https:\\\/\\\/www.facebook.com\\\/Arfolkmusik\",\"https:\\\/\\\/www.instagram.com\\\/arfolkmusik\\\/\"]}]}<\/script>\n<!-- \/ Yoast SEO Premium plugin. -->","yoast_head_json":{"title":"Album de Fredj - Carnet De Notes \u00e0 L'H\u00f4tel De La Gr\u00e8ve","description":"Retrouvez l'album de Fredj - Carnet De Notes \u00e0 L'H\u00f4tel De La Gr\u00e8ve. Commandez directement en ligne sur arfolk.bzh, le label discographique breton.","robots":{"index":"index","follow":"follow","max-snippet":"max-snippet:-1","max-image-preview":"max-image-preview:large","max-video-preview":"max-video-preview:-1"},"canonical":"https:\/\/arfolk.bzh\/en\/boutique\/fredj-carnet-de-notes-a-lhotel-de-la-greve\/","schema":{"@context":"https:\/\/schema.org","@graph":[{"@type":"WebPage","@id":"https:\/\/arfolk.bzh\/boutique\/fredj-carnet-de-notes-a-lhotel-de-la-greve\/","url":"https:\/\/arfolk.bzh\/boutique\/fredj-carnet-de-notes-a-lhotel-de-la-greve\/","name":"Album de Fredj - Carnet De Notes \u00e0 L'H\u00f4tel De La Gr\u00e8ve","isPartOf":{"@id":"https:\/\/arfolk.bzh\/#website"},"primaryImageOfPage":{"@id":"https:\/\/arfolk.bzh\/boutique\/fredj-carnet-de-notes-a-lhotel-de-la-greve\/#primaryimage"},"image":{"@id":"https:\/\/arfolk.bzh\/boutique\/fredj-carnet-de-notes-a-lhotel-de-la-greve\/#primaryimage"},"thumbnailUrl":"https:\/\/arfolk.bzh\/wp-content\/uploads\/2025\/12\/carnet-de-notes-a-l-hotel-de-la-greve.webp","datePublished":"2025-12-11T14:36:10+00:00","dateModified":"2025-12-11T14:36:12+00:00","description":"Retrouvez l'album de Fredj - Carnet De Notes \u00e0 L'H\u00f4tel De La Gr\u00e8ve. Commandez directement en ligne sur arfolk.bzh, le label discographique breton.","breadcrumb":{"@id":"https:\/\/arfolk.bzh\/boutique\/fredj-carnet-de-notes-a-lhotel-de-la-greve\/#breadcrumb"},"inLanguage":"en-US","potentialAction":[{"@type":"ReadAction","target":["https:\/\/arfolk.bzh\/boutique\/fredj-carnet-de-notes-a-lhotel-de-la-greve\/"]}]},{"@type":"ImageObject","inLanguage":"en-US","@id":"https:\/\/arfolk.bzh\/boutique\/fredj-carnet-de-notes-a-lhotel-de-la-greve\/#primaryimage","url":"https:\/\/arfolk.bzh\/wp-content\/uploads\/2025\/12\/carnet-de-notes-a-l-hotel-de-la-greve.webp","contentUrl":"https:\/\/arfolk.bzh\/wp-content\/uploads\/2025\/12\/carnet-de-notes-a-l-hotel-de-la-greve.webp","width":400,"height":363,"caption":"Carnet-de-notes-a-l-Hotel-de-la-Greve"},{"@type":"BreadcrumbList","@id":"https:\/\/arfolk.bzh\/boutique\/fredj-carnet-de-notes-a-lhotel-de-la-greve\/#breadcrumb","itemListElement":[{"@type":"ListItem","position":1,"name":"Accueil","item":"https:\/\/arfolk.bzh\/"},{"@type":"ListItem","position":2,"name":"Boutique","item":"https:\/\/arfolk.bzh\/boutique\/"},{"@type":"ListItem","position":3,"name":"Fredj &#8211; Carnet De Notes \u00e0 L&rsquo;H\u00f4tel De La Gr\u00e8ve"}]},{"@type":"WebSite","@id":"https:\/\/arfolk.bzh\/#website","url":"https:\/\/arfolk.bzh\/","name":"Arfolk","description":"Label discographique sp\u00e9cialis\u00e9 dans la musique bretonne","publisher":{"@id":"https:\/\/arfolk.bzh\/#organization"},"potentialAction":[{"@type":"SearchAction","target":{"@type":"EntryPoint","urlTemplate":"https:\/\/arfolk.bzh\/?s={search_term_string}"},"query-input":{"@type":"PropertyValueSpecification","valueRequired":true,"valueName":"search_term_string"}}],"inLanguage":"en-US"},{"@type":"Organization","@id":"https:\/\/arfolk.bzh\/#organization","name":"Arfolk","alternateName":"Le label de la musique bretonne","url":"https:\/\/arfolk.bzh\/","logo":{"@type":"ImageObject","inLanguage":"en-US","@id":"https:\/\/arfolk.bzh\/#\/schema\/logo\/image\/","url":"https:\/\/arfolk.bzh\/wp-content\/uploads\/2023\/11\/cropped-logo-label-de-musique-breton-arfolf-vignette.webp","contentUrl":"https:\/\/arfolk.bzh\/wp-content\/uploads\/2023\/11\/cropped-logo-label-de-musique-breton-arfolf-vignette.webp","width":512,"height":512,"caption":"Arfolk"},"image":{"@id":"https:\/\/arfolk.bzh\/#\/schema\/logo\/image\/"},"sameAs":["https:\/\/www.facebook.com\/Arfolkmusik","https:\/\/www.instagram.com\/arfolkmusik\/"]}]}},"jetpack_sharing_enabled":true,"_links":{"self":[{"href":"https:\/\/arfolk.bzh\/en\/wp-json\/wp\/v2\/product\/5470","targetHints":{"allow":["GET"]}}],"collection":[{"href":"https:\/\/arfolk.bzh\/en\/wp-json\/wp\/v2\/product"}],"about":[{"href":"https:\/\/arfolk.bzh\/en\/wp-json\/wp\/v2\/types\/product"}],"wp:featuredmedia":[{"embeddable":true,"href":"https:\/\/arfolk.bzh\/en\/wp-json\/wp\/v2\/media\/5472"}],"wp:attachment":[{"href":"https:\/\/arfolk.bzh\/en\/wp-json\/wp\/v2\/media?parent=5470"}],"wp:term":[{"taxonomy":"product_brand","embeddable":true,"href":"https:\/\/arfolk.bzh\/en\/wp-json\/wp\/v2\/product_brand?post=5470"},{"taxonomy":"product_cat","embeddable":true,"href":"https:\/\/arfolk.bzh\/en\/wp-json\/wp\/v2\/false?post=5470"},{"taxonomy":"product_tag","embeddable":true,"href":"https:\/\/arfolk.bzh\/en\/wp-json\/wp\/v2\/product_tag?post=5470"},{"taxonomy":"disponible_a_la_vente","embeddable":true,"href":"https:\/\/arfolk.bzh\/en\/wp-json\/wp\/v2\/disponible_a_la_vente?post=5470"},{"taxonomy":"langue","embeddable":true,"href":"https:\/\/arfolk.bzh\/en\/wp-json\/wp\/v2\/langue?post=5470"},{"taxonomy":"style","embeddable":true,"href":"https:\/\/arfolk.bzh\/en\/wp-json\/wp\/v2\/style?post=5470"},{"taxonomy":"supports","embeddable":true,"href":"https:\/\/arfolk.bzh\/en\/wp-json\/wp\/v2\/supports?post=5470"}],"curies":[{"name":"wp","href":"https:\/\/api.w.org\/{rel}","templated":true}]}}