{"id":6793,"date":"2026-07-17T23:06:51","date_gmt":"2026-07-17T21:06:51","guid":{"rendered":"https:\/\/arfolk.bzh\/?post_type=product&#038;p=6793"},"modified":"2026-09-06T02:49:55","modified_gmt":"2026-09-06T00:49:55","slug":"compilation-arfolk-fest-noz-3cds","status":"publish","type":"product","link":"https:\/\/arfolk.bzh\/en\/boutique\/compilation-arfolk-fest-noz-3cds\/","title":{"rendered":"Compilation ARFOLK &#8211; FEST-NOZ (3CDs)"},"content":{"rendered":"<p>Le fest noz d\u2019hier ou de demain est un lieu libre, unique au monde, comme une free party intemporelle\u2026 qui accueille tout le monde ! Il y a entre 1500 et 2000 fest noz chaque ann\u00e9e en Bretagne. Cet \u00e9l\u00e9ment culturel breton est \u00e0 contre-courant de tout et reste un OVNI culturel \u00e0 l\u2019\u00e9chelle du monde : il m\u00e9lange une diversit\u00e9 musicale in\u00e9dite \u2013 traditionnel, punk, rock, n\u00e9o-classique, kan ha diskan, vocal, instrumental\u2026<br \/>\nMais bien loin de l\u2019\u00e9clectisme des programmations, il rassemble tout le monde : un village, un bourg, un festival, des autonomistes aux communistes, les LGBT+ et les cur\u00e9s, les vieux et les jeunes, les pauvres, les riches, la campagne et la ville\u2026 C\u2019est le miracle culturel breton, une le\u00e7on de vivre-ensemble en dansant\u2026 parfois sous la pluie : malgr\u00e9 tout, malgr\u00e9 l\u2019\u00e9tat fran\u00e7ais qui continue \u00e0 nier les droits des peuples, les droits linguistiques des Bretons et tente par tous les moyens de faire dispara\u00eetre les derni\u00e8res traces de notre civilisation en nous privant de notre pays, de notre langue et de notre libert\u00e9\u2026 comme l\u2019\u00e9crivait la plus grande po\u00e9tesse bretonne : Anjela Duval.<br \/>\nArfolk, par cette compilation, est le t\u00e9moin de cette libert\u00e9.<\/p>\n<p><span style=\"text-decoration: underline;\"><strong>Tracklist :<\/strong><\/span><\/p>\n<p><strong>CD1 :<\/strong><br \/>\n<strong><em>Les soeurs Goadec : Suite gavotte<\/em><\/strong><br \/>\n1- Ar montcho\u00f9 (Traditionnel)<br \/>\n2- Disul vintin pe oan savet (Traditionnel)<br \/>\n3- Ar bennerezh (Traditionnel)<\/p>\n<p>4- Hoperien : An dro (Hoperien)<br \/>\n5- Trouzerion : Larid\u00e9 \u201cKarant\u00e9\u2026 Karant\u00e9\u2026\u201d (Traditionnel)<br \/>\n6- Kouerien Sant Yann : Suite Fisel (Traditionnel\/arr Kouerien)<br \/>\n7- Namn\u00e8tes : Demi-tour \u201cPar un dimanche au soir\u201d (Traditionnel\/arr Namn\u00e8tes)<\/p>\n<p><strong><em>Pierre-Jean Motreff &amp; Loeiz Ropars : Suite gavotte<\/em><\/strong><br \/>\n8- Tamm kenta \u201cSon ar serjant major\u201d (Traditionnel)<br \/>\n9- Tamm kreiz \u201cPaseet eo gouel ar rouaned\u201d (Traditionnel)<br \/>\n10- Tamm diwezha \u201cSon ar martolod\u201d (Traditionnel)<\/p>\n<p>11- Diaouled ar menez : Valse \u201cGwezenn an avalo\u00f9\u201d (Traditionnel\/arr Diaouled ar menez)<br \/>\n12- Gwerz : Kas a-barh \u201cMalachappe\u201d (Traditionnel)<br \/>\n13- Penno\u00f9 Skoulm : Suite de rid\u00e9es (Traditionnel)<br \/>\n14- L\u2019\u00e9cho des luths : Mazurka \u201c\u00c0 Trentemoult\u201d (Traditionnel\/arr L\u2019\u00e9cho des luths)<\/p>\n<p><em><strong>Les fr\u00e8res Morvan : Suite Plinn<\/strong><\/em><br \/>\n15- Ton simpl \u201cMetig\u201d (Traditionnel)<br \/>\n16- Bal \u201cAn ti bihan war lein ar menez\u201d (Traditionnel)<br \/>\n17- Ton doubl \u201cAr verjelenn\u201d (Traditionnel)<\/p>\n<p>18- Barzaz : Gavotenn bro Pourlet (Jean-Michel Veillon\/Gilles le Bigot)<\/p>\n<p><strong>CD2 :<\/strong><br \/>\n1- Hamon Martin Quartet : Tours \u201cLa fille du grand monde\u201d (Mathieu Hamon\/Erwan Hamon\/ Arfolk Publishing)<br \/>\n2- Sonerien Du : Rond Pagan \u201cStrill strill\u201d (Traditionnel\/arr Dominique Robineau)<br \/>\n3- Karma : Larid\u00e9 8 temps (Traditionnel)<\/p>\n<p><em><strong>Suite gavotte des montagnes<\/strong><\/em><br \/>\n4- Yann-Fa\u00f1ch Kemener &amp; Valentine Colleter : Ton kenta\u00f1 \u201cAr gorventenn\u201d (Traditionnel)<br \/>\n5- Yann-Fa\u00f1ch Kemener &amp; Ifig Troadeg : Tamm kreiz \u201cUn ti bihan\u201d (Traditionnel)<br \/>\n6- Yann-Fa\u00f1ch Kemener &amp; Patrick Marie : Ton doubl \u201cAn desertour\u201d (Traditionnel)<\/p>\n<p>7- Gwenfol : Rond de Saint-Vincent \u201cLes crapoux d\u00e9collent\u201d (Jean-Pierre Andrieux\/Traditionnel)<br \/>\n8- Carr\u00e9 Manchot : Kost er hoed (Jacques Sib\u00e9ril\/Herv\u00e9 Le Lu\/arr Carr\u00e9 Manchot)<br \/>\n9- Patrice Marzin, So\u00efg Sib\u00e9ril &amp; Jean-Charles Guichen : Andro PSG (Jean-Charles Guichen\/Gaby Kerdoncuff\/So\u00efg Sib\u00e9ril)<br \/>\n10- Brou Hamon Quimbert : Rond paludier \u201cSous la feuille\u201d (Traditionnel)<br \/>\n11- Kreiz Breizh Akademi : C\u2019hayyam Polka (Erik Marchand)<br \/>\n12- Forzh Penaos : Kas a-barh \u201cKasabeach\u201d (Steven Madec\/S\u00e9bastien Carney)<\/p>\n<p><em><strong>Jean-\u00c9lie Le Goff et Jacky Le H\u00e9tet : Suite Fisel<\/strong><\/em><br \/>\n13- Ton simpl (Traditionnel\/Jean-\u00c9lie Le Goff\/Jacquy Le H\u00e9tet)<br \/>\n14- Bal (Michel Le Moine\/Jacquy Le H\u00e9tet)<br \/>\n15- Ton doubl (Traditionnel\/Jean-\u00c9lie Le Goff\/Jacquy Le H\u00e9tet)<\/p>\n<p>16- Louise Ebrel &amp; Ifig Flatres : Pachpi (Traditionnel)<br \/>\n17- Pevar Den : Skotich (Jean-Claude Riou\/Traditionnel)<br \/>\n18- Gilbert Hervieux &amp; Jacques Beauchamp : Suite de rid\u00e9es 6 temps (Traditionnel)<br \/>\n19- Filifala &amp; Roland Brou : Hanter dro \u201cJardin d\u2019amour\u201d (Traditionnel\/Yannig Noguet)<\/p>\n<p><strong>CD3 :<\/strong><br \/>\n1- Fleuves : Hanter dro (Trad\/Samson Dayou\/Emilien RObic\/Romain Duboi\/Arfolk Publishing)<br \/>\n2- Erwan Hamon, Janick Martin &amp; l\u2019Orchestre national de Bretagne : Scottish \u201cPortrait\u201d (Janick Martin\/ Arfolk Publishing)<\/p>\n<p><em><strong>Ampouailh : Suite de Loud\u00e9ac \u201cDistouff\u2019s Spirit\u201d<\/strong><\/em><br \/>\n3- Premiers ronds (Heikki Bourgault\/Micka\u00ebl Derrien\/arr Ampouailh)<br \/>\n4- Baleu (Traditionnel\/arr Ampouailh)<br \/>\n5- Deuxi\u00e8mes ronds (Traditionnel\/Thomas Lotout\/arr Ampouailh)<\/p>\n<p>6- \u2018ndiaz : Kas a-barh \u201cAn Anglezed \/ Nilopolitano\u201d (Traditionnel\/Dominguinhos\/arr \u2018ndiaz\/ Arfolk Publishing)<br \/>\n7- Kerbedig : Larid\u00e9 gavotte \u201cFest a-gren\u201d (Yannig Audran\/Romain Sponnagel\/Denis-Paul R\u00e9gnier\/Arfolk Publishing)<br \/>\n8- Skolvan : Mazurka \u201cCoquin cherche coquine\u201d (R\u00e9gis Huiban\/arr Skolvan)<\/p>\n<p><em><strong>Loened Fall : Suite Plinn<\/strong><\/em><br \/>\n9- Ton simpl \u201cAr bloavezh 1932 I\u201d (Traditionnel\/ad Marthe Vassallo, Ronan Gu\u00e9blez\/arr Loened Fall)<br \/>\n10- Bal \u201cBal du Coldu\u201d (Traditionnel\/arr Loened Fall)<br \/>\n11- Ton doubl \u201cAr bloavezh 1932 II\u201d (Traditionnel\/ad Marthe Vassallo, Ronan Gu\u00e9blez\/arr Loened Fall)<\/p>\n<p>12- Rozenn Talec &amp; Yannig Noguet : Andro \u201cAu mois de mai\u201d (Rozenn Talec\/Yannig Noguet\/ Arfolk Publishing)<br \/>\n13- Yann-Fa\u00f1ch Kemener Trio : Da\u00f1s Fisel \u201cAn disput etre ar c\u2019hernevad hag an tregeriad\u201d (Traditionnel\/arr Yann-Fa\u00f1ch Kemener, Erwann Tobie, Heikki Bourgault)<br \/>\n14- Barok : Scottish \u201cJibidi ur pri\u00f1s kornogiz\u201d (Gwenva\u00ebl Le Moal\/arr Alan Le Bozec, Ka\u00efs Rhaddouf, Lomig Le Lu, Ludovic Kernin)<br \/>\n15- Hamon Martin Quintet : Rond de Saint-Vincent \u201cVingt-sept \u00e0 la dizaine\u201d (Traditionnel\/Gilbert Hervieux\/ad Mathieu Hamon\/ Arfolk Publishing))<br \/>\n16- Eben : Cercle circassien \u201cDa\u00f1s ar bleiz\u201d (Marine Lavigne\/Julien St\u00e9venin, Jonathan Dour, Antoine Lahay\/ Arfolk Publishing)<br \/>\n17- Denez Prigent &amp; O tridal Larid\u00e9 : Tatimato (Denez Prigent\/ Thibault Niob\u00e9, Kentin Juillard\/t Yeltaz Guenneau \/ Arfolk Publishing)<\/p>","protected":false},"excerpt":{"rendered":"<p>Parcourez l&rsquo;histoire du fest-noz de 1950 \u00e0 aujourd&rsquo;hui. Plus de 70 ans de f\u00eates populaires !<\/p>","protected":false},"featured_media":6792,"template":"","meta":{"_acf_changed":false,"_et_pb_use_builder":"","_et_pb_old_content":"","_et_gb_content_width":""},"product_brand":[],"false":[58],"product_tag":[],"disponible_a_la_vente":[38],"langue":[73,72,75],"style":[76],"supports":[86],"class_list":["post-6793","product","type-product","status-publish","has-post-thumbnail","product_cat-compilation","disponible_a_la_vente-disponible-a-la-vente","langue-breton","langue-francais","langue-instrumental","style-fest-noz","supports-cd","first","instock","taxable","shipping-taxable","purchasable","product-type-simple"],"acf":[],"yoast_head":"<!-- This site is optimized with the Yoast SEO Premium plugin v24.0 (Yoast SEO v28.0) - https:\/\/yoast.com\/product\/yoast-seo-premium-wordpress\/ -->\n<title>Album de Compilation ARFOLK - FEST-NOZ (3CDs)<\/title>\n<meta name=\"description\" content=\"Retrouvez l&#039;album de Compilation ARFOLK - FEST-NOZ (3CDs). Commandez directement en ligne sur arfolk.bzh, le label discographique breton.\" \/>\n<meta name=\"robots\" content=\"index, follow, max-snippet:-1, max-image-preview:large, max-video-preview:-1\" \/>\n<link rel=\"canonical\" href=\"https:\/\/arfolk.bzh\/en\/boutique\/compilation-arfolk-fest-noz-3cds\/\" \/>\n<script type=\"application\/ld+json\" class=\"yoast-schema-graph\">{\"@context\":\"https:\\\/\\\/schema.org\",\"@graph\":[{\"@type\":\"WebPage\",\"@id\":\"https:\\\/\\\/arfolk.bzh\\\/boutique\\\/compilation-arfolk-fest-noz-3cds\\\/\",\"url\":\"https:\\\/\\\/arfolk.bzh\\\/boutique\\\/compilation-arfolk-fest-noz-3cds\\\/\",\"name\":\"Album de Compilation ARFOLK - FEST-NOZ (3CDs)\",\"isPartOf\":{\"@id\":\"https:\\\/\\\/arfolk.bzh\\\/#website\"},\"primaryImageOfPage\":{\"@id\":\"https:\\\/\\\/arfolk.bzh\\\/boutique\\\/compilation-arfolk-fest-noz-3cds\\\/#primaryimage\"},\"image\":{\"@id\":\"https:\\\/\\\/arfolk.bzh\\\/boutique\\\/compilation-arfolk-fest-noz-3cds\\\/#primaryimage\"},\"thumbnailUrl\":\"https:\\\/\\\/arfolk.bzh\\\/wp-content\\\/uploads\\\/2026\\\/07\\\/af27273f87393b1991d9dc0d4c8e485b.webp\",\"datePublished\":\"2026-07-17T21:06:51+00:00\",\"dateModified\":\"2026-09-06T00:49:55+00:00\",\"description\":\"Retrouvez l'album de Compilation ARFOLK - FEST-NOZ (3CDs). Commandez directement en ligne sur arfolk.bzh, le label discographique breton.\",\"breadcrumb\":{\"@id\":\"https:\\\/\\\/arfolk.bzh\\\/boutique\\\/compilation-arfolk-fest-noz-3cds\\\/#breadcrumb\"},\"inLanguage\":\"en-US\",\"potentialAction\":[{\"@type\":\"ReadAction\",\"target\":[\"https:\\\/\\\/arfolk.bzh\\\/boutique\\\/compilation-arfolk-fest-noz-3cds\\\/\"]}]},{\"@type\":\"ImageObject\",\"inLanguage\":\"en-US\",\"@id\":\"https:\\\/\\\/arfolk.bzh\\\/boutique\\\/compilation-arfolk-fest-noz-3cds\\\/#primaryimage\",\"url\":\"https:\\\/\\\/arfolk.bzh\\\/wp-content\\\/uploads\\\/2026\\\/07\\\/af27273f87393b1991d9dc0d4c8e485b.webp\",\"contentUrl\":\"https:\\\/\\\/arfolk.bzh\\\/wp-content\\\/uploads\\\/2026\\\/07\\\/af27273f87393b1991d9dc0d4c8e485b.webp\",\"width\":480,\"height\":480,\"caption\":\"compilation fest-noz arfolk\"},{\"@type\":\"BreadcrumbList\",\"@id\":\"https:\\\/\\\/arfolk.bzh\\\/boutique\\\/compilation-arfolk-fest-noz-3cds\\\/#breadcrumb\",\"itemListElement\":[{\"@type\":\"ListItem\",\"position\":1,\"name\":\"Accueil\",\"item\":\"https:\\\/\\\/arfolk.bzh\\\/\"},{\"@type\":\"ListItem\",\"position\":2,\"name\":\"Boutique\",\"item\":\"https:\\\/\\\/arfolk.bzh\\\/boutique\\\/\"},{\"@type\":\"ListItem\",\"position\":3,\"name\":\"Compilation ARFOLK &#8211; FEST-NOZ (3CDs)\"}]},{\"@type\":\"WebSite\",\"@id\":\"https:\\\/\\\/arfolk.bzh\\\/#website\",\"url\":\"https:\\\/\\\/arfolk.bzh\\\/\",\"name\":\"Arfolk\",\"description\":\"Label discographique sp\u00e9cialis\u00e9 dans la musique bretonne\",\"publisher\":{\"@id\":\"https:\\\/\\\/arfolk.bzh\\\/#organization\"},\"potentialAction\":[{\"@type\":\"SearchAction\",\"target\":{\"@type\":\"EntryPoint\",\"urlTemplate\":\"https:\\\/\\\/arfolk.bzh\\\/?s={search_term_string}\"},\"query-input\":{\"@type\":\"PropertyValueSpecification\",\"valueRequired\":true,\"valueName\":\"search_term_string\"}}],\"inLanguage\":\"en-US\"},{\"@type\":\"Organization\",\"@id\":\"https:\\\/\\\/arfolk.bzh\\\/#organization\",\"name\":\"Arfolk\",\"alternateName\":\"Le label de la musique bretonne\",\"url\":\"https:\\\/\\\/arfolk.bzh\\\/\",\"logo\":{\"@type\":\"ImageObject\",\"inLanguage\":\"en-US\",\"@id\":\"https:\\\/\\\/arfolk.bzh\\\/#\\\/schema\\\/logo\\\/image\\\/\",\"url\":\"https:\\\/\\\/arfolk.bzh\\\/wp-content\\\/uploads\\\/2023\\\/11\\\/cropped-logo-label-de-musique-breton-arfolf-vignette.webp\",\"contentUrl\":\"https:\\\/\\\/arfolk.bzh\\\/wp-content\\\/uploads\\\/2023\\\/11\\\/cropped-logo-label-de-musique-breton-arfolf-vignette.webp\",\"width\":512,\"height\":512,\"caption\":\"Arfolk\"},\"image\":{\"@id\":\"https:\\\/\\\/arfolk.bzh\\\/#\\\/schema\\\/logo\\\/image\\\/\"},\"sameAs\":[\"https:\\\/\\\/www.facebook.com\\\/Arfolkmusik\",\"https:\\\/\\\/www.instagram.com\\\/arfolkmusik\\\/\"]}]}<\/script>\n<!-- \/ Yoast SEO Premium plugin. -->","yoast_head_json":{"title":"Album de Compilation ARFOLK - FEST-NOZ (3CDs)","description":"Retrouvez l'album de Compilation ARFOLK - FEST-NOZ (3CDs). Commandez directement en ligne sur arfolk.bzh, le label discographique breton.","robots":{"index":"index","follow":"follow","max-snippet":"max-snippet:-1","max-image-preview":"max-image-preview:large","max-video-preview":"max-video-preview:-1"},"canonical":"https:\/\/arfolk.bzh\/en\/boutique\/compilation-arfolk-fest-noz-3cds\/","schema":{"@context":"https:\/\/schema.org","@graph":[{"@type":"WebPage","@id":"https:\/\/arfolk.bzh\/boutique\/compilation-arfolk-fest-noz-3cds\/","url":"https:\/\/arfolk.bzh\/boutique\/compilation-arfolk-fest-noz-3cds\/","name":"Album de Compilation ARFOLK - FEST-NOZ (3CDs)","isPartOf":{"@id":"https:\/\/arfolk.bzh\/#website"},"primaryImageOfPage":{"@id":"https:\/\/arfolk.bzh\/boutique\/compilation-arfolk-fest-noz-3cds\/#primaryimage"},"image":{"@id":"https:\/\/arfolk.bzh\/boutique\/compilation-arfolk-fest-noz-3cds\/#primaryimage"},"thumbnailUrl":"https:\/\/arfolk.bzh\/wp-content\/uploads\/2026\/07\/af27273f87393b1991d9dc0d4c8e485b.webp","datePublished":"2026-07-17T21:06:51+00:00","dateModified":"2026-09-06T00:49:55+00:00","description":"Retrouvez l'album de Compilation ARFOLK - FEST-NOZ (3CDs). Commandez directement en ligne sur arfolk.bzh, le label discographique breton.","breadcrumb":{"@id":"https:\/\/arfolk.bzh\/boutique\/compilation-arfolk-fest-noz-3cds\/#breadcrumb"},"inLanguage":"en-US","potentialAction":[{"@type":"ReadAction","target":["https:\/\/arfolk.bzh\/boutique\/compilation-arfolk-fest-noz-3cds\/"]}]},{"@type":"ImageObject","inLanguage":"en-US","@id":"https:\/\/arfolk.bzh\/boutique\/compilation-arfolk-fest-noz-3cds\/#primaryimage","url":"https:\/\/arfolk.bzh\/wp-content\/uploads\/2026\/07\/af27273f87393b1991d9dc0d4c8e485b.webp","contentUrl":"https:\/\/arfolk.bzh\/wp-content\/uploads\/2026\/07\/af27273f87393b1991d9dc0d4c8e485b.webp","width":480,"height":480,"caption":"compilation fest-noz arfolk"},{"@type":"BreadcrumbList","@id":"https:\/\/arfolk.bzh\/boutique\/compilation-arfolk-fest-noz-3cds\/#breadcrumb","itemListElement":[{"@type":"ListItem","position":1,"name":"Accueil","item":"https:\/\/arfolk.bzh\/"},{"@type":"ListItem","position":2,"name":"Boutique","item":"https:\/\/arfolk.bzh\/boutique\/"},{"@type":"ListItem","position":3,"name":"Compilation ARFOLK &#8211; FEST-NOZ (3CDs)"}]},{"@type":"WebSite","@id":"https:\/\/arfolk.bzh\/#website","url":"https:\/\/arfolk.bzh\/","name":"Arfolk","description":"Label discographique sp\u00e9cialis\u00e9 dans la musique bretonne","publisher":{"@id":"https:\/\/arfolk.bzh\/#organization"},"potentialAction":[{"@type":"SearchAction","target":{"@type":"EntryPoint","urlTemplate":"https:\/\/arfolk.bzh\/?s={search_term_string}"},"query-input":{"@type":"PropertyValueSpecification","valueRequired":true,"valueName":"search_term_string"}}],"inLanguage":"en-US"},{"@type":"Organization","@id":"https:\/\/arfolk.bzh\/#organization","name":"Arfolk","alternateName":"Le label de la musique bretonne","url":"https:\/\/arfolk.bzh\/","logo":{"@type":"ImageObject","inLanguage":"en-US","@id":"https:\/\/arfolk.bzh\/#\/schema\/logo\/image\/","url":"https:\/\/arfolk.bzh\/wp-content\/uploads\/2023\/11\/cropped-logo-label-de-musique-breton-arfolf-vignette.webp","contentUrl":"https:\/\/arfolk.bzh\/wp-content\/uploads\/2023\/11\/cropped-logo-label-de-musique-breton-arfolf-vignette.webp","width":512,"height":512,"caption":"Arfolk"},"image":{"@id":"https:\/\/arfolk.bzh\/#\/schema\/logo\/image\/"},"sameAs":["https:\/\/www.facebook.com\/Arfolkmusik","https:\/\/www.instagram.com\/arfolkmusik\/"]}]}},"jetpack_sharing_enabled":true,"_links":{"self":[{"href":"https:\/\/arfolk.bzh\/en\/wp-json\/wp\/v2\/product\/6793","targetHints":{"allow":["GET"]}}],"collection":[{"href":"https:\/\/arfolk.bzh\/en\/wp-json\/wp\/v2\/product"}],"about":[{"href":"https:\/\/arfolk.bzh\/en\/wp-json\/wp\/v2\/types\/product"}],"wp:featuredmedia":[{"embeddable":true,"href":"https:\/\/arfolk.bzh\/en\/wp-json\/wp\/v2\/media\/6792"}],"wp:attachment":[{"href":"https:\/\/arfolk.bzh\/en\/wp-json\/wp\/v2\/media?parent=6793"}],"wp:term":[{"taxonomy":"product_brand","embeddable":true,"href":"https:\/\/arfolk.bzh\/en\/wp-json\/wp\/v2\/product_brand?post=6793"},{"taxonomy":"product_cat","embeddable":true,"href":"https:\/\/arfolk.bzh\/en\/wp-json\/wp\/v2\/false?post=6793"},{"taxonomy":"product_tag","embeddable":true,"href":"https:\/\/arfolk.bzh\/en\/wp-json\/wp\/v2\/product_tag?post=6793"},{"taxonomy":"disponible_a_la_vente","embeddable":true,"href":"https:\/\/arfolk.bzh\/en\/wp-json\/wp\/v2\/disponible_a_la_vente?post=6793"},{"taxonomy":"langue","embeddable":true,"href":"https:\/\/arfolk.bzh\/en\/wp-json\/wp\/v2\/langue?post=6793"},{"taxonomy":"style","embeddable":true,"href":"https:\/\/arfolk.bzh\/en\/wp-json\/wp\/v2\/style?post=6793"},{"taxonomy":"supports","embeddable":true,"href":"https:\/\/arfolk.bzh\/en\/wp-json\/wp\/v2\/supports?post=6793"}],"curies":[{"name":"wp","href":"https:\/\/api.w.org\/{rel}","templated":true}]}}